
{"id":43803,"date":"2025-01-31T14:45:10","date_gmt":"2025-01-31T14:45:10","guid":{"rendered":"https:\/\/www.donausoja.org\/?page_id=43803"},"modified":"2025-06-24T13:20:15","modified_gmt":"2025-06-24T13:20:15","slug":"eit-food-program-regenerativne-poljoprivrede","status":"publish","type":"page","link":"https:\/\/www.donausoja.org\/sr\/eit-food-program-regenerativne-poljoprivrede\/","title":{"rendered":"EIT Food program regenerativne poljoprivrede"},"content":{"rendered":"<p>[et_pb_section fb_built=&#8221;1&#8243; _builder_version=&#8221;4.21.0&#8243; _module_preset=&#8221;default&#8221; background_color=&#8221;RGBA(255,255,255,0)&#8221; da_disable_devices=&#8221;off|off|off&#8221; locked=&#8221;off&#8221; global_colors_info=&#8221;{}&#8221; da_is_popup=&#8221;off&#8221; da_exit_intent=&#8221;off&#8221; da_has_close=&#8221;on&#8221; da_alt_close=&#8221;off&#8221; da_dark_close=&#8221;off&#8221; da_not_modal=&#8221;on&#8221; da_is_singular=&#8221;off&#8221; da_with_loader=&#8221;off&#8221; da_has_shadow=&#8221;on&#8221;][et_pb_row _builder_version=&#8221;4.16&#8243; _module_preset=&#8221;default&#8221; custom_padding=&#8221;130px|||||&#8221; global_colors_info=&#8221;{}&#8221;][et_pb_column type=&#8221;4_4&#8243; _builder_version=&#8221;4.16&#8243; _module_preset=&#8221;default&#8221; global_colors_info=&#8221;{}&#8221;][et_pb_text _builder_version=&#8221;4.27.4&#8243; _module_preset=&#8221;77a7a6a5-6cba-4e24-a8d7-1992b0adbe08&#8243; header_font=&#8221;Ubuntu|700|||||||&#8221; global_colors_info=&#8221;{}&#8221;]<\/p>\n<h1>EIT Food Regenerative Agriculture Programme<\/h1>\n<p>[\/et_pb_text][\/et_pb_column][\/et_pb_row][\/et_pb_section][et_pb_section fb_built=&#8221;1&#8243; _builder_version=&#8221;4.27.4&#8243; _module_preset=&#8221;default&#8221; background_color=&#8221;#F6F1E8&#8243; da_disable_devices=&#8221;off|off|off&#8221; locked=&#8221;off&#8221; global_colors_info=&#8221;{}&#8221; da_is_popup=&#8221;off&#8221; da_exit_intent=&#8221;off&#8221; da_has_close=&#8221;on&#8221; da_alt_close=&#8221;off&#8221; da_dark_close=&#8221;off&#8221; da_not_modal=&#8221;on&#8221; da_is_singular=&#8221;off&#8221; da_with_loader=&#8221;off&#8221; da_has_shadow=&#8221;on&#8221;][et_pb_row _builder_version=&#8221;4.21.0&#8243; _module_preset=&#8221;default&#8221; background_color=&#8221;#F6F1E8&#8243; custom_margin=&#8221;-50px|auto||auto||&#8221; global_colors_info=&#8221;{}&#8221;][et_pb_column type=&#8221;4_4&#8243; _builder_version=&#8221;4.21.0&#8243; _module_preset=&#8221;default&#8221; global_colors_info=&#8221;{}&#8221;][et_pb_image src=&#8221;https:\/\/www.donausoja.org\/wp-content\/uploads\/2025\/05\/Untitled-design-33.png&#8221; alt=&#8221;Logos of Donau Soja, EIT Food, and the European Union with the caption %22Co-funded by the European Union.%22&#8243; title_text=&#8221;Website-header-EIT-Food-project-2025&#8243; _builder_version=&#8221;4.27.4&#8243; _module_preset=&#8221;default&#8221; background_color=&#8221;#F6F1E8&#8243; locked=&#8221;off&#8221; global_colors_info=&#8221;{}&#8221;][\/et_pb_image][et_pb_divider show_divider=&#8221;off&#8221; _builder_version=&#8221;4.27.4&#8243; _module_preset=&#8221;default&#8221; global_colors_info=&#8221;{}&#8221;][\/et_pb_divider][\/et_pb_column][\/et_pb_row][et_pb_row _builder_version=&#8221;4.21.0&#8243; _module_preset=&#8221;default&#8221; background_color=&#8221;#F6F1E8&#8243; custom_margin=&#8221;-50px|auto||auto||&#8221; global_colors_info=&#8221;{}&#8221;][et_pb_column type=&#8221;4_4&#8243; _builder_version=&#8221;4.21.0&#8243; _module_preset=&#8221;default&#8221; global_colors_info=&#8221;{}&#8221;][et_pb_heading title=&#8221;Podr\u0161ka poljoprivrednim proizvo\u0111a\u010dima u prelasku na regenerativnu poljoprivredu&#8221; _builder_version=&#8221;4.27.4&#8243; _module_preset=&#8221;default&#8221; global_colors_info=&#8221;{}&#8221;][\/et_pb_heading][\/et_pb_column][\/et_pb_row][et_pb_row column_structure=&#8221;3_4,1_4&#8243; _builder_version=&#8221;4.21.0&#8243; _module_preset=&#8221;default&#8221; background_color=&#8221;#F6F1E8&#8243; custom_margin=&#8221;-50px|auto||auto||&#8221; global_colors_info=&#8221;{}&#8221;][et_pb_column type=&#8221;3_4&#8243; _builder_version=&#8221;4.21.0&#8243; _module_preset=&#8221;default&#8221; global_colors_info=&#8221;{}&#8221;][et_pb_text _builder_version=&#8221;4.27.4&#8243; _module_preset=&#8221;default&#8221; global_colors_info=&#8221;{}&#8221;]<\/p>\n<p>Donau Soja u saradnji sa EIT Food sprovodi projekat &#8216;EIT Food program regenerativne poljoprivrede&#8217; u periodu 2024-2026. godine na teritoriji Srbije. Ovaj program je dizajniran tako da osna\u017ei poljoprivredne proizvo\u0111a\u010de u Srbiji u primeni regenerativnih poljoprivrednih praksi. Tokom trajanja programa, proizvo\u0111a\u010di \u0107e imati priliku da u\u010destvuju u prakti\u010dnim obukama, dobiju prilago\u0111enu, individulanu savetodavnu podr\u0161ku i u\u010destvuju u edukativnim doga\u0111ajima. Cilj programa je stvaranje otpornijih, ekonomski odr\u017eivih i ekolo\u0161ki prihvatljivih poljoprivrednih sistema koji na nivou gazdinstava mogu dati odgovore na izazove kao \u0161to su klimatske promene, sigurnost u snabdevanju hranom i za\u0161tita obradivog zemlji\u0161ta.<\/p>\n<p>[\/et_pb_text][\/et_pb_column][et_pb_column type=&#8221;1_4&#8243; _builder_version=&#8221;4.21.0&#8243; _module_preset=&#8221;default&#8221; global_colors_info=&#8221;{}&#8221;][et_pb_button button_url=&#8221;#EIT-News&#8221; button_text=&#8221;Get the latest project news&#8221; _builder_version=&#8221;4.27.4&#8243; _module_preset=&#8221;default&#8221; custom_button=&#8221;on&#8221; button_text_size=&#8221;22px&#8221; button_font=&#8221;|700|||||||&#8221; button_icon=&#8221;&#x22;||divi||400&#8243; button_icon_color=&#8221;#FFFFFF&#8221; button_icon_placement=&#8221;left&#8221; button_on_hover=&#8221;off&#8221; global_colors_info=&#8221;{}&#8221;][\/et_pb_button][\/et_pb_column][\/et_pb_row][\/et_pb_section][et_pb_section fb_built=&#8221;1&#8243; _builder_version=&#8221;4.27.4&#8243; _module_preset=&#8221;default&#8221; background_color=&#8221;#FFFFFF&#8221; da_disable_devices=&#8221;off|off|off&#8221; locked=&#8221;off&#8221; global_colors_info=&#8221;{}&#8221; da_is_popup=&#8221;off&#8221; da_exit_intent=&#8221;off&#8221; da_has_close=&#8221;on&#8221; da_alt_close=&#8221;off&#8221; da_dark_close=&#8221;off&#8221; da_not_modal=&#8221;on&#8221; da_is_singular=&#8221;off&#8221; da_with_loader=&#8221;off&#8221; da_has_shadow=&#8221;on&#8221;][et_pb_row _builder_version=&#8221;4.27.4&#8243; _module_preset=&#8221;default&#8221; background_color=&#8221;RGBA(255,255,255,0)&#8221; custom_margin=&#8221;-50px|auto||auto||&#8221; global_colors_info=&#8221;{}&#8221;][et_pb_column type=&#8221;4_4&#8243; _builder_version=&#8221;4.21.0&#8243; _module_preset=&#8221;default&#8221; global_colors_info=&#8221;{}&#8221;][et_pb_heading title=&#8221;O Programu&#8221; _builder_version=&#8221;4.27.4&#8243; _module_preset=&#8221;default&#8221; title_text_color=&#8221;#3C3C3C&#8221; global_colors_info=&#8221;{}&#8221;][\/et_pb_heading][\/et_pb_column][\/et_pb_row][et_pb_row _builder_version=&#8221;4.27.4&#8243; _module_preset=&#8221;default&#8221; background_color=&#8221;RGBA(255,255,255,0)&#8221; custom_margin=&#8221;-50px|auto||auto||&#8221; global_colors_info=&#8221;{}&#8221;][et_pb_column type=&#8221;4_4&#8243; _builder_version=&#8221;4.21.0&#8243; _module_preset=&#8221;default&#8221; global_colors_info=&#8221;{}&#8221;][et_pb_text _builder_version=&#8221;4.27.4&#8243; _module_preset=&#8221;default&#8221; global_colors_info=&#8221;{}&#8221;]<\/p>\n<p>&#8216;EIT Food program regenerativne poljoprivrede&#8217; pokrenut je 2024. godine u cilju podr\u0161ke poljoprivrednim proizvo\u0111a\u010dima u primeni praksi koje regeneri\u0161u zdravlje zemlji\u0161ta, pove\u0107avaju biodiverzitet i ja\u010daju otpornost evropskog prehrambenog sistema.<\/p>\n<p>Klju\u010dni partner za implementaciju programa u Srbiji je Donau Soja, koja koordinira aktivnosti i direktno sara\u0111uje sa proizvo\u0111a\u010dima kako bi se ovaj program uspe\u0161no realizovao.<\/p>\n<p>[\/et_pb_text][et_pb_text _builder_version=&#8221;4.27.4&#8243; _module_preset=&#8221;default&#8221; global_colors_info=&#8221;{}&#8221;]<\/p>\n<h3><strong>Uticaj programa<\/strong><\/h3>\n<p>Od pokretanja 2024. godine, program je obuhvatio stotinak poljoprivrednih proizvo\u0111a\u010da. Svake godine program se nadogra\u0111uje na prethodnu &#8211; uklju\u010duju\u0107i nove u\u010desnike i produbljuju\u0107i podr\u0161ku za teku\u0107e napore prelaska na regenerativnu poljoprivredu.<\/p>\n<ul>\n<li>Godi\u0161nje obu\u010deni poljoprivredni proizvo\u0111a\u010di: 40+<\/li>\n<li>Savetodavne posete proizvo\u0111a\u010dima i njihovim gazdinstvima: 2 po poljoprivrednom proizvo\u0111a\u010du<\/li>\n<li>Terenske posete i sesije mre\u017ene saradnje izme\u0111u poljoprivrednih proizvo\u0111a\u010da<\/li>\n<li>U\u010desnici javnih doga\u0111aja: 90+ zainteresovanih strana<\/li>\n<li>Medijska pokrivenost kroz \u010dlanke, biltene i intervjue<\/li>\n<\/ul>\n<p>[\/et_pb_text][et_pb_text _builder_version=&#8221;4.27.4&#8243; _module_preset=&#8221;default&#8221; global_colors_info=&#8221;{}&#8221;]<\/p>\n<h3><strong>Struktura programa<\/strong><\/h3>\n<p>Svaka godi\u0161nja etapa programa sastoji se od pet klju\u010dnih faza realizovanih na lokalnom nivou, uskla\u0111enih sa strate\u0161kim ciljevima EIT Food-a. Poljoprivredni proizvo\u0111a\u010di unapre\u0111uju svoje znanje i ve\u0161tine kroz izgradnju kapaciteta, prilago\u0111en savetodavni program i prakti\u010dno vo\u0111enje tokom trajanja programa<\/p>\n<p>[\/et_pb_text][et_pb_toggle title=&#8221;Faza 1: Planiranje i poziv&#8221; open_toggle_background_color=&#8221;#C5DB9B&#8221; closed_toggle_text_color=&#8221;#000000&#8243; closed_toggle_background_color=&#8221;#C5DB9B&#8221; icon_color=&#8221;#3C3C3C&#8221; admin_label=&#8221;Stage 1: Planning + invitation&#8221; _builder_version=&#8221;4.27.4&#8243; _module_preset=&#8221;default&#8221; title_font=&#8221;|700|||||||&#8221; global_colors_info=&#8221;{}&#8221;]<\/p>\n<p>Godina zapo\u010dinje pripremom plana rada, koncepta obuke i lokalne strategije komunikacije. Poljoprivredni proizvo\u0111a\u010di se pozivaju i biraju za u\u010de\u0161\u0107e u sesijama obuke.<\/p>\n<p>[\/et_pb_toggle][et_pb_toggle title=&#8221;Faza 2: Obuka za poljoprivredne proizvo\u0111a\u010de&#8221; open_toggle_background_color=&#8221;#C5DB9B&#8221; closed_toggle_text_color=&#8221;#000000&#8243; closed_toggle_background_color=&#8221;#C5DB9B&#8221; icon_color=&#8221;#3C3C3C&#8221; admin_label=&#8221;Stage 2: Farmer training sessions&#8221; _builder_version=&#8221;4.27.4&#8243; _module_preset=&#8221;default&#8221; title_font=&#8221;|700|||||||&#8221; global_colors_info=&#8221;{}&#8221;]<\/p>\n<p>Minimum trideset poljoprivrednih proizvo\u0111a\u010da u\u010destvuje u dvodnevnim obukama, koje obuhvataju osnovne module kao \u0161to su zdravlje zemlji\u0161ta, raznovrsnost ekosistema, ekonomske koristi kao i prakti\u010dne uvide u rad na terenu. Cilj obuke je da opremi poljoprivredne proizvo\u0111a\u010de ve\u0161tinama potrebnim za zapo\u010dinjanje prelaska na regenerativne prakse.<\/p>\n<p>[\/et_pb_toggle][et_pb_toggle title=&#8221;Faza 3: Savetovanje i umre\u017eavanje&#8221; open_toggle_background_color=&#8221;#C5DB9B&#8221; closed_toggle_text_color=&#8221;#000000&#8243; closed_toggle_background_color=&#8221;#C5DB9B&#8221; icon_color=&#8221;#3C3C3C&#8221; admin_label=&#8221;Stage 3: Advisory and networking&#8221; _builder_version=&#8221;4.27.4&#8243; _module_preset=&#8221;default&#8221; title_font=&#8221;|700|||||||&#8221; global_colors_info=&#8221;{}&#8221;]<\/p>\n<p>Izabrani u\u010desnici dobijaju podr\u0161ku na nivou gazdinstva, uklju\u010duju\u0107i dve savetodavne posete godi\u0161nje, hemijske i biolo\u0161ke analize zemlji\u0161ta, individualni holisti\u010dki akcioni plan za primenu regenerativnih tehnika na njihovim gazdinstvima, kao i u\u010de\u0161\u0107e u sesijama usmerenim ka zajedni\u010dkim izazovima i prilikama kada su u pitanju ove prakse.<\/p>\n<p>[\/et_pb_toggle][et_pb_toggle title=&#8221;Faza 4: Javni doga\u0111aj&#8221; open_toggle_background_color=&#8221;#C5DB9B&#8221; closed_toggle_text_color=&#8221;#000000&#8243; closed_toggle_background_color=&#8221;#C5DB9B&#8221; icon_color=&#8221;#3C3C3C&#8221; admin_label=&#8221;Stage 4: Public event&#8221; _builder_version=&#8221;4.27.4&#8243; _module_preset=&#8221;default&#8221; title_font=&#8221;|700|||||||&#8221; global_colors_info=&#8221;{}&#8221;]<\/p>\n<p>Svake godine se organizuje nacionalni doga\u0111aj koji promovi\u0161e regenerativnu poljoprivredu \u0161iroj publici \u2013 uklju\u010duju\u0107i poljoprivrednike, istra\u017eiva\u010de, kompanije i donosioce odluka. Doga\u0111aj pove\u0107ava vidljivost programa i podsti\u010de dijalog unutar poljoprivrednog sektora.<\/p>\n<p>[\/et_pb_toggle][et_pb_toggle title=&#8221;Faza 5: Komunikacija i diseminacija&#8221; open_toggle_background_color=&#8221;#C5DB9B&#8221; closed_toggle_text_color=&#8221;#000000&#8243; closed_toggle_background_color=&#8221;#C5DB9B&#8221; icon_color=&#8221;#3C3C3C&#8221; admin_label=&#8221;Stage 5:  Communication and dissemination&#8221; _builder_version=&#8221;4.27.4&#8243; _module_preset=&#8221;default&#8221; title_font=&#8221;|700|||||||&#8221; global_colors_info=&#8221;{}&#8221;]<\/p>\n<p>Aktivnosti programa i uspe\u0161ne pri\u010de dele se putem lokalnih i nacionalnih medija, uklju\u010duju\u0107i online publikacije, radio, bilten\u0435 i dru\u0161tvene mre\u017ee, sa fokusom na zainteresovane strane u poljoprivredi.<\/p>\n<p>[\/et_pb_toggle][\/et_pb_column][\/et_pb_row][\/et_pb_section][et_pb_section fb_built=&#8221;1&#8243; admin_label=&#8221;Section news &#038; updates&#8221; module_id=&#8221;EIT-News&#8221; _builder_version=&#8221;4.27.4&#8243; _module_preset=&#8221;default&#8221; background_color=&#8221;#C5DB9B&#8221; da_disable_devices=&#8221;off|off|off&#8221; locked=&#8221;off&#8221; global_colors_info=&#8221;{}&#8221; da_is_popup=&#8221;off&#8221; da_exit_intent=&#8221;off&#8221; da_has_close=&#8221;on&#8221; da_alt_close=&#8221;off&#8221; da_dark_close=&#8221;off&#8221; da_not_modal=&#8221;on&#8221; da_is_singular=&#8221;off&#8221; da_with_loader=&#8221;off&#8221; da_has_shadow=&#8221;on&#8221;][et_pb_row _builder_version=&#8221;4.27.4&#8243; _module_preset=&#8221;default&#8221; background_color=&#8221;RGBA(255,255,255,0)&#8221; custom_margin=&#8221;-50px|auto||auto||&#8221; global_colors_info=&#8221;{}&#8221;][et_pb_column type=&#8221;4_4&#8243; _builder_version=&#8221;4.21.0&#8243; _module_preset=&#8221;default&#8221; global_colors_info=&#8221;{}&#8221;][et_pb_heading title=&#8221;News and updates&#8221; _builder_version=&#8221;4.27.4&#8243; _module_preset=&#8221;default&#8221; title_text_color=&#8221;#000000&#8243; global_colors_info=&#8221;{}&#8221;][\/et_pb_heading][\/et_pb_column][\/et_pb_row][et_pb_row _builder_version=&#8221;4.27.4&#8243; _module_preset=&#8221;default&#8221; background_color=&#8221;RGBA(255,255,255,0)&#8221; custom_margin=&#8221;-50px|auto||auto||&#8221; global_colors_info=&#8221;{}&#8221;][et_pb_column type=&#8221;4_4&#8243; _builder_version=&#8221;4.21.0&#8243; _module_preset=&#8221;default&#8221; global_colors_info=&#8221;{}&#8221;][et_pb_text _builder_version=&#8221;4.27.4&#8243; _module_preset=&#8221;default&#8221; global_colors_info=&#8221;{}&#8221;]<\/p>\n<p><span style=\"color: #000000;\">Stay informed about training sessions, farmer stories, public events, and project milestones.<\/span><\/p>\n<p>[\/et_pb_text][et_pb_divider show_divider=&#8221;off&#8221; _builder_version=&#8221;4.27.4&#8243; _module_preset=&#8221;default&#8221; global_colors_info=&#8221;{}&#8221;][\/et_pb_divider][et_pb_text admin_label=&#8221;upcoming events &#8221; _builder_version=&#8221;4.27.4&#8243; _module_preset=&#8221;default&#8221; global_colors_info=&#8221;{}&#8221;]<\/p>\n<h3><strong><span style=\"color: #000000;\">Upcoming events:<\/span><\/strong><\/h3>\n<p>[\/et_pb_text][et_pb_toggle title=&#8221;no upcoming events &#8211; stay tuned!&#8221; open_toggle_background_color=&#8221;#F6F1E8&#8243; closed_toggle_text_color=&#8221;#000000&#8243; closed_toggle_background_color=&#8221;#F6F1E8&#8243; icon_color=&#8221;#3C3C3C&#8221; admin_label=&#8221;upcoming events toggle&#8221; _builder_version=&#8221;4.27.4&#8243; _module_preset=&#8221;default&#8221; title_font=&#8221;|700|||||||&#8221; global_colors_info=&#8221;{}&#8221;][\/et_pb_toggle][et_pb_divider show_divider=&#8221;off&#8221; _builder_version=&#8221;4.27.4&#8243; _module_preset=&#8221;default&#8221; global_colors_info=&#8221;{}&#8221;][\/et_pb_divider][et_pb_text admin_label=&#8221;recent highlights&#8221; _builder_version=&#8221;4.27.4&#8243; _module_preset=&#8221;default&#8221; global_colors_info=&#8221;{}&#8221;]<\/p>\n<h3><strong><span style=\"color: #000000; font-size: 22px;\">Recent highlights:<\/span><\/strong><\/h3>\n<p>[\/et_pb_text][et_pb_toggle title=&#8221;2025: New cohort of farmers onboarded&#8221; open_toggle_background_color=&#8221;#F6F1E8&#8243; closed_toggle_text_color=&#8221;#000000&#8243; closed_toggle_background_color=&#8221;#F6F1E8&#8243; icon_color=&#8221;#3C3C3C&#8221; admin_label=&#8221;2025: New cohort of farmers onboarded&#8221; _builder_version=&#8221;4.27.4&#8243; _module_preset=&#8221;default&#8221; title_font=&#8221;|700|||||||&#8221; global_colors_info=&#8221;{}&#8221;]<\/p>\n<p>We\u2019ve just kicked off the second year of our collaboration with <a class=\"KAodVQZxPVgCFfibEUHDZdzpHbkqBvTheOoDw \" tabindex=\"0\" href=\"https:\/\/www.linkedin.com\/company\/eit-food-north-east\/\" target=\"_blank\" rel=\"noopener\" data-test-app-aware-link=\"\">EIT Food North-East<\/a> in Serbia!\u00a0<\/p>\n<p>More than 30 agricultural producers joined our first training session of 2025 to explore regenerative farming practices and their benefits. The <a class=\"KAodVQZxPVgCFfibEUHDZdzpHbkqBvTheOoDw \" tabindex=\"0\" href=\"https:\/\/www.linkedin.com\/company\/eit-food\/\" target=\"_blank\" rel=\"noopener\" data-test-app-aware-link=\"\">EIT Food<\/a> Regenerative Agriculture Programme equips farmers with expert knowledge, in-depth training and expert guidance on adopting regenerative principles to improve soil health and farm resilience.\u00a0<\/p>\n<p>This year, 18 selected farmers will receive free, long-term support as part of the project \u2013 including soil quality assessments, data analysis, and customised regenerative practice plans to boost farm productivity and sustainability over the next three years.\u00a0<\/p>\n<p>\u00a0Why does this matter? Healthy soils mean better yields, stronger farms, and a lower environmental footprint. And that\u2019s a win for everyone.<br \/>Check out the first training session in action <a href=\"https:\/\/www.linkedin.com\/posts\/donau-soja_donausoja-europesoya-soy-activity-7303387917144489987-8TSV?utm_source=share&amp;utm_medium=member_desktop&amp;rcm=ACoAACyudPsB7iVSAEANU4l3Q3n9LkjpZdozFTE\" target=\"_blank\" rel=\"noopener\">here<\/a>.<\/p>\n<p><a href=\"https:\/\/www.linkedin.com\/posts\/donau-soja_donausoja-europesoya-soya-activity-7304789622260170752-zHmt?utm_source=share&amp;utm_medium=member_desktop&amp;rcm=ACoAACyudPsB7iVSAEANU4l3Q3n9LkjpZdozFTE\" target=\"_blank\" rel=\"noopener\"><img loading=\"lazy\" decoding=\"async\" class=\"wp-image-57397 size-medium alignleft\" src=\"https:\/\/www.donausoja.org\/wp-content\/uploads\/2025\/05\/1741597559250-300x169.jpg\" alt=\"\" width=\"300\" height=\"169\" \/><\/a> <a href=\"https:\/\/www.linkedin.com\/posts\/donau-soja_donausoja-europesoya-soy-activity-7303387917144489987-8TSV?utm_source=share&amp;utm_medium=member_desktop&amp;rcm=ACoAACyudPsB7iVSAEANU4l3Q3n9LkjpZdozFTE\" target=\"_blank\" rel=\"noopener\"><img loading=\"lazy\" decoding=\"async\" class=\"wp-image-57402 size-medium alignleft\" src=\"https:\/\/www.donausoja.org\/wp-content\/uploads\/2025\/05\/1741263366550-300x173.jpg\" alt=\"\" width=\"300\" height=\"173\" \/><\/a><\/p>\n<p>[\/et_pb_toggle][et_pb_toggle title=&#8221;2024: Public event&#8221; open_toggle_background_color=&#8221;#F6F1E8&#8243; closed_toggle_text_color=&#8221;#000000&#8243; closed_toggle_background_color=&#8221;#F6F1E8&#8243; icon_color=&#8221;#3C3C3C&#8221; admin_label=&#8221;2024: Public event&#8221; _builder_version=&#8221;4.27.4&#8243; _module_preset=&#8221;default&#8221; title_font=&#8221;|700|||||||&#8221; global_colors_info=&#8221;{}&#8221;]<\/p>\n<p>05.11.2024: We\u2019re excited to kick off the first regional conference, \u201cReady for New EU Regulations: The Perspective of Regenerative Agriculture,\u201d in Novi Sad, in partnership with <a class=\"KAodVQZxPVgCFfibEUHDZdzpHbkqBvTheOoDw \" tabindex=\"0\" href=\"https:\/\/www.linkedin.com\/company\/eit-food\/\" target=\"_blank\" rel=\"noopener\" data-test-app-aware-link=\"\">EIT Food<\/a> as part of the EIT Food Regenerative Agriculture Program!<\/p>\n<p>With EIT Food&#8217;s support and our shared vision, we\u2019re addressing the challenges posed by new EU regulations, discussing how regenerative practices can lead to climate neutrality, and focusing on the restoration of our most valuable resources\u2014soil, water, air, and the environment.<\/p>\n<p>We\u2019re thrilled to have agricultural producers, processors, agri-food companies, media, scientists, NGOs, banks, and donors all in one place. This collaboration underscores the importance of tackling these issues together.<br \/>Donau Soja stands as your reliable partner on this journey, supporting you in your continuous development to align with the latest EU ESG standards and promoting regenerative practices.<\/p>\n<p>Get more inforamtion and see impressions from the event <a href=\"https:\/\/www.linkedin.com\/posts\/donau-soja_donausoja-europesoya-regenerativeagriculture-activity-7259563517823832065-c3Qq?utm_source=share&amp;utm_medium=member_desktop&amp;rcm=ACoAACyudPsB7iVSAEANU4l3Q3n9LkjpZdozFTE\" target=\"_blank\" rel=\"noopener\">here<\/a>.<\/p>\n<p>A huge thank you to our speakers and panelists &#8211; <a id=\"ember40\" class=\"ember-view\" href=\"https:\/\/www.linkedin.com\/in\/christoph-m%C3%BCller-b1598b15b\/\" target=\"_blank\" rel=\"noopener\">Christoph M\u00fcller<\/a>, <a id=\"ember41\" class=\"ember-view\" href=\"https:\/\/www.linkedin.com\/in\/jovana-djisalov-501a121ba\/\" target=\"_blank\" rel=\"noopener\">Jovana Djisalov<\/a>, <a id=\"ember42\" class=\"ember-view\" href=\"https:\/\/www.linkedin.com\/in\/mirjana-lalo%C5%A1evi%C4%87-673896232\/\" target=\"_blank\" rel=\"noopener\">Mirjana Lalo\u0161evi\u0107<\/a> (Donau Soja), <a id=\"ember43\" class=\"ember-view\" href=\"https:\/\/www.linkedin.com\/in\/karol-siewruk\/\" target=\"_blank\" rel=\"noopener\">Karol Siewruk<\/a> (<a class=\"KAodVQZxPVgCFfibEUHDZdzpHbkqBvTheOoDw \" tabindex=\"0\" href=\"https:\/\/www.linkedin.com\/company\/ag-em-agency\/\" target=\"_blank\" rel=\"noopener\" data-test-app-aware-link=\"\">Ag&#8217;em Agency<\/a>), <a id=\"ember44\" class=\"ember-view\" href=\"https:\/\/www.linkedin.com\/in\/danijel-jug-54525596\/\" target=\"_blank\" rel=\"noopener\">Danijel Jug<\/a> (<a id=\"ember45\" class=\"ember-view\" href=\"https:\/\/www.linkedin.com\/in\/agrogit-fakultet-agrobiotehni%C4%8Dkih-znanosti-osijek-163448225\/\" target=\"_blank\" rel=\"noopener\">AgroGIT &#8211; Fakultet agrobiotehni\u010dkih znanosti Osijek<\/a>), <a id=\"ember46\" class=\"ember-view\" href=\"https:\/\/www.linkedin.com\/in\/marko-bojin-8ab908203\/\" target=\"_blank\" rel=\"noopener\">Marko Bojin<\/a> (<a class=\"KAodVQZxPVgCFfibEUHDZdzpHbkqBvTheOoDw \" tabindex=\"0\" href=\"https:\/\/www.linkedin.com\/company\/geneza-air-drying-plant\/\" target=\"_blank\" rel=\"noopener\" data-test-app-aware-link=\"\">GENEZA air-drying plant<\/a>), <a id=\"ember47\" class=\"ember-view\" href=\"https:\/\/www.linkedin.com\/in\/stanko-kerkez-97464925\/\" target=\"_blank\" rel=\"noopener\">Stanko Kerkez<\/a> (<a class=\"KAodVQZxPVgCFfibEUHDZdzpHbkqBvTheOoDw \" tabindex=\"0\" href=\"https:\/\/www.linkedin.com\/company\/dtd-agrar\/\" target=\"_blank\" rel=\"noopener\" data-test-app-aware-link=\"\">DTD Agrar <\/a>), Alexander Kitev (<a class=\"KAodVQZxPVgCFfibEUHDZdzpHbkqBvTheOoDw \" tabindex=\"0\" href=\"https:\/\/www.linkedin.com\/company\/association-of-bulgarian-no-tillers-regenerative-farmers-abnt\/\" target=\"_blank\" rel=\"noopener\" data-test-app-aware-link=\"\">Association of Bulgarian No-Tillers &amp; Regenerative Farmers | ABNT<\/a>), and <a id=\"ember48\" class=\"ember-view\" href=\"https:\/\/www.linkedin.com\/in\/ivanka-stojnic-93a28499\/\" target=\"_blank\" rel=\"noopener\">Ivanka Stojnic<\/a> (<a id=\"ember49\" class=\"ember-view\" href=\"https:\/\/www.linkedin.com\/in\/nestle-serbia-514993bb\/\" target=\"_blank\" rel=\"noopener\">Nestle Serbia<\/a>) &#8211; for sharing their invaluable insights and experience!<\/p>\n<p><a href=\"https:\/\/www.linkedin.com\/posts\/donau-soja_donausoja-europesoya-regenerativeagriculture-activity-7259563517823832065-c3Qq?utm_source=share&amp;utm_medium=member_desktop&amp;rcm=ACoAACyudPsB7iVSAEANU4l3Q3n9LkjpZdozFTE\" target=\"_blank\" rel=\"noopener\"><img loading=\"lazy\" decoding=\"async\" class=\"alignleft wp-image-57386 size-medium\" src=\"https:\/\/www.donausoja.org\/wp-content\/uploads\/2025\/05\/Media-16-300x169.jpg\" alt=\"\" width=\"300\" height=\"169\" \/><\/a><\/p>\n<p>[\/et_pb_toggle][et_pb_toggle title=&#8221;2024: Advisory visits and first field samples collected&#8221; open_toggle_background_color=&#8221;#F6F1E8&#8243; closed_toggle_text_color=&#8221;#000000&#8243; closed_toggle_background_color=&#8221;#F6F1E8&#8243; icon_color=&#8221;#3C3C3C&#8221; admin_label=&#8221;2024: Advisory visits and first field samples collected&#8221; _builder_version=&#8221;4.27.4&#8243; _module_preset=&#8221;default&#8221; title_font=&#8221;|700|||||||&#8221; global_colors_info=&#8221;{}&#8221;][\/et_pb_toggle][et_pb_toggle title=&#8221;2024: First training sessions successfully held in Serbia &#8221; open_toggle_background_color=&#8221;#F6F1E8&#8243; closed_toggle_text_color=&#8221;#000000&#8243; closed_toggle_background_color=&#8221;#F6F1E8&#8243; icon_color=&#8221;#3C3C3C&#8221; admin_label=&#8221;2024: First training sessions successfully held in Serbia &#8221; _builder_version=&#8221;4.27.4&#8243; _module_preset=&#8221;default&#8221; title_font=&#8221;|700|||||||&#8221; global_colors_info=&#8221;{}&#8221;]<\/p>\n<p>16.04.2024: Exciting training happening in Serbia!<\/p>\n<p>We have just kicked off our project with EIT Food with our first training session! More than 30 agricultural producers attended this session to learn more about regenerative practices.<\/p>\n<p>Today on the second day of the training session we are in the fields &#8211; check out pictures from the training session <a href=\"https:\/\/www.linkedin.com\/posts\/donau-soja_donausoja-europesoya-regenerativeagriculture-activity-7185952456458063872-LB-g?utm_source=share&amp;utm_medium=member_desktop&amp;rcm=ACoAACyudPsB7iVSAEANU4l3Q3n9LkjpZdozFTE\" target=\"_blank\" rel=\"noopener\">here<\/a>.<\/p>\n<p>The &#8216;EIT Food Regenerative Agriculture Programme&#8217; offers a comprehensive training and advisory programme to help farmers learn about the principles of regenerative agriculture and how to apply them on their farms.<\/p>\n<p>As part of the project, six selected agricultural producers will receive free support over the next three years, including soil quality analysis, results analysis, and a plan for implementing regenerative practices tailored specifically to the selected farm.<\/p>\n<p><a href=\"https:\/\/www.linkedin.com\/posts\/donau-soja_donausoja-europesoya-regenerativeagriculture-activity-7185952456458063872-LB-g?utm_source=share&amp;utm_medium=member_desktop&amp;rcm=ACoAACyudPsB7iVSAEANU4l3Q3n9LkjpZdozFTE\" target=\"_blank\" rel=\"noopener\"><img loading=\"lazy\" decoding=\"async\" class=\"alignleft wp-image-41148 size-large\" src=\"https:\/\/www.donausoja.org\/wp-content\/uploads\/2024\/03\/Agenda-EN-Final-1-1024x717.png\" alt=\"\" width=\"1024\" height=\"717\" srcset=\"https:\/\/www.donausoja.org\/wp-content\/uploads\/2024\/03\/Agenda-EN-Final-1-980x686.png 980w, https:\/\/www.donausoja.org\/wp-content\/uploads\/2024\/03\/Agenda-EN-Final-1-480x336.png 480w\" sizes=\"(min-width: 0px) and (max-width: 480px) 480px, (min-width: 481px) and (max-width: 980px) 980px, (min-width: 981px) 1024px, 100vw\" \/><\/a><\/p>\n<p>[\/et_pb_toggle][et_pb_toggle title=&#8221;2024: Start of the programme&#8221; open_toggle_background_color=&#8221;#F6F1E8&#8243; closed_toggle_text_color=&#8221;#000000&#8243; closed_toggle_background_color=&#8221;#F6F1E8&#8243; icon_color=&#8221;#3C3C3C&#8221; admin_label=&#8221;2024: Start of the programme&#8221; _builder_version=&#8221;4.27.4&#8243; _module_preset=&#8221;default&#8221; title_font=&#8221;|700|||||||&#8221; global_colors_info=&#8221;{}&#8221;]<\/p>\n<p><strong>In collaboration with Donau Soja, EIT Food enables agricultural producers from the territory of the Republic of Serbia to participate in the \u2018EIT Food Regenerative Agriculture Programme\u2019.<\/strong><\/p>\n<p>We invite farmers to apply via the <a href=\"https:\/\/3if58b0eoje.typeform.com\/to\/TlnMTLL3\">registration link.<\/a><\/p>\n<p>Since the number of places is limited, selected agricultural producers will be informed by 10.04.2024. about their participation in the training. If you need assistance with filling out the registration form or have additional questions about the training, please call: +381 63 111 5136.<\/p>\n<p><img loading=\"lazy\" decoding=\"async\" class=\"alignleft wp-image-41443 size-full\" src=\"https:\/\/www.donausoja.org\/wp-content\/uploads\/2024\/04\/EIT-Food-project-Serbia.png\" alt=\"\" width=\"800\" height=\"500\" srcset=\"https:\/\/www.donausoja.org\/wp-content\/uploads\/2024\/04\/EIT-Food-project-Serbia.png 800w, https:\/\/www.donausoja.org\/wp-content\/uploads\/2024\/04\/EIT-Food-project-Serbia-480x300.png 480w\" sizes=\"(min-width: 0px) and (max-width: 480px) 480px, (min-width: 481px) 800px, 100vw\" \/><\/p>\n<p>[\/et_pb_toggle][et_pb_text _builder_version=&#8221;4.27.4&#8243; _module_preset=&#8221;default&#8221; global_colors_info=&#8221;{}&#8221;]<\/p>\n<p><em>This section will be continuously updated. Status: 14.05.2025<\/em><\/p>\n<p>[\/et_pb_text][\/et_pb_column][\/et_pb_row][\/et_pb_section][et_pb_section fb_built=&#8221;1&#8243; admin_label=&#8221;Section contact&#8221; _builder_version=&#8221;4.27.4&#8243; _module_preset=&#8221;default&#8221; background_color=&#8221;#F6F1E8&#8243; da_disable_devices=&#8221;off|off|off&#8221; locked=&#8221;off&#8221; global_colors_info=&#8221;{}&#8221; da_is_popup=&#8221;off&#8221; da_exit_intent=&#8221;off&#8221; da_has_close=&#8221;on&#8221; da_alt_close=&#8221;off&#8221; da_dark_close=&#8221;off&#8221; da_not_modal=&#8221;on&#8221; da_is_singular=&#8221;off&#8221; da_with_loader=&#8221;off&#8221; da_has_shadow=&#8221;on&#8221;][et_pb_row _builder_version=&#8221;4.27.4&#8243; _module_preset=&#8221;default&#8221; background_color=&#8221;RGBA(255,255,255,0)&#8221; custom_margin=&#8221;-50px|auto||auto||&#8221; global_colors_info=&#8221;{}&#8221;][et_pb_column type=&#8221;4_4&#8243; _builder_version=&#8221;4.21.0&#8243; _module_preset=&#8221;default&#8221; global_colors_info=&#8221;{}&#8221;][et_pb_heading title=&#8221;Contact and further information&#8221; _builder_version=&#8221;4.27.4&#8243; _module_preset=&#8221;default&#8221; title_text_color=&#8221;#000000&#8243; global_colors_info=&#8221;{}&#8221;][\/et_pb_heading][et_pb_text _builder_version=&#8221;4.27.4&#8243; _module_preset=&#8221;default&#8221; global_colors_info=&#8221;{}&#8221;]<\/p>\n<p>Would you like to learn more about the \u2018EIT Food Regenerative Agriculture Programme\u2019 or connect with our team?<\/p>\n<p>[\/et_pb_text][\/et_pb_column][\/et_pb_row][et_pb_row column_structure=&#8221;1_4,3_4&#8243; _builder_version=&#8221;4.27.4&#8243; _module_preset=&#8221;default&#8221; background_color=&#8221;RGBA(255,255,255,0)&#8221; custom_margin=&#8221;-50px|auto||auto||&#8221; global_colors_info=&#8221;{}&#8221;][et_pb_column type=&#8221;1_4&#8243; _builder_version=&#8221;4.21.0&#8243; _module_preset=&#8221;default&#8221; global_colors_info=&#8221;{}&#8221;][et_pb_image src=&#8221;https:\/\/www.donausoja.org\/wp-content\/uploads\/2025\/05\/Mirjana-Lalosevic-square-portrait-EIT-food-webpage.png&#8221; alt=&#8221;Portrait of a woman in a white shirt with long straight blonde hair, standing with folded arms against a light grey background.&#8221; title_text=&#8221;Mirjana-Lalosevic-square-portrait-EIT-food-webpage&#8221; _builder_version=&#8221;4.27.4&#8243; _module_preset=&#8221;default&#8221; global_colors_info=&#8221;{}&#8221;][\/et_pb_image][\/et_pb_column][et_pb_column type=&#8221;3_4&#8243; _builder_version=&#8221;4.21.0&#8243; _module_preset=&#8221;default&#8221; global_colors_info=&#8221;{}&#8221;][et_pb_text _builder_version=&#8221;4.27.4&#8243; _module_preset=&#8221;default&#8221; global_colors_info=&#8221;{}&#8221;]<\/p>\n<p>&nbsp;<\/p>\n<p><strong>Mirjana Lalosevic<\/strong><br \/>Agro Manager<br \/><a href=\"mailto:lalosevic@donausoja.org\">lalosevic@donausoja.org<\/a><br \/>+ 381 (0) 63 111 51 36<\/p>\n<p>[\/et_pb_text][\/et_pb_column][\/et_pb_row][\/et_pb_section][et_pb_section fb_built=&#8221;1&#8243; _builder_version=&#8221;4.21.0&#8243; _module_preset=&#8221;default&#8221; background_color=&#8221;RGBA(255,255,255,0)&#8221; da_disable_devices=&#8221;off|off|off&#8221; locked=&#8221;off&#8221; global_colors_info=&#8221;{}&#8221; collapsed=&#8221;on&#8221; disabled_on=&#8221;on|on|on&#8221; disabled=&#8221;on&#8221; da_is_popup=&#8221;off&#8221; da_exit_intent=&#8221;off&#8221; da_has_close=&#8221;on&#8221; da_alt_close=&#8221;off&#8221; da_dark_close=&#8221;off&#8221; da_not_modal=&#8221;on&#8221; da_is_singular=&#8221;off&#8221; da_with_loader=&#8221;off&#8221; da_has_shadow=&#8221;on&#8221;][et_pb_row _builder_version=&#8221;4.16&#8243; _module_preset=&#8221;default&#8221; custom_padding=&#8221;130px|||||&#8221; global_colors_info=&#8221;{}&#8221;][et_pb_column type=&#8221;4_4&#8243; _builder_version=&#8221;4.16&#8243; _module_preset=&#8221;default&#8221; global_colors_info=&#8221;{}&#8221;][et_pb_text _builder_version=&#8221;4.21.0&#8243; _module_preset=&#8221;77a7a6a5-6cba-4e24-a8d7-1992b0adbe08&#8243; header_font=&#8221;Ubuntu|700|||||||&#8221; global_colors_info=&#8221;{}&#8221;]<\/p>\n<h1>EIT Food program regenerativne poljoprivrede<\/h1>\n<p>[\/et_pb_text][\/et_pb_column][\/et_pb_row][\/et_pb_section][et_pb_section fb_built=&#8221;1&#8243; _builder_version=&#8221;4.21.0&#8243; _module_preset=&#8221;default&#8221; background_color=&#8221;#C5DB9B&#8221; da_disable_devices=&#8221;off|off|off&#8221; global_colors_info=&#8221;{}&#8221; collapsed=&#8221;on&#8221; disabled_on=&#8221;on|on|on&#8221; disabled=&#8221;on&#8221; da_is_popup=&#8221;off&#8221; da_exit_intent=&#8221;off&#8221; da_has_close=&#8221;on&#8221; da_alt_close=&#8221;off&#8221; da_dark_close=&#8221;off&#8221; da_not_modal=&#8221;on&#8221; da_is_singular=&#8221;off&#8221; da_with_loader=&#8221;off&#8221; da_has_shadow=&#8221;on&#8221;][et_pb_row column_structure=&#8221;1_3,1_3,1_3&#8243; _builder_version=&#8221;4.27.3&#8243; _module_preset=&#8221;default&#8221; background_color=&#8221;#F6F1E8&#8243; global_colors_info=&#8221;{}&#8221;][et_pb_column type=&#8221;1_3&#8243; _builder_version=&#8221;4.27.3&#8243; _module_preset=&#8221;default&#8221; global_colors_info=&#8221;{}&#8221;][et_pb_image src=&#8221;https:\/\/www.donausoja.org\/wp-content\/uploads\/2024\/06\/DS-logo_transparent.png&#8221; title_text=&#8221;DS logo_transparent&#8221; force_fullwidth=&#8221;on&#8221; _builder_version=&#8221;4.27.3&#8243; _module_preset=&#8221;default&#8221; global_colors_info=&#8221;{}&#8221;][\/et_pb_image][\/et_pb_column][et_pb_column type=&#8221;1_3&#8243; _builder_version=&#8221;4.27.3&#8243; _module_preset=&#8221;default&#8221; global_colors_info=&#8221;{}&#8221;][et_pb_image src=&#8221;https:\/\/www.donausoja.org\/wp-content\/uploads\/2025\/02\/part_eit_T.png&#8221; title_text=&#8221;part_eit_T&#8221; force_fullwidth=&#8221;on&#8221; _builder_version=&#8221;4.27.3&#8243; _module_preset=&#8221;default&#8221; global_colors_info=&#8221;{}&#8221;][\/et_pb_image][\/et_pb_column][et_pb_column type=&#8221;1_3&#8243; _builder_version=&#8221;4.27.3&#8243; _module_preset=&#8221;default&#8221; global_colors_info=&#8221;{}&#8221;][et_pb_image src=&#8221;https:\/\/www.donausoja.org\/wp-content\/uploads\/2025\/02\/EN_Co-fundedbytheEU_RGB_POS.png&#8221; title_text=&#8221;EN_Co-fundedbytheEU_RGB_POS&#8221; force_fullwidth=&#8221;on&#8221; _builder_version=&#8221;4.27.3&#8243; _module_preset=&#8221;default&#8221; custom_padding=&#8221;70px||||false|false&#8221; custom_padding_tablet=&#8221;0px||||false|false&#8221; custom_padding_phone=&#8221;0px||||false|false&#8221; custom_padding_last_edited=&#8221;on|phone&#8221; global_colors_info=&#8221;{}&#8221;][\/et_pb_image][\/et_pb_column][\/et_pb_row][\/et_pb_section][et_pb_section fb_built=&#8221;1&#8243; admin_label=&#8221;copied from organic stand&#8221; module_id=&#8221;SVEs&#8221; _builder_version=&#8221;4.27.3&#8243; _module_preset=&#8221;default&#8221; background_color=&#8221;#C5DB9B&#8221; custom_margin=&#8221;0px||||false|false&#8221; custom_padding=&#8221;0px||||false|false&#8221; da_disable_devices=&#8221;off|off|off&#8221; locked=&#8221;off&#8221; global_colors_info=&#8221;{}&#8221; collapsed=&#8221;on&#8221; disabled_on=&#8221;on|on|on&#8221; disabled=&#8221;on&#8221; da_is_popup=&#8221;off&#8221; da_exit_intent=&#8221;off&#8221; da_has_close=&#8221;on&#8221; da_alt_close=&#8221;off&#8221; da_dark_close=&#8221;off&#8221; da_not_modal=&#8221;on&#8221; da_is_singular=&#8221;off&#8221; da_with_loader=&#8221;off&#8221; da_has_shadow=&#8221;on&#8221;][et_pb_row use_custom_gutter=&#8221;on&#8221; gutter_width=&#8221;1&#8243; make_equal=&#8221;on&#8221; custom_padding_last_edited=&#8221;off|desktop&#8221; admin_label=&#8221;Zeile &#8211; SVE Donau Soja&#8221; module_id=&#8221;SVEs&#8221; _builder_version=&#8221;4.27.3&#8243; _module_preset=&#8221;default&#8221; custom_margin=&#8221;|auto||auto|false|false&#8221; custom_padding=&#8221;||||false|false&#8221; global_colors_info=&#8221;{}&#8221;][et_pb_column type=&#8221;4_4&#8243; _builder_version=&#8221;4.16&#8243; _module_preset=&#8221;default&#8221; background_color=&#8221;#F6F1E8&#8243; custom_padding=&#8221;10px|20px|10px|20px|false|false&#8221; global_colors_info=&#8221;{}&#8221;][et_pb_text admin_label=&#8221;uvod&#8221; _builder_version=&#8221;4.25.2&#8243; _module_preset=&#8221;77a7a6a5-6cba-4e24-a8d7-1992b0adbe08&#8243; global_colors_info=&#8221;{}&#8221;]<\/p>\n<p>Po\u010detak 2024. godine za Donau Soja udru\u017eenje obele\u017een je zapo\u010dinjanjem saradnje sa EIT Food organizacijom, koja je deo Evropskog instituta za inovacije i tehnologiju (EIT) \u2013 nezavisnog tela Evropske unije osnovanog 2008. Cilj EIT Food-a je da stvori i promovi\u0161e okru\u017eenje pogodno za inovacije i preduzetni\u0161tvo \u0161irom Evrope.<\/p>\n<p>U naredne tri godine, Donau Soja udru\u017eenje u saradnji sa EIT Food-om sprovodi\u0107e projekat pod nazivom &#8220;EIT Food program regenerativne poljoprivrede&#8221; u Srbiji sa na\u0161im poljoprivrednim proizvo\u0111a\u010dima.<\/p>\n<p>[\/et_pb_text][\/et_pb_column][\/et_pb_row][\/et_pb_section][et_pb_section fb_built=&#8221;1&#8243; admin_label=&#8221;copied from organic stand&#8221; module_id=&#8221;SVEs&#8221; _builder_version=&#8221;4.21.0&#8243; _module_preset=&#8221;default&#8221; background_color=&#8221;#C5DB9B&#8221; min_height=&#8221;203.2px&#8221; custom_margin=&#8221;-36px|||||&#8221; custom_padding=&#8221;0px||1px|||&#8221; da_disable_devices=&#8221;off|off|off&#8221; locked=&#8221;off&#8221; global_colors_info=&#8221;{}&#8221; collapsed=&#8221;on&#8221; disabled_on=&#8221;on|on|on&#8221; disabled=&#8221;on&#8221; da_is_popup=&#8221;off&#8221; da_exit_intent=&#8221;off&#8221; da_has_close=&#8221;on&#8221; da_alt_close=&#8221;off&#8221; da_dark_close=&#8221;off&#8221; da_not_modal=&#8221;on&#8221; da_is_singular=&#8221;off&#8221; da_with_loader=&#8221;off&#8221; da_has_shadow=&#8221;on&#8221;][et_pb_row use_custom_gutter=&#8221;on&#8221; gutter_width=&#8221;1&#8243; make_equal=&#8221;on&#8221; admin_label=&#8221;Zeile &#8211; SVE Donau Soja&#8221; module_id=&#8221;SVEs&#8221; _builder_version=&#8221;4.21.0&#8243; _module_preset=&#8221;default&#8221; custom_margin=&#8221;-4px|auto||auto||&#8221; global_colors_info=&#8221;{}&#8221;][et_pb_column type=&#8221;4_4&#8243; _builder_version=&#8221;4.16&#8243; _module_preset=&#8221;default&#8221; background_color=&#8221;#F6F1E8&#8243; custom_padding=&#8221;10px|20px|10px|20px|false|false&#8221; global_colors_info=&#8221;{}&#8221;][et_pb_text admin_label=&#8221;program&#8221; _builder_version=&#8221;4.25.2&#8243; _module_preset=&#8221;77a7a6a5-6cba-4e24-a8d7-1992b0adbe08&#8243; global_colors_info=&#8221;{}&#8221;]<\/p>\n<p>Projekat \u201eEIT Food program regenerativne poljoprivrede\u201c nudi sveobuhvatan sistem obuka i savetovanja namenjenih poljoprivrednim proizvo\u0111a\u010dima na teritoriji na\u0161e zemlje. Radi se o sticanju znanja o principima regenerativne poljoprivrede i njihovoj daljoj primeni na poljoprivrednim gazdinstvima. Ovo je zna\u010dajna prilika da poljoprivredni prozvo\u0111a\u010di unaprede produktivnost i profitabilnost svoje proizvodnje \u010duvaju\u0107i zemlji\u0161te i \u017eivotnu sredinu kao i da i naprave korak napred ka smanjenu emisije gasova koji prouzrokuju efekat staklene ba\u0161te.<\/p>\n<p>[\/et_pb_text][\/et_pb_column][\/et_pb_row][\/et_pb_section][et_pb_section fb_built=&#8221;1&#8243; admin_label=&#8221;copied from organic stand&#8221; module_id=&#8221;SVEs&#8221; _builder_version=&#8221;4.21.0&#8243; _module_preset=&#8221;default&#8221; background_color=&#8221;#C5DB9B&#8221; custom_margin=&#8221;-40px|||||&#8221; custom_padding=&#8221;5px||1px|||&#8221; da_disable_devices=&#8221;off|off|off&#8221; locked=&#8221;off&#8221; global_colors_info=&#8221;{}&#8221; collapsed=&#8221;on&#8221; disabled_on=&#8221;on|on|on&#8221; disabled=&#8221;on&#8221; da_is_popup=&#8221;off&#8221; da_exit_intent=&#8221;off&#8221; da_has_close=&#8221;on&#8221; da_alt_close=&#8221;off&#8221; da_dark_close=&#8221;off&#8221; da_not_modal=&#8221;on&#8221; da_is_singular=&#8221;off&#8221; da_with_loader=&#8221;off&#8221; da_has_shadow=&#8221;on&#8221;][et_pb_row use_custom_gutter=&#8221;on&#8221; gutter_width=&#8221;1&#8243; make_equal=&#8221;on&#8221; admin_label=&#8221;Zeile &#8211; SVE Donau Soja&#8221; module_id=&#8221;SVEs&#8221; _builder_version=&#8221;4.21.0&#8243; _module_preset=&#8221;default&#8221; custom_margin=&#8221;-4px|auto||auto||&#8221; custom_padding=&#8221;29px|||||&#8221; global_colors_info=&#8221;{}&#8221;][et_pb_column type=&#8221;4_4&#8243; _builder_version=&#8221;4.16&#8243; _module_preset=&#8221;default&#8221; background_color=&#8221;#F6F1E8&#8243; custom_padding=&#8221;10px|20px|10px|20px|false|false&#8221; global_colors_info=&#8221;{}&#8221;][et_pb_text admin_label=&#8221;\u0160ta je regenerativna poljoprivreda?&#8221; _builder_version=&#8221;4.25.2&#8243; _module_preset=&#8221;77a7a6a5-6cba-4e24-a8d7-1992b0adbe08&#8243; global_colors_info=&#8221;{}&#8221;]<\/p>\n<h2>\u0160ta je regenerativna poljoprivreda i za\u0161to je ona zna\u010dajna?<\/h2>\n<p>Pojam &#8220;regenerativna poljoprivreda&#8221; sve \u010de\u0161\u0107e se \u010duje na na\u0161im prostorima, me\u0111utim ne postoji univerzalna definicija ovog koncepta. Regenerativna poljoprivreda predstavlja koncept koji obuhvata prakse sa primarnim ciljem o\u010duvanja zemlji\u0161ta, voda, biodiverziteta i \u017eivotne sredine.\u00a0 Ona nudi sveobuhvatan sistem obuka i savetovanja namenjenih poljoprivrednim proizvo\u0111a\u010dima na teritoriji na\u0161e zemlje. Ovaj koncept isti\u010de va\u017enost zdrave interakcije izme\u0111u biljaka, \u017eivotinja i mikroorganizama, te te\u017ei postizanju ravnote\u017ee izme\u0111u proizvodnje hrane i o\u010duvanja prirodnih resursa.<\/p>\n<p>[\/et_pb_text][\/et_pb_column][\/et_pb_row][\/et_pb_section][et_pb_section fb_built=&#8221;1&#8243; admin_label=&#8221;copied from organic stand&#8221; module_id=&#8221;SVEs&#8221; _builder_version=&#8221;4.21.0&#8243; _module_preset=&#8221;default&#8221; background_color=&#8221;#C5DB9B&#8221; custom_margin=&#8221;-36px|||||&#8221; custom_padding=&#8221;2px||1px|||&#8221; da_disable_devices=&#8221;off|off|off&#8221; locked=&#8221;off&#8221; global_colors_info=&#8221;{}&#8221; collapsed=&#8221;on&#8221; disabled_on=&#8221;on|on|on&#8221; disabled=&#8221;on&#8221; da_is_popup=&#8221;off&#8221; da_exit_intent=&#8221;off&#8221; da_has_close=&#8221;on&#8221; da_alt_close=&#8221;off&#8221; da_dark_close=&#8221;off&#8221; da_not_modal=&#8221;on&#8221; da_is_singular=&#8221;off&#8221; da_with_loader=&#8221;off&#8221; da_has_shadow=&#8221;on&#8221;][et_pb_row use_custom_gutter=&#8221;on&#8221; gutter_width=&#8221;1&#8243; make_equal=&#8221;on&#8221; admin_label=&#8221;Zeile &#8211; SVE Donau Soja&#8221; module_id=&#8221;SVEs&#8221; _builder_version=&#8221;4.21.0&#8243; _module_preset=&#8221;default&#8221; custom_margin=&#8221;-4px|auto||auto||&#8221; global_colors_info=&#8221;{}&#8221;][et_pb_column type=&#8221;4_4&#8243; _builder_version=&#8221;4.16&#8243; _module_preset=&#8221;default&#8221; background_color=&#8221;#F6F1E8&#8243; custom_padding=&#8221;10px|20px|10px|20px|false|false&#8221; global_colors_info=&#8221;{}&#8221;][et_pb_text admin_label=&#8221;Tranzicija ka regenerativnoj poljoprivredi&#8221; _builder_version=&#8221;4.27.3&#8243; _module_preset=&#8221;77a7a6a5-6cba-4e24-a8d7-1992b0adbe08&#8243; global_colors_info=&#8221;{}&#8221;]<\/p>\n<h2>&#8221;Tranzicija ka regenerativnoj poljoprivredi&#8221; &#8211; obuka poljoprivrednih proizvo\u0111a\u010da 2024<\/h2>\n<p>Donau Soja udru\u017eenje, u saradnji sa EIT Food organizacijom, organizovalo je dvodnevnu obuku poljoprivrednih proizvo\u0111a\u010da 15 i 16. aprila 2024. godine. Kroz ,,EIT Food program regenerativne poljoprivrede\u2019\u2019 koji nudi sveobuhvatan sistem obuka i savetovanja, organizacije EIT Food i Donau Soja omogu\u0107ile su poljoprivrednim proizvo\u0111a\u010dima iz Srbije sticanje znanja o principima regenerativne poljoprivrede i njihovoj daljoj primeni na svojim gazdinstvima.<\/p>\n<p>[\/et_pb_text][et_pb_button button_url=&#8221;https:\/\/www.donausoja.org\/sr\/obuka-tranzicija-ka-regenerativnoj-poljoprivredi\/&#8221; button_text=&#8221;Saznajte vi\u0161e&#8221; _builder_version=&#8221;4.25.2&#8243; _module_preset=&#8221;default&#8221; global_colors_info=&#8221;{}&#8221;][\/et_pb_button][\/et_pb_column][\/et_pb_row][\/et_pb_section][et_pb_section fb_built=&#8221;1&#8243; admin_label=&#8221;copied from organic stand&#8221; module_id=&#8221;SVEs&#8221; _builder_version=&#8221;4.21.0&#8243; _module_preset=&#8221;default&#8221; background_color=&#8221;#C5DB9B&#8221; custom_margin=&#8221;-36px|||||&#8221; custom_padding=&#8221;2px||55px|||&#8221; da_disable_devices=&#8221;off|off|off&#8221; locked=&#8221;off&#8221; global_colors_info=&#8221;{}&#8221; collapsed=&#8221;on&#8221; disabled_on=&#8221;on|on|on&#8221; disabled=&#8221;on&#8221; da_is_popup=&#8221;off&#8221; da_exit_intent=&#8221;off&#8221; da_has_close=&#8221;on&#8221; da_alt_close=&#8221;off&#8221; da_dark_close=&#8221;off&#8221; da_not_modal=&#8221;on&#8221; da_is_singular=&#8221;off&#8221; da_with_loader=&#8221;off&#8221; da_has_shadow=&#8221;on&#8221;][et_pb_row use_custom_gutter=&#8221;on&#8221; gutter_width=&#8221;1&#8243; make_equal=&#8221;on&#8221; admin_label=&#8221;Zeile &#8211; SVE Donau Soja&#8221; module_id=&#8221;SVEs&#8221; _builder_version=&#8221;4.21.0&#8243; _module_preset=&#8221;default&#8221; custom_margin=&#8221;-4px|auto||auto||&#8221; global_colors_info=&#8221;{}&#8221;][et_pb_column type=&#8221;4_4&#8243; _builder_version=&#8221;4.16&#8243; _module_preset=&#8221;default&#8221; background_color=&#8221;#F6F1E8&#8243; custom_padding=&#8221;10px|20px|10px|20px|false|false&#8221; global_colors_info=&#8221;{}&#8221;][et_pb_text admin_label=&#8221;Spremni za nove EU regulative&#8221; _builder_version=&#8221;4.25.2&#8243; _module_preset=&#8221;77a7a6a5-6cba-4e24-a8d7-1992b0adbe08&#8243; global_colors_info=&#8221;{}&#8221;]<\/p>\n<h2>Donau Soja udru\u017eenje, u saradnji sa EIT Food organizacijom, organizuje konferenciju \u2018\u2019Spremni za nove EU regulative: Perspektiva regenerativne poljoprivrede\u2019\u2019 u Hotelu Sheraton, u Novom Sadu, 5. novembra 2024. godine.<\/h2>\n<p>Cilj konferencije je informisanje javnosti o trendovima novih EU regulativa \u010diji je cilj postizanje klimatske neutralnosti u Evropi, kao i o zahtevima za kompanije u Srbiji i regionu koje plasiraju ili su deo lanca snabdevanja tr\u017ei\u0161ta Evropske unije. Konferencija \u0107e se fokusirati na odr\u017eivu, regenerativnu poljoprivredu kao klju\u010dni element prilago\u0111avanja i ubla\u017eavanja klimatskih promena.<\/p>\n<p>[\/et_pb_text][et_pb_button button_url=&#8221;https:\/\/www.donausoja.org\/sr\/spremni-za-nove-eu-regulative-vizija-regenerativne-poljoprivrede\/&#8221; button_text=&#8221;Saznajte vi\u0161e&#8221; _builder_version=&#8221;4.25.2&#8243; _module_preset=&#8221;default&#8221; global_colors_info=&#8221;{}&#8221;][\/et_pb_button][\/et_pb_column][\/et_pb_row][et_pb_row use_custom_gutter=&#8221;on&#8221; gutter_width=&#8221;1&#8243; make_equal=&#8221;on&#8221; disabled_on=&#8221;off|off|off&#8221; admin_label=&#8221;Obuka proizvo\u0111a\u010da 2025&#8243; module_id=&#8221;SVEs&#8221; _builder_version=&#8221;4.21.0&#8243; _module_preset=&#8221;default&#8221; min_height=&#8221;255px&#8221; custom_margin=&#8221;-29px|auto||auto||&#8221; custom_padding=&#8221;25px|||||&#8221; locked=&#8221;off&#8221; global_colors_info=&#8221;{}&#8221;][et_pb_column type=&#8221;4_4&#8243; _builder_version=&#8221;4.16&#8243; _module_preset=&#8221;default&#8221; background_color=&#8221;#F6F1E8&#8243; custom_padding=&#8221;10px|20px|10px|20px|false|false&#8221; global_colors_info=&#8221;{}&#8221;][et_pb_text admin_label=&#8221;Tranzicija ka regenerativnoj poljoprivredi&#8221; _builder_version=&#8221;4.27.3&#8243; _module_preset=&#8221;77a7a6a5-6cba-4e24-a8d7-1992b0adbe08&#8243; global_colors_info=&#8221;{}&#8221;]<\/p>\n<h2>&#8221;Tranzicija ka regenerativnoj poljoprivredi&#8221; &#8211; obuka poljoprivrednih proizvo\u0111a\u010da 2025<\/h2>\n<p>I ove godine, Donau Soja udru\u017eenje u saradnji sa EIT Food organizacijom, organizuje obuku o praksama regenerativne poljoprivrede pod nazivom ,,Tranzicija ka regenerativnoj poljoprivredi\u2019\u2019, te poziva poljoprivredne proizvo\u0111a\u010de da se uklju\u010de u program.<\/p>\n<p>[\/et_pb_text][et_pb_button button_url=&#8221;https:\/\/www.donausoja.org\/sr\/eit-food-obuka-2025\/&#8221; button_text=&#8221;Saznajte vi\u0161e&#8221; _builder_version=&#8221;4.27.3&#8243; _module_preset=&#8221;default&#8221; global_colors_info=&#8221;{}&#8221;][\/et_pb_button][\/et_pb_column][\/et_pb_row][\/et_pb_section]<\/p>\n","protected":false},"excerpt":{"rendered":"<p>EIT Food Regenerative Agriculture ProgrammeDonau Soja u saradnji sa EIT Food sprovodi projekat &#8216;EIT Food program regenerativne poljoprivrede&#8217; u periodu 2024-2026. godine na teritoriji Srbije. Ovaj program je dizajniran tako da osna\u017ei poljoprivredne proizvo\u0111a\u010de u Srbiji u primeni regenerativnih poljoprivrednih praksi. Tokom trajanja programa, proizvo\u0111a\u010di \u0107e imati priliku da u\u010destvuju u prakti\u010dnim obukama, dobiju prilago\u0111enu, [&hellip;]<\/p>\n","protected":false},"author":19,"featured_media":0,"parent":0,"menu_order":0,"comment_status":"closed","ping_status":"closed","template":"","meta":{"_et_pb_use_builder":"on","_et_pb_old_content":"","_et_gb_content_width":"","footnotes":""},"class_list":["post-43803","page","type-page","status-publish","hentry"],"yoast_head":"<!-- This site is optimized with the Yoast SEO plugin v27.4 - https:\/\/yoast.com\/product\/yoast-seo-wordpress\/ -->\n<title>EIT Food program regenerativne poljoprivrede - Donau Soja<\/title>\n<meta name=\"description\" content=\"Po\u010detak 2024. godine za Donau Soja udru\u017eenje obele\u017een je zapo\u010dinjanjem saradnje sa EIT Food organizacijom.\" \/>\n<meta name=\"robots\" content=\"index, follow, max-snippet:-1, max-image-preview:large, max-video-preview:-1\" \/>\n<link rel=\"canonical\" href=\"https:\/\/www.donausoja.org\/sr\/eit-food-program-regenerativne-poljoprivrede\/\" \/>\n<meta property=\"og:locale\" content=\"sr_RS\" \/>\n<meta property=\"og:type\" content=\"article\" \/>\n<meta property=\"og:title\" content=\"EIT Food program regenerativne poljoprivrede - Donau Soja\" \/>\n<meta property=\"og:description\" content=\"Po\u010detak 2024. godine za Donau Soja udru\u017eenje obele\u017een je zapo\u010dinjanjem saradnje sa EIT Food organizacijom.\" \/>\n<meta property=\"og:url\" content=\"https:\/\/www.donausoja.org\/sr\/eit-food-program-regenerativne-poljoprivrede\/\" \/>\n<meta property=\"og:site_name\" content=\"Donau Soja\" \/>\n<meta property=\"article:modified_time\" content=\"2025-06-24T13:20:15+00:00\" \/>\n<meta property=\"og:image\" content=\"https:\/\/www.donausoja.org\/wp-content\/uploads\/2025\/05\/1741597559250-300x169.jpg\" \/>\n<meta name=\"twitter:card\" content=\"summary_large_image\" \/>\n<meta name=\"twitter:label1\" content=\"\u041f\u0440\u043e\u0446\u0435\u045a\u0435\u043d\u043e \u0432\u0440\u0435\u043c\u0435 \u0447\u0438\u0442\u0430\u045a\u0430\" \/>\n\t<meta name=\"twitter:data1\" content=\"7 \u043c\u0438\u043d\u0443\u0442\u0430\" \/>\n<script type=\"application\/ld+json\" class=\"yoast-schema-graph\">{\"@context\":\"https:\\\/\\\/schema.org\",\"@graph\":[{\"@type\":\"WebPage\",\"@id\":\"https:\\\/\\\/www.donausoja.org\\\/sr\\\/eit-food-program-regenerativne-poljoprivrede\\\/\",\"url\":\"https:\\\/\\\/www.donausoja.org\\\/sr\\\/eit-food-program-regenerativne-poljoprivrede\\\/\",\"name\":\"EIT Food program regenerativne poljoprivrede - Donau Soja\",\"isPartOf\":{\"@id\":\"https:\\\/\\\/www.donausoja.org\\\/sr\\\/#website\"},\"primaryImageOfPage\":{\"@id\":\"https:\\\/\\\/www.donausoja.org\\\/sr\\\/eit-food-program-regenerativne-poljoprivrede\\\/#primaryimage\"},\"image\":{\"@id\":\"https:\\\/\\\/www.donausoja.org\\\/sr\\\/eit-food-program-regenerativne-poljoprivrede\\\/#primaryimage\"},\"thumbnailUrl\":\"https:\\\/\\\/www.donausoja.org\\\/wp-content\\\/uploads\\\/2025\\\/05\\\/1741597559250-300x169.jpg\",\"datePublished\":\"2025-01-31T14:45:10+00:00\",\"dateModified\":\"2025-06-24T13:20:15+00:00\",\"description\":\"Po\u010detak 2024. godine za Donau Soja udru\u017eenje obele\u017een je zapo\u010dinjanjem saradnje sa EIT Food organizacijom.\",\"breadcrumb\":{\"@id\":\"https:\\\/\\\/www.donausoja.org\\\/sr\\\/eit-food-program-regenerativne-poljoprivrede\\\/#breadcrumb\"},\"inLanguage\":\"sr-RS\",\"potentialAction\":[{\"@type\":\"ReadAction\",\"target\":[\"https:\\\/\\\/www.donausoja.org\\\/sr\\\/eit-food-program-regenerativne-poljoprivrede\\\/\"]}]},{\"@type\":\"ImageObject\",\"inLanguage\":\"sr-RS\",\"@id\":\"https:\\\/\\\/www.donausoja.org\\\/sr\\\/eit-food-program-regenerativne-poljoprivrede\\\/#primaryimage\",\"url\":\"https:\\\/\\\/www.donausoja.org\\\/wp-content\\\/uploads\\\/2025\\\/05\\\/1741597559250-300x169.jpg\",\"contentUrl\":\"https:\\\/\\\/www.donausoja.org\\\/wp-content\\\/uploads\\\/2025\\\/05\\\/1741597559250-300x169.jpg\"},{\"@type\":\"BreadcrumbList\",\"@id\":\"https:\\\/\\\/www.donausoja.org\\\/sr\\\/eit-food-program-regenerativne-poljoprivrede\\\/#breadcrumb\",\"itemListElement\":[{\"@type\":\"ListItem\",\"position\":1,\"name\":\"Home\",\"item\":\"https:\\\/\\\/www.donausoja.org\\\/sr\\\/\"},{\"@type\":\"ListItem\",\"position\":2,\"name\":\"EIT Food program regenerativne poljoprivrede\"}]},{\"@type\":\"WebSite\",\"@id\":\"https:\\\/\\\/www.donausoja.org\\\/sr\\\/#website\",\"url\":\"https:\\\/\\\/www.donausoja.org\\\/sr\\\/\",\"name\":\"Donau Soja\",\"description\":\"Together for a European Protein Supply: Regional. Sustainable. Non-GM.\",\"potentialAction\":[{\"@type\":\"SearchAction\",\"target\":{\"@type\":\"EntryPoint\",\"urlTemplate\":\"https:\\\/\\\/www.donausoja.org\\\/sr\\\/?s={search_term_string}\"},\"query-input\":{\"@type\":\"PropertyValueSpecification\",\"valueRequired\":true,\"valueName\":\"search_term_string\"}}],\"inLanguage\":\"sr-RS\"}]}<\/script>\n<!-- \/ Yoast SEO plugin. -->","yoast_head_json":{"title":"EIT Food program regenerativne poljoprivrede - Donau Soja","description":"Po\u010detak 2024. godine za Donau Soja udru\u017eenje obele\u017een je zapo\u010dinjanjem saradnje sa EIT Food organizacijom.","robots":{"index":"index","follow":"follow","max-snippet":"max-snippet:-1","max-image-preview":"max-image-preview:large","max-video-preview":"max-video-preview:-1"},"canonical":"https:\/\/www.donausoja.org\/sr\/eit-food-program-regenerativne-poljoprivrede\/","og_locale":"sr_RS","og_type":"article","og_title":"EIT Food program regenerativne poljoprivrede - Donau Soja","og_description":"Po\u010detak 2024. godine za Donau Soja udru\u017eenje obele\u017een je zapo\u010dinjanjem saradnje sa EIT Food organizacijom.","og_url":"https:\/\/www.donausoja.org\/sr\/eit-food-program-regenerativne-poljoprivrede\/","og_site_name":"Donau Soja","article_modified_time":"2025-06-24T13:20:15+00:00","og_image":[{"url":"https:\/\/www.donausoja.org\/wp-content\/uploads\/2025\/05\/1741597559250-300x169.jpg","type":"","width":"","height":""}],"twitter_card":"summary_large_image","twitter_misc":{"\u041f\u0440\u043e\u0446\u0435\u045a\u0435\u043d\u043e \u0432\u0440\u0435\u043c\u0435 \u0447\u0438\u0442\u0430\u045a\u0430":"7 \u043c\u0438\u043d\u0443\u0442\u0430"},"schema":{"@context":"https:\/\/schema.org","@graph":[{"@type":"WebPage","@id":"https:\/\/www.donausoja.org\/sr\/eit-food-program-regenerativne-poljoprivrede\/","url":"https:\/\/www.donausoja.org\/sr\/eit-food-program-regenerativne-poljoprivrede\/","name":"EIT Food program regenerativne poljoprivrede - Donau Soja","isPartOf":{"@id":"https:\/\/www.donausoja.org\/sr\/#website"},"primaryImageOfPage":{"@id":"https:\/\/www.donausoja.org\/sr\/eit-food-program-regenerativne-poljoprivrede\/#primaryimage"},"image":{"@id":"https:\/\/www.donausoja.org\/sr\/eit-food-program-regenerativne-poljoprivrede\/#primaryimage"},"thumbnailUrl":"https:\/\/www.donausoja.org\/wp-content\/uploads\/2025\/05\/1741597559250-300x169.jpg","datePublished":"2025-01-31T14:45:10+00:00","dateModified":"2025-06-24T13:20:15+00:00","description":"Po\u010detak 2024. godine za Donau Soja udru\u017eenje obele\u017een je zapo\u010dinjanjem saradnje sa EIT Food organizacijom.","breadcrumb":{"@id":"https:\/\/www.donausoja.org\/sr\/eit-food-program-regenerativne-poljoprivrede\/#breadcrumb"},"inLanguage":"sr-RS","potentialAction":[{"@type":"ReadAction","target":["https:\/\/www.donausoja.org\/sr\/eit-food-program-regenerativne-poljoprivrede\/"]}]},{"@type":"ImageObject","inLanguage":"sr-RS","@id":"https:\/\/www.donausoja.org\/sr\/eit-food-program-regenerativne-poljoprivrede\/#primaryimage","url":"https:\/\/www.donausoja.org\/wp-content\/uploads\/2025\/05\/1741597559250-300x169.jpg","contentUrl":"https:\/\/www.donausoja.org\/wp-content\/uploads\/2025\/05\/1741597559250-300x169.jpg"},{"@type":"BreadcrumbList","@id":"https:\/\/www.donausoja.org\/sr\/eit-food-program-regenerativne-poljoprivrede\/#breadcrumb","itemListElement":[{"@type":"ListItem","position":1,"name":"Home","item":"https:\/\/www.donausoja.org\/sr\/"},{"@type":"ListItem","position":2,"name":"EIT Food program regenerativne poljoprivrede"}]},{"@type":"WebSite","@id":"https:\/\/www.donausoja.org\/sr\/#website","url":"https:\/\/www.donausoja.org\/sr\/","name":"Donau Soja","description":"Together for a European Protein Supply: Regional. Sustainable. Non-GM.","potentialAction":[{"@type":"SearchAction","target":{"@type":"EntryPoint","urlTemplate":"https:\/\/www.donausoja.org\/sr\/?s={search_term_string}"},"query-input":{"@type":"PropertyValueSpecification","valueRequired":true,"valueName":"search_term_string"}}],"inLanguage":"sr-RS"}]}},"_links":{"self":[{"href":"https:\/\/www.donausoja.org\/sr\/wp-json\/wp\/v2\/pages\/43803","targetHints":{"allow":["GET"]}}],"collection":[{"href":"https:\/\/www.donausoja.org\/sr\/wp-json\/wp\/v2\/pages"}],"about":[{"href":"https:\/\/www.donausoja.org\/sr\/wp-json\/wp\/v2\/types\/page"}],"author":[{"embeddable":true,"href":"https:\/\/www.donausoja.org\/sr\/wp-json\/wp\/v2\/users\/19"}],"replies":[{"embeddable":true,"href":"https:\/\/www.donausoja.org\/sr\/wp-json\/wp\/v2\/comments?post=43803"}],"version-history":[{"count":93,"href":"https:\/\/www.donausoja.org\/sr\/wp-json\/wp\/v2\/pages\/43803\/revisions"}],"predecessor-version":[{"id":59450,"href":"https:\/\/www.donausoja.org\/sr\/wp-json\/wp\/v2\/pages\/43803\/revisions\/59450"}],"wp:attachment":[{"href":"https:\/\/www.donausoja.org\/sr\/wp-json\/wp\/v2\/media?parent=43803"}],"curies":[{"name":"wp","href":"https:\/\/api.w.org\/{rel}","templated":true}]}}