
{"id":33211,"date":"2023-09-22T07:03:42","date_gmt":"2023-09-22T07:03:42","guid":{"rendered":"https:\/\/www.donausoja.org\/projekti\/eudr-and-beyond\/"},"modified":"2025-01-30T14:59:18","modified_gmt":"2025-01-30T14:59:18","slug":"eudr-and-beyond","status":"publish","type":"page","link":"https:\/\/www.donausoja.org\/sr\/projekti\/eudr-and-beyond\/","title":{"rendered":"EU Uredba o deforestaciji (EUDR)"},"content":{"rendered":"<p>[et_pb_section fb_built=&#8221;1&#8243; _builder_version=&#8221;4.16&#8243; _module_preset=&#8221;default&#8221; background_color=&#8221;RGBA(255,255,255,0)&#8221; da_disable_devices=&#8221;off|off|off&#8221; locked=&#8221;off&#8221; global_colors_info=&#8221;{}&#8221; da_is_popup=&#8221;off&#8221; da_exit_intent=&#8221;off&#8221; da_has_close=&#8221;on&#8221; da_alt_close=&#8221;off&#8221; da_dark_close=&#8221;off&#8221; da_not_modal=&#8221;on&#8221; da_is_singular=&#8221;off&#8221; da_with_loader=&#8221;off&#8221; da_has_shadow=&#8221;on&#8221;][et_pb_row _builder_version=&#8221;4.16&#8243; _module_preset=&#8221;default&#8221; custom_padding=&#8221;130px|||||&#8221; global_colors_info=&#8221;{}&#8221;][et_pb_column type=&#8221;4_4&#8243; _builder_version=&#8221;4.16&#8243; _module_preset=&#8221;default&#8221; global_colors_info=&#8221;{}&#8221;][et_pb_text admin_label=&#8221;headline&#8221; _builder_version=&#8221;4.21.0&#8243; _module_preset=&#8221;77a7a6a5-6cba-4e24-a8d7-1992b0adbe08&#8243; header_font=&#8221;Ubuntu|700|||||||&#8221; global_colors_info=&#8221;{}&#8221;]<\/p>\n<section class=\"elementor-section elementor-top-section elementor-element elementor-element-87ac4cf elementor-section-height-min-height elementor-section-items-bottom elementor-section-boxed elementor-section-height-default\" data-id=\"87ac4cf\" data-element_type=\"section\" data-settings=\"{&quot;background_background&quot;:&quot;classic&quot;}\">\n<div class=\"elementor-container elementor-column-gap-default\">\n<div class=\"elementor-row\">\n<div class=\"elementor-column elementor-col-100 elementor-top-column elementor-element elementor-element-43eb478\" data-id=\"43eb478\" data-element_type=\"column\">\n<div class=\"elementor-column-wrap elementor-element-populated\">\n<div class=\"elementor-widget-wrap\">\n<div class=\"elementor-element elementor-element-d918ba3 elementor-widget elementor-widget-heading elementor-motion-effects-parent animated fadeInUp\" data-id=\"d918ba3\" data-element_type=\"widget\" data-settings=\"{&quot;motion_fx_motion_fx_scrolling&quot;:&quot;yes&quot;,&quot;motion_fx_opacity_effect&quot;:&quot;yes&quot;,&quot;motion_fx_opacity_direction&quot;:&quot;in-out&quot;,&quot;motion_fx_opacity_range&quot;:{&quot;unit&quot;:&quot;%&quot;,&quot;size&quot;:&quot;&quot;,&quot;sizes&quot;:{&quot;start&quot;:74,&quot;end&quot;:90}},&quot;_animation&quot;:&quot;fadeInUp&quot;,&quot;motion_fx_opacity_level&quot;:{&quot;unit&quot;:&quot;px&quot;,&quot;size&quot;:10,&quot;sizes&quot;:[]},&quot;motion_fx_devices&quot;:[&quot;desktop&quot;,&quot;tablet&quot;,&quot;mobile&quot;]}\" data-widget_type=\"heading.default\">\n<div class=\"elementor-widget-container elementor-motion-effects-element\">\n<h1 class=\"elementor-heading-title elementor-size-xl\">EU Uredba o deforestaciji (EUDR)<\/h1>\n<\/div>\n<\/div>\n<\/div>\n<\/div>\n<\/div>\n<\/div>\n<\/div>\n<\/section>\n<section class=\"elementor-section elementor-top-section elementor-element elementor-element-71a6ab2 elementor-section-boxed elementor-section-height-default elementor-section-height-default\" data-id=\"71a6ab2\" data-element_type=\"section\" data-settings=\"{&quot;background_background&quot;:&quot;classic&quot;}\">\n<div class=\"elementor-container elementor-column-gap-extended\">\n<div class=\"elementor-row\">\n<div class=\"elementor-column elementor-col-50 elementor-top-column elementor-element elementor-element-7edcb0e\" data-id=\"7edcb0e\" data-element_type=\"column\" data-settings=\"{&quot;background_background&quot;:&quot;classic&quot;}\">\n<div class=\"elementor-column-wrap elementor-element-populated\">\n<div class=\"elementor-widget-wrap\">\n<div class=\"elementor-element elementor-element-2a0b713 elementor-widget elementor-widget-text-editor\" data-id=\"2a0b713\" data-element_type=\"widget\" data-widget_type=\"text-editor.default\">\n<div class=\"elementor-widget-container\">\u00a0<\/div>\n<\/div>\n<\/div>\n<\/div>\n<\/div>\n<\/div>\n<\/div>\n<\/section>\n<p>[\/et_pb_text][\/et_pb_column][\/et_pb_row][\/et_pb_section][et_pb_section fb_built=&#8221;1&#8243; _builder_version=&#8221;4.16&#8243; _module_preset=&#8221;default&#8221; background_color=&#8221;#F6F1E8&#8243; custom_padding=&#8221;4px||3px|||&#8221; da_disable_devices=&#8221;off|off|off&#8221; global_colors_info=&#8221;{}&#8221; da_is_popup=&#8221;off&#8221; da_exit_intent=&#8221;off&#8221; da_has_close=&#8221;on&#8221; da_alt_close=&#8221;off&#8221; da_dark_close=&#8221;off&#8221; da_not_modal=&#8221;on&#8221; da_is_singular=&#8221;off&#8221; da_with_loader=&#8221;off&#8221; da_has_shadow=&#8221;on&#8221;][et_pb_row disabled_on=&#8221;off|off|off&#8221; _builder_version=&#8221;4.21.0&#8243; _module_preset=&#8221;default&#8221; locked=&#8221;off&#8221; global_colors_info=&#8221;{}&#8221;][et_pb_column type=&#8221;4_4&#8243; _builder_version=&#8221;4.16&#8243; _module_preset=&#8221;default&#8221; global_colors_info=&#8221;{}&#8221;][et_pb_text admin_label=&#8221;Text&#8221; _builder_version=&#8221;4.27.3&#8243; _module_preset=&#8221;77a7a6a5-6cba-4e24-a8d7-1992b0adbe08&#8243; global_colors_info=&#8221;{}&#8221;]<\/p>\n<blockquote>\n<p><strong><span class=\"NormalTextRun SCXW172592174 BCX0\">Evropska unija (EU) nedavno je objavila nekoliko zakonodavnih inicijativa i predloga kao deo Geen Deal-a, \u010diji je cilj ja\u010danje odr\u017eivosti i odgovornosti u kompanijama koje posluju u Evropskoj uniji.<\/span><\/strong><\/p>\n<\/blockquote>\n<p>[\/et_pb_text][et_pb_text admin_label=&#8221;Text&#8221; _builder_version=&#8221;4.27.3&#8243; _module_preset=&#8221;77a7a6a5-6cba-4e24-a8d7-1992b0adbe08&#8243; locked=&#8221;off&#8221; global_colors_info=&#8221;{}&#8221;]<\/p>\n<p>Ove inicijative uvode nove zahteve za odr\u017eivost i postupanje sa du\u017enom pa\u017enjom u vezi sa novim proizvodima i lancem snabdevanja kompanija. Stoga, sve je ve\u0107i broj kompanija koje imaju zakonsku obavezu da identifikuju i procene rizike po \u017eivotnu sredinu i ljudska prava, kako u okviru sopstvenog poslovanja, tako i du\u017e svojih lanaca snabdevanja. Pored toga, sve vi\u0161e zahteva privatnog sektora nala\u017ee da lanac snabdevanja bude bez deforestacije i sa smanjenim emisijama CO2.<\/p>\n<p>Strate\u0161ka upotreba jasno definisanih i obavezuju\u0107ih standarda kao \u0161to je Donau Soja postaje sve va\u017enija komponenta korporativne obaveze postupanja sa du\u017enom pa\u017enjom kako bi se osigurala uskla\u0111enost. Donau Soja zastupa i podsti\u010de uzgoj soje bez deforestacije, konverzije zemlji\u0161ta, uz nizak nivo emisije CO2. Podaci Donau Soja organizacije o emisiji C02 zasnovani su na LCA analizi i dostupni su u priznatim bazama podataka, kao \u0161to su Agrifootprint, Sustell, gfli, i mogu poslu\u017eiti kao osnova za va\u0161e sopstvene prora\u010dune.<\/p>\n<p>[\/et_pb_text][\/et_pb_column][\/et_pb_row][et_pb_row admin_label=&#8221;Row&#8221; _builder_version=&#8221;4.16&#8243; _module_preset=&#8221;default&#8221; background_color=&#8221;#ffffff&#8221; min_height=&#8221;32px&#8221; custom_margin=&#8221;-1px|auto||auto|false|false&#8221; custom_padding=&#8221;20px|20px|0px|20px|false|false&#8221; box_shadow_style=&#8221;preset1&#8243; locked=&#8221;off&#8221; global_colors_info=&#8221;{}&#8221;][et_pb_column type=&#8221;4_4&#8243; _builder_version=&#8221;4.16&#8243; _module_preset=&#8221;default&#8221; global_colors_info=&#8221;{}&#8221;][et_pb_text _builder_version=&#8221;4.27.3&#8243; _module_preset=&#8221;77a7a6a5-6cba-4e24-a8d7-1992b0adbe08&#8243; custom_margin=&#8221;||6px||false|false&#8221; global_colors_info=&#8221;{}&#8221;]<\/p>\n<h2><strong>Klju\u010dne ta\u010dke obuhvataju:<\/strong><\/h2>\n<p>[\/et_pb_text][\/et_pb_column][\/et_pb_row][et_pb_row admin_label=&#8221;Row: EUDR&#8221; _builder_version=&#8221;4.16&#8243; _module_preset=&#8221;default&#8221; background_color=&#8221;#ffffff&#8221; min_height=&#8221;181.8px&#8221; custom_margin=&#8221;28px|auto||auto|false|false&#8221; custom_padding=&#8221;40px|20px|20px|20px|false|false&#8221; box_shadow_style=&#8221;preset1&#8243; locked=&#8221;off&#8221; global_colors_info=&#8221;{}&#8221;][et_pb_column type=&#8221;4_4&#8243; _builder_version=&#8221;4.16&#8243; _module_preset=&#8221;default&#8221; global_colors_info=&#8221;{}&#8221;][et_pb_text _builder_version=&#8221;4.27.3&#8243; _module_preset=&#8221;77a7a6a5-6cba-4e24-a8d7-1992b0adbe08&#8243; global_colors_info=&#8221;{}&#8221;]<\/p>\n<h3><strong>EU uredba o deforestaciji\u00a0 (EUDR)<\/strong><\/h3>\n<p><strong>3. decembra 2024. godine zaklju\u010deno je da se period implementacije EUDR-a treba produ\u017eiti za godinu dana, do 30.12.2025. (za mala preduze\u0107a, datum primene je pomeren na 30.06.2026.).<\/strong><\/p>\n<p>Predlog Evropskog parlamenta da se uvede kategorija \u201enultog rizika\u201c <strong>nije usvojen<\/strong>. Sadr\u017eaj originalne verzije sa tri kategorije rizika \u2013 niski, standardni i visoki \u2013 ostaje nepromenjen. Kriterijum za dr\u017eave, koji \u0107e klasifikovati sve zemlje uzgoja u jednu od ove tri kategorije, treba da bude finalizovan do kraja juna 2025. godine.<\/p>\n<p><strong>Naredni koraci<\/strong><br \/>Predlog porazuma bi\u0107e predmet rasprave na plenarnoj sednici u tre\u0107oj nedelji decembra.<\/p>\n<p>[\/et_pb_text][et_pb_button button_url=&#8221;https:\/\/www.donausoja.org\/sr\/eudr-infoprocess\/&#8221; url_new_window=&#8221;on&#8221; button_text=&#8221;Saznajte vi\u0161e&#8221; _builder_version=&#8221;4.21.0&#8243; _module_preset=&#8221;default&#8221; custom_button=&#8221;on&#8221; button_icon=&#8221;&#x39;||divi||400&#8243; button_on_hover=&#8221;off&#8221; custom_margin=&#8221;20px||||false|false&#8221; global_colors_info=&#8221;{}&#8221;][\/et_pb_button][\/et_pb_column][\/et_pb_row][et_pb_row admin_label=&#8221;Row: QS Sojaplus and AMA pastus+&#8221; _builder_version=&#8221;4.16&#8243; _module_preset=&#8221;default&#8221; background_color=&#8221;#ffffff&#8221; custom_margin=&#8221;30px|auto||auto|false|false&#8221; custom_padding=&#8221;20px|20px|20px|20px|false|false&#8221; box_shadow_style=&#8221;preset1&#8243; locked=&#8221;off&#8221; global_colors_info=&#8221;{}&#8221;][et_pb_column type=&#8221;4_4&#8243; _builder_version=&#8221;4.16&#8243; _module_preset=&#8221;default&#8221; global_colors_info=&#8221;{}&#8221;][et_pb_text _builder_version=&#8221;4.21.0&#8243; _module_preset=&#8221;77a7a6a5-6cba-4e24-a8d7-1992b0adbe08&#8243; global_colors_info=&#8221;{}&#8221;]<\/p>\n<h3><strong>QS Soja plus\u00a0 i AMA pastus+<\/strong><\/h3>\n<p>Od januara 2024. godine sva soja u sto\u010dnoj hrani u QS nema\u010dkoj \u0161emi kvaliteta i bezbednosti, kao i u AMA pastus+ sistemu, mora biti sertifikovana kao soja proizvedena bez deforestacije i konverzije zemlji\u0161ta (pogledajte novi <a href=\"https:\/\/www.q-s.de\/futter-tiere-fleisch\/modul-qs-sojaplus.html\" target=\"_blank\" rel=\"noopener\">Soja Plus<\/a> modul). Donau Soja i Europa Soya standardi prepoznati su od strane oba sistema kao standardi odr\u017eivosti. Saznajte vi\u0161e o QS i AMA pastus+ zahtevima ovde.<\/p>\n<p>[\/et_pb_text][et_pb_button button_url=&#8221;https:\/\/www.donausoja.org\/sr\/qssojaplus-pastusplus-recognition\/&#8221; url_new_window=&#8221;on&#8221; button_text=&#8221;Saznajte vi\u0161e&#8221; _builder_version=&#8221;4.25.2&#8243; _module_preset=&#8221;default&#8221; custom_button=&#8221;on&#8221; button_icon=&#8221;&#x39;||divi||400&#8243; button_on_hover=&#8221;off&#8221; custom_margin=&#8221;20px||||false|false&#8221; global_colors_info=&#8221;{}&#8221;][\/et_pb_button][\/et_pb_column][\/et_pb_row][et_pb_row admin_label=&#8221;Row: CSRD&#8221; _builder_version=&#8221;4.21.0&#8243; _module_preset=&#8221;default&#8221; background_color=&#8221;#ffffff&#8221; custom_margin=&#8221;30px|auto||auto|false|false&#8221; custom_padding=&#8221;20px|20px|20px|20px|false|false&#8221; box_shadow_style=&#8221;preset1&#8243; locked=&#8221;off&#8221; global_colors_info=&#8221;{}&#8221;][et_pb_column type=&#8221;4_4&#8243; _builder_version=&#8221;4.16&#8243; _module_preset=&#8221;default&#8221; global_colors_info=&#8221;{}&#8221;][et_pb_text _builder_version=&#8221;4.21.0&#8243; _module_preset=&#8221;77a7a6a5-6cba-4e24-a8d7-1992b0adbe08&#8243; global_colors_info=&#8221;{}&#8221;]<\/p>\n<h3><strong>Direktiva o izve\u0161tavanju o korporativnoj odr\u017eivosti (CSRD)<\/strong><\/h3>\n<p>Po\u010dev\u0161i od\u00a0 2025. godine, za 2024. izve\u0161tajnu godinu, kompanije moraju izve\u0161tavati o ekolo\u0161kim, socijalnim, kao i o aspektima upravljanja (ESG), koriste\u0107i obavezan okvir koji se zove Evropski standard za izve\u0161tavanje o odr\u017eivosti (ESRS).\u00a0 Kroz analizu dvostruke materijalnosti, kompanije moraju odrediti o kojim ESG temama moraju izve\u0161tavati &#8211; osim o klimatskim promenama. Za sve kompanije je obavezno da primene postupak za smanjenje emisija CO2, koji je zasnovan na nau\u010dnim saznanjima. SBTi mo\u017ee pru\u017eiti korisne smernice u ovom slu\u010daju. CSRD nala\u017ee kompanijama da u svom, godi\u0161njem izve\u0161taju objave ESG informacije, posebno podatke vezane za klimatske promene i plan za smanjenje emisija CO2 u svom poslovanju i lancima snabdevanja. Sli\u010dno finansijskom izve\u0161taju, ovi CSRD izve\u0161taji moraju biti revidirani i sertifikovani od strane nezavisnih revizora kako bi se osigurala pouzdanost informacija. Uvo\u0111enjem ovih zahteva, CSRD te\u017ei unapre\u0111enju transparentnosti, kvaliteta i obima podataka o odr\u017eivosti, koji su dostupni investitorima, donosiocima odluka i drugim zainteresovanim stranama, promovi\u0161u\u0107i na taj na\u010din odr\u017eivije globalno poslovno okru\u017eenje.<\/p>\n<p>[\/et_pb_text][\/et_pb_column][\/et_pb_row][et_pb_row admin_label=&#8221;Row: ESRS&#8221; _builder_version=&#8221;4.16&#8243; _module_preset=&#8221;default&#8221; background_color=&#8221;#ffffff&#8221; custom_margin=&#8221;30px|auto||auto|false|false&#8221; custom_padding=&#8221;20px|20px|20px|20px|false|false&#8221; box_shadow_style=&#8221;preset1&#8243; locked=&#8221;off&#8221; global_colors_info=&#8221;{}&#8221;][et_pb_column type=&#8221;4_4&#8243; _builder_version=&#8221;4.16&#8243; _module_preset=&#8221;default&#8221; global_colors_info=&#8221;{}&#8221;][et_pb_text _builder_version=&#8221;4.21.0&#8243; _module_preset=&#8221;77a7a6a5-6cba-4e24-a8d7-1992b0adbe08&#8243; global_colors_info=&#8221;{}&#8221;]<\/p>\n<h3><strong>Evropski standard za izve\u0161tavanje o odr\u017eivosti (ESRS)<\/strong><\/h3>\n<p>O ESRS standardu se mora izve\u0161tavati u okviru CSRD-a. Time se defini\u0161e okvir za izve\u0161tavanje o ESG-u. Stoga je obavezno da sve kompanije postave mere i ciljeve za smanjenje emisija CO2, uklju\u010duju\u0107i i emisije opsega 3 (unutar lanaca snabdevanja), izme\u0111u ostalog.<\/p>\n<p>Za mala i srednja preduze\u0107a, koja nisu obuhva\u0107ena CSRD-om, ali su deo lanca sabdevanja kompanija koje izve\u0161tavaju, razvija se dobrovoljni standard za izve\u0161tavanje, VSME. To poma\u017ee malim i srednjim preduze\u0107ima da razumeju \u0161ta se od njih o\u010dekuje.<span class=\"EOP SCXW96054232 BCX0\" data-ccp-props=\"{&quot;201341983&quot;:0,&quot;335559739&quot;:160,&quot;335559740&quot;:259}\">\u00a0<\/span><\/p>\n<p>[\/et_pb_text][\/et_pb_column][\/et_pb_row][et_pb_row admin_label=&#8221;Row: SBTi&#8221; _builder_version=&#8221;4.16&#8243; _module_preset=&#8221;default&#8221; background_color=&#8221;#ffffff&#8221; custom_margin=&#8221;30px|auto||auto|false|false&#8221; custom_padding=&#8221;20px|20px|20px|20px|false|false&#8221; box_shadow_style=&#8221;preset1&#8243; locked=&#8221;off&#8221; global_colors_info=&#8221;{}&#8221;][et_pb_column type=&#8221;4_4&#8243; _builder_version=&#8221;4.16&#8243; _module_preset=&#8221;default&#8221; global_colors_info=&#8221;{}&#8221;][et_pb_text _builder_version=&#8221;4.21.0&#8243; _module_preset=&#8221;77a7a6a5-6cba-4e24-a8d7-1992b0adbe08&#8243; global_colors_info=&#8221;{}&#8221;]<\/p>\n<h3><strong>Inicijativa za ciljeve zasnovane na nau\u010dnim saznanjima (SBTi)<\/strong><\/h3>\n<p>SBTi je globalna inicijativa privatnog sektora za transformaciju ka ekonomiji sa neto nultim emisijama. Kompanije koje u\u010destvuju obavezne su da se javno obave\u017eu svojim ciljevima i da razivju detaljan, nau\u010dno zasnovan plan smanjenja emisija CO2, uklju\u010duju\u0107i emisije opsega 3, koji obuhvata celokupni lanac vrednosti. encompassing the entire value chain. Skoro 8,000 kompanija su deo SBTi-a (maj 2024).<\/p>\n<p>[\/et_pb_text][\/et_pb_column][\/et_pb_row][et_pb_row admin_label=&#8221;Row: CSDDD&#8221; _builder_version=&#8221;4.16&#8243; _module_preset=&#8221;default&#8221; background_color=&#8221;#ffffff&#8221; custom_margin=&#8221;30px|auto||auto|false|false&#8221; custom_padding=&#8221;20px|20px|20px|20px|false|false&#8221; box_shadow_style=&#8221;preset1&#8243; locked=&#8221;off&#8221; global_colors_info=&#8221;{}&#8221;][et_pb_column type=&#8221;4_4&#8243; _builder_version=&#8221;4.16&#8243; _module_preset=&#8221;default&#8221; global_colors_info=&#8221;{}&#8221;][et_pb_text _builder_version=&#8221;4.21.0&#8243; _module_preset=&#8221;77a7a6a5-6cba-4e24-a8d7-1992b0adbe08&#8243; global_colors_info=&#8221;{}&#8221;]<\/p>\n<h3><strong>Direktiva o du\u017enoj analizi korporativne odr\u017eivosti (poznata kao Zakon o lancu snbdevanja EU; CSDDD)<\/strong><\/h3>\n<p>CSDDD direktiva nala\u017ee kompanijama unutar EU da primene niz obaveza postupanja sa du\u017enom pa\u017enjom u svojim lancima snabdevanja, koje se ti\u010du ljudskih prava i za\u0161tite klime u skladu sa ciljem od 1.5 stepeni (Pariski sporazum o klimi) \u2013 \u0161to podrazumeva i smanjenje emisija CO2 u njihovim lancima snabdevanja.<\/p>\n<p>[\/et_pb_text][\/et_pb_column][\/et_pb_row][et_pb_row _builder_version=&#8221;4.16&#8243; _module_preset=&#8221;default&#8221; background_color=&#8221;#ffffff&#8221; custom_margin=&#8221;60px|auto|40px|auto|false|false&#8221; custom_padding=&#8221;0px|20px||20px|false|false&#8221; box_shadow_style=&#8221;preset1&#8243; global_colors_info=&#8221;{}&#8221;][et_pb_column type=&#8221;4_4&#8243; _builder_version=&#8221;4.16&#8243; _module_preset=&#8221;default&#8221; global_colors_info=&#8221;{}&#8221;][et_pb_text admin_label=&#8221;Background&#8221; _builder_version=&#8221;4.21.0&#8243; _module_preset=&#8221;77a7a6a5-6cba-4e24-a8d7-1992b0adbe08&#8243; custom_padding=&#8221;33px|||||&#8221; global_colors_info=&#8221;{}&#8221;]<\/p>\n<h2><span class=\"TrackChangeTextInsertion TrackedChange TrackChangeHoverSelectColorRed SCXW160870551 BCX0\"><span class=\"TextRun SCXW160870551 BCX0\" lang=\"EN-US\" xml:lang=\"EN-US\" data-contrast=\"none\"><span class=\"NormalTextRun TrackChangeHoverSelectHighlightRed SCXW160870551 BCX0\" data-ccp-parastyle=\"heading 2\">Prednosti<\/span><\/span><\/span><span class=\"TrackChangeTextInsertion TrackedChange TrackChangeHoverSelectColorRed SCXW160870551 BCX0\"><span class=\"TextRun SCXW160870551 BCX0\" lang=\"EN-US\" xml:lang=\"EN-US\" data-contrast=\"none\"><span class=\"NormalTextRun TrackChangeHoverSelectHighlightRed SCXW160870551 BCX0\" data-ccp-parastyle=\"heading 2\">\u00a0Donau Soja<\/span><\/span><\/span><span class=\"TrackChangeTextInsertion TrackedChange TrackChangeHoverSelectColorRed SCXW160870551 BCX0\"><span class=\"TextRun SCXW160870551 BCX0\" lang=\"EN-US\" xml:lang=\"EN-US\" data-contrast=\"none\"><span class=\"NormalTextRun TrackChangeHoverSelectHighlightRed SCXW160870551 BCX0\" data-ccp-parastyle=\"heading 2\"> &amp; Europe Soya standarda<\/span><\/span><\/span><span class=\"EOP TrackedChange SCXW160870551 BCX0\" data-ccp-props=\"{&quot;134245418&quot;:true,&quot;134245529&quot;:true,&quot;201341983&quot;:0,&quot;335559738&quot;:40,&quot;335559739&quot;:0,&quot;335559740&quot;:259}\">\u00a0<\/span><\/h2>\n<p><span class=\"TextRun SCXW213353841 BCX0\" lang=\"EN-US\" xml:lang=\"EN-US\" data-contrast=\"auto\"><span class=\"NormalTextRun SCXW213353841 BCX0\">Donau Soja je pionir u lancima snabdevanja bez deforestacije i konverzije zemlji\u0161ta. Donau Soja nudi ne samo sertifikovanu soju koja se uzgaja u Evropi bez deforestacije ili nano\u0161enja \u0161tete drugim va\u017enim ekosistemima, nego i poma\u017ee kompanijama da ispune dodatne aspekte odr\u017eivosti novih legislativa ili korporativnih obaveza, kao \u0161to su<\/span><span class=\"NormalTextRun SCXW213353841 BCX0\">:<\/span><\/span><\/p>\n<p>&nbsp;<\/p>\n<ul>\n<li><strong>Smanjenje emisija CO2<\/strong><span data-contrast=\"auto\">: Donau Soja\/Europe Soya sertifikovana soja mo\u017ee zna\u010dajno da <a href=\"https:\/\/www.donausoja.org\/sr\/projekti\/alternativa-koja-je-pogodna-za-klimu\/\" target=\"_blank\" rel=\"noopener\">smanji karbonski otisak proizvoda<\/a><\/span><span data-contrast=\"auto\">. To poma\u017ee u ispunjavanju najavljenih zakonskih zahteva poput CSRD direktive i Zakona o lancu snbdevanja EU, kao dobrovoljnih inicijativa kao \u0161to je Inicijativa za ciljeve zasnovane na nau\u010dnim saznanjima (SBTi). Oko 6,000 kompanija \u0161irom sveta se obavezalo da \u0107e smanjiti emisije CO<\/span><span data-contrast=\"auto\">2<\/span><span data-contrast=\"auto\"> u svom poslovanju i lancima snabdevanja kao deo SBTi.Tesno sara\u0111ujemo sa WWF Austria kako bismo podr\u017eali na\u010de \u010dlanove us manjenju CO<\/span><span data-contrast=\"auto\">2<\/span><span data-contrast=\"auto\"> emisija i ispunjenju SBTi ciljeva.<\/span><\/li>\n<li><span data-contrast=\"auto\"><strong>Sledljivost<\/strong>: Donau Soja\/Europe Soya pru\u017eaju potpunu sledljivost soje sve do polja kroz sistem kontrole u vi\u0161e faza i sertifikate i sledljivosti. Donau Soja je u ovome pionir, pru\u017eaju\u0107i kompanijama zna\u010dajnu prednost u implementaciji EUDR-a.<\/span><span data-ccp-props=\"{&quot;201341983&quot;:0,&quot;335559739&quot;:160,&quot;335559740&quot;:259}\">\u00a0<\/span><\/li>\n<li><span data-contrast=\"auto\"><strong>Konverzija zemlji\u0161ta<\/strong>: Donau Soja\/Europe Soya soja se uzgaja u Evropi i garantovano je bez konverzije zemlji\u0161ta (sa presekom 2008. godine), \u0161to osigurava za\u0161titu dragocenih ekostistema pored \u0161uma. Ovo prevazilazi zahteve EUDR-a i poma\u017ee kompanijama i inicijativama koje su posve\u0107ene lancima snabdevanja bez se\u010de \u0161uma i konverzije zemlji\u0161ta.<\/span><span data-ccp-props=\"{&quot;201341983&quot;:0,&quot;335559739&quot;:160,&quot;335559740&quot;:259}\">\u00a0<\/span><\/li>\n<li><span data-contrast=\"auto\"><strong>Biodiverzitet<\/strong>: Donau Soja \u0161titi biodiverzitet kroz raznovrsne prakse uzgoja poput redukovane upotrebe pesticida, upravljanja vodom prema najboljim praksama i uzgoja bez konverzije..<\/span><span data-ccp-props=\"{&quot;201341983&quot;:0,&quot;335559739&quot;:160,&quot;335559740&quot;:259}\">\u00a0<\/span><\/li>\n<li><span data-contrast=\"auto\"><strong>BEZ-GMO<\/strong>: Donau Soja\/Europe Soya soja je garantovano BEZ-GMO.<\/span><\/li>\n<\/ul>\n<p>[\/et_pb_text][\/et_pb_column][\/et_pb_row][et_pb_row _builder_version=&#8221;4.16&#8243; _module_preset=&#8221;default&#8221; background_color=&#8221;#ffffff&#8221; custom_margin=&#8221;1px|auto|40px|auto|false|false&#8221; custom_padding=&#8221;1px|20px||20px|false|false&#8221; box_shadow_style=&#8221;preset1&#8243; locked=&#8221;off&#8221; global_colors_info=&#8221;{}&#8221;][et_pb_column type=&#8221;4_4&#8243; _builder_version=&#8221;4.16&#8243; _module_preset=&#8221;default&#8221; global_colors_info=&#8221;{}&#8221;][et_pb_text admin_label=&#8221;Text&#8221; _builder_version=&#8221;4.21.0&#8243; _module_preset=&#8221;77a7a6a5-6cba-4e24-a8d7-1992b0adbe08&#8243; custom_padding=&#8221;31px|||||&#8221; global_colors_info=&#8221;{}&#8221;]<\/p>\n<h2><strong><span class=\"TrackChangeTextInsertion TrackedChange TrackChangeHoverSelectColorRed SCXW30690683 BCX0\"><span class=\"TextRun SCXW30690683 BCX0\" lang=\"EN-US\" xml:lang=\"EN-US\" data-contrast=\"none\"><span class=\"NormalTextRun TrackChangeHoverSelectHighlightRed SCXW30690683 BCX0\" data-ccp-parastyle=\"heading 2\">EUDR Projekti \u2013 Pridru\u017eite nam se<\/span><\/span><\/span><span class=\"TrackChangeTextInsertion TrackedChange TrackChangeHoverSelectColorRed SCXW30690683 BCX0\"><span class=\"TextRun SCXW30690683 BCX0\" lang=\"EN-US\" xml:lang=\"EN-US\" data-contrast=\"none\"><span class=\"NormalTextRun TrackChangeHoverSelectHighlightRed SCXW30690683 BCX0\" data-ccp-parastyle=\"heading 2\">\u00a0<\/span><\/span><\/span><span class=\"EOP TrackedChange SCXW30690683 BCX0\" data-ccp-props=\"{&quot;134245418&quot;:true,&quot;134245529&quot;:true,&quot;201341983&quot;:0,&quot;335559738&quot;:40,&quot;335559739&quot;:0,&quot;335559740&quot;:259}\">\u00a0<\/span><\/strong><\/h2>\n<p><span class=\"TextRun SCXW169583293 BCX0\" lang=\"EN-US\" xml:lang=\"EN-US\" data-contrast=\"auto\"><span class=\"NormalTextRun SCXW169583293 BCX0\">Donau Soja poziva zainteresovane kompanije da u\u010destvuju u projektima za implementaciju<\/span><span class=\"NormalTextRun SCXW169583293 BCX0\"> EUDR-a SADA<\/span><span class=\"NormalTextRun SCXW169583293 BCX0\"> i zajedno uspostave odr\u017eive lance snabdevanja bez se\u010de \u0161uma i konverzije zemlji\u0161ta<\/span><span class=\"NormalTextRun SCXW169583293 BCX0\">. Ukoliko \u017eelite da u\u010destvujete ili dobijete dodatne informacije<\/span><span class=\"NormalTextRun SCXW169583293 BCX0\">, kontaktirajte nas na <a href=\"mailto:sustainability@donausoja.org\" target=\"_blank\" rel=\"noopener\">sustainability@donausoja.org<\/a>.<\/span><\/span><span class=\"EOP SCXW169583293 BCX0\" data-ccp-props=\"{&quot;201341983&quot;:0,&quot;335559739&quot;:160,&quot;335559740&quot;:259}\">\u00a0<\/span><\/p>\n<p>[\/et_pb_text][et_pb_image src=&#8221;https:\/\/www.donausoja.org\/wp-content\/uploads\/2023\/09\/EUDRbeyond-webpage-1.png&#8221; title_text=&#8221;EUDR&#038;beyond webpage&#8221; _builder_version=&#8221;4.21.0&#8243; _module_preset=&#8221;default&#8221; global_colors_info=&#8221;{}&#8221;][\/et_pb_image][\/et_pb_column][\/et_pb_row][et_pb_row disabled_on=&#8221;on|on|on&#8221; _builder_version=&#8221;4.16&#8243; _module_preset=&#8221;default&#8221; background_color=&#8221;#ffffff&#8221; custom_margin=&#8221;20px||40px||false|false&#8221; custom_padding=&#8221;20px|20px||20px|false|false&#8221; box_shadow_style=&#8221;preset1&#8243; disabled=&#8221;on&#8221; global_colors_info=&#8221;{}&#8221;][et_pb_column type=&#8221;4_4&#8243; _builder_version=&#8221;4.16&#8243; _module_preset=&#8221;default&#8221; global_colors_info=&#8221;{}&#8221;][et_pb_text _builder_version=&#8221;4.16&#8243; _module_preset=&#8221;77a7a6a5-6cba-4e24-a8d7-1992b0adbe08&#8243; global_colors_info=&#8221;{}&#8221;]<strong>Implementation in the market<\/strong> In 2021 Fields of Europe became a formal organisation Fields of Europe (FoE) gGmbH, a not-for profit company under Austrian law. Fields of Europe will be an independent organisation under the umbrella of the Donau Soja Association based in Vienna. With the creation of the new organisation, the project enters into a new phase &#8211; a phase that is all about implementation of Fields of Europe in the market. [\/et_pb_text][\/et_pb_column][\/et_pb_row][et_pb_row disabled_on=&#8221;on|on|on&#8221; _builder_version=&#8221;4.16&#8243; _module_preset=&#8221;default&#8221; background_color=&#8221;#ffffff&#8221; custom_margin=&#8221;20px||40px||false|false&#8221; custom_padding=&#8221;0px|20px||20px|false|false&#8221; box_shadow_style=&#8221;preset1&#8243; disabled=&#8221;on&#8221; global_colors_info=&#8221;{}&#8221;][et_pb_column type=&#8221;4_4&#8243; _builder_version=&#8221;4.16&#8243; _module_preset=&#8221;default&#8221; global_colors_info=&#8221;{}&#8221;][et_pb_text _builder_version=&#8221;4.16&#8243; _module_preset=&#8221;77a7a6a5-6cba-4e24-a8d7-1992b0adbe08&#8243; custom_padding=&#8221;24px|||||&#8221; global_colors_info=&#8221;{}&#8221;]<strong>JOIN US<\/strong> The founding members have a seat on the Steering Committee. This committee meets once every two months to discuss progress. New companies and organisations are welcome to join the initiative and become involved in the user groups, ad-hoc working groups and implementation of pilot projects. For more information about Fields of Europe: Contact the Fields of Europe secretariat: <a href=\"mailto:info@fieldsofeurope.org\">info@fieldsofeurope.org<\/a> Visit the Fields of Europe website: <a href=\"https:\/\/www.fieldsofeurope.org\/\" target=\"_blank\" rel=\"noopener\">https:\/\/www.fieldsofeurope.org\/<\/a> [\/et_pb_text][\/et_pb_column][\/et_pb_row][\/et_pb_section]<\/p>\n","protected":false},"excerpt":{"rendered":"<p>EU Uredba o deforestaciji (EUDR) \u00a0 Evropska unija (EU) nedavno je objavila nekoliko zakonodavnih inicijativa i predloga kao deo Geen Deal-a, \u010diji je cilj ja\u010danje odr\u017eivosti i odgovornosti u kompanijama koje posluju u Evropskoj uniji. Ove inicijative uvode nove zahteve za odr\u017eivost i postupanje sa du\u017enom pa\u017enjom u vezi sa novim proizvodima i lancem snabdevanja [&hellip;]<\/p>\n","protected":false},"author":37,"featured_media":0,"parent":20296,"menu_order":0,"comment_status":"closed","ping_status":"closed","template":"","meta":{"_et_pb_use_builder":"on","_et_pb_old_content":"","_et_gb_content_width":"","footnotes":""},"class_list":["post-33211","page","type-page","status-publish","hentry"],"yoast_head":"<!-- This site is optimized with the Yoast SEO plugin v27.4 - https:\/\/yoast.com\/product\/yoast-seo-wordpress\/ -->\n<title>EU Uredba o deforestaciji (EUDR) - Donau Soja<\/title>\n<meta name=\"description\" content=\"Evropska unija (EU) nedavno je objavila nekoliko zakonodavnih inicijativa kao deo Geen Deal-a, \u010diji je cilj ja\u010danje odr\u017eivosti i odgovornosti u kompanijama koje posluju u Evropskoj uniji.\" \/>\n<meta name=\"robots\" content=\"index, follow, max-snippet:-1, max-image-preview:large, max-video-preview:-1\" \/>\n<link rel=\"canonical\" href=\"https:\/\/www.donausoja.org\/sr\/projekti\/eudr-and-beyond\/\" \/>\n<meta property=\"og:locale\" content=\"sr_RS\" \/>\n<meta property=\"og:type\" content=\"article\" \/>\n<meta property=\"og:title\" content=\"EU Uredba o deforestaciji (EUDR) - Donau Soja\" \/>\n<meta property=\"og:description\" content=\"Evropska unija (EU) nedavno je objavila nekoliko zakonodavnih inicijativa kao deo Geen Deal-a, \u010diji je cilj ja\u010danje odr\u017eivosti i odgovornosti u kompanijama koje posluju u Evropskoj uniji.\" \/>\n<meta property=\"og:url\" content=\"https:\/\/www.donausoja.org\/sr\/projekti\/eudr-and-beyond\/\" \/>\n<meta property=\"og:site_name\" content=\"Donau Soja\" \/>\n<meta property=\"article:modified_time\" content=\"2025-01-30T14:59:18+00:00\" \/>\n<meta name=\"twitter:card\" content=\"summary_large_image\" \/>\n<meta name=\"twitter:label1\" content=\"\u041f\u0440\u043e\u0446\u0435\u045a\u0435\u043d\u043e \u0432\u0440\u0435\u043c\u0435 \u0447\u0438\u0442\u0430\u045a\u0430\" \/>\n\t<meta name=\"twitter:data1\" content=\"5 \u043c\u0438\u043d\u0443\u0442\u0430\" \/>\n<script type=\"application\/ld+json\" class=\"yoast-schema-graph\">{\"@context\":\"https:\\\/\\\/schema.org\",\"@graph\":[{\"@type\":\"WebPage\",\"@id\":\"https:\\\/\\\/www.donausoja.org\\\/sr\\\/projekti\\\/eudr-and-beyond\\\/\",\"url\":\"https:\\\/\\\/www.donausoja.org\\\/sr\\\/projekti\\\/eudr-and-beyond\\\/\",\"name\":\"EU Uredba o deforestaciji (EUDR) - Donau Soja\",\"isPartOf\":{\"@id\":\"https:\\\/\\\/www.donausoja.org\\\/sr\\\/#website\"},\"datePublished\":\"2023-09-22T07:03:42+00:00\",\"dateModified\":\"2025-01-30T14:59:18+00:00\",\"description\":\"Evropska unija (EU) nedavno je objavila nekoliko zakonodavnih inicijativa kao deo Geen Deal-a, \u010diji je cilj ja\u010danje odr\u017eivosti i odgovornosti u kompanijama koje posluju u Evropskoj uniji.\",\"breadcrumb\":{\"@id\":\"https:\\\/\\\/www.donausoja.org\\\/sr\\\/projekti\\\/eudr-and-beyond\\\/#breadcrumb\"},\"inLanguage\":\"sr-RS\",\"potentialAction\":[{\"@type\":\"ReadAction\",\"target\":[\"https:\\\/\\\/www.donausoja.org\\\/sr\\\/projekti\\\/eudr-and-beyond\\\/\"]}]},{\"@type\":\"BreadcrumbList\",\"@id\":\"https:\\\/\\\/www.donausoja.org\\\/sr\\\/projekti\\\/eudr-and-beyond\\\/#breadcrumb\",\"itemListElement\":[{\"@type\":\"ListItem\",\"position\":1,\"name\":\"Home\",\"item\":\"https:\\\/\\\/www.donausoja.org\\\/sr\\\/\"},{\"@type\":\"ListItem\",\"position\":2,\"name\":\"Projekti\",\"item\":\"https:\\\/\\\/www.donausoja.org\\\/sr\\\/projekti\\\/\"},{\"@type\":\"ListItem\",\"position\":3,\"name\":\"EU Uredba o deforestaciji (EUDR)\"}]},{\"@type\":\"WebSite\",\"@id\":\"https:\\\/\\\/www.donausoja.org\\\/sr\\\/#website\",\"url\":\"https:\\\/\\\/www.donausoja.org\\\/sr\\\/\",\"name\":\"Donau Soja\",\"description\":\"Together for a European Protein Supply: Regional. Sustainable. Non-GM.\",\"potentialAction\":[{\"@type\":\"SearchAction\",\"target\":{\"@type\":\"EntryPoint\",\"urlTemplate\":\"https:\\\/\\\/www.donausoja.org\\\/sr\\\/?s={search_term_string}\"},\"query-input\":{\"@type\":\"PropertyValueSpecification\",\"valueRequired\":true,\"valueName\":\"search_term_string\"}}],\"inLanguage\":\"sr-RS\"}]}<\/script>\n<!-- \/ Yoast SEO plugin. -->","yoast_head_json":{"title":"EU Uredba o deforestaciji (EUDR) - Donau Soja","description":"Evropska unija (EU) nedavno je objavila nekoliko zakonodavnih inicijativa kao deo Geen Deal-a, \u010diji je cilj ja\u010danje odr\u017eivosti i odgovornosti u kompanijama koje posluju u Evropskoj uniji.","robots":{"index":"index","follow":"follow","max-snippet":"max-snippet:-1","max-image-preview":"max-image-preview:large","max-video-preview":"max-video-preview:-1"},"canonical":"https:\/\/www.donausoja.org\/sr\/projekti\/eudr-and-beyond\/","og_locale":"sr_RS","og_type":"article","og_title":"EU Uredba o deforestaciji (EUDR) - Donau Soja","og_description":"Evropska unija (EU) nedavno je objavila nekoliko zakonodavnih inicijativa kao deo Geen Deal-a, \u010diji je cilj ja\u010danje odr\u017eivosti i odgovornosti u kompanijama koje posluju u Evropskoj uniji.","og_url":"https:\/\/www.donausoja.org\/sr\/projekti\/eudr-and-beyond\/","og_site_name":"Donau Soja","article_modified_time":"2025-01-30T14:59:18+00:00","twitter_card":"summary_large_image","twitter_misc":{"\u041f\u0440\u043e\u0446\u0435\u045a\u0435\u043d\u043e \u0432\u0440\u0435\u043c\u0435 \u0447\u0438\u0442\u0430\u045a\u0430":"5 \u043c\u0438\u043d\u0443\u0442\u0430"},"schema":{"@context":"https:\/\/schema.org","@graph":[{"@type":"WebPage","@id":"https:\/\/www.donausoja.org\/sr\/projekti\/eudr-and-beyond\/","url":"https:\/\/www.donausoja.org\/sr\/projekti\/eudr-and-beyond\/","name":"EU Uredba o deforestaciji (EUDR) - Donau Soja","isPartOf":{"@id":"https:\/\/www.donausoja.org\/sr\/#website"},"datePublished":"2023-09-22T07:03:42+00:00","dateModified":"2025-01-30T14:59:18+00:00","description":"Evropska unija (EU) nedavno je objavila nekoliko zakonodavnih inicijativa kao deo Geen Deal-a, \u010diji je cilj ja\u010danje odr\u017eivosti i odgovornosti u kompanijama koje posluju u Evropskoj uniji.","breadcrumb":{"@id":"https:\/\/www.donausoja.org\/sr\/projekti\/eudr-and-beyond\/#breadcrumb"},"inLanguage":"sr-RS","potentialAction":[{"@type":"ReadAction","target":["https:\/\/www.donausoja.org\/sr\/projekti\/eudr-and-beyond\/"]}]},{"@type":"BreadcrumbList","@id":"https:\/\/www.donausoja.org\/sr\/projekti\/eudr-and-beyond\/#breadcrumb","itemListElement":[{"@type":"ListItem","position":1,"name":"Home","item":"https:\/\/www.donausoja.org\/sr\/"},{"@type":"ListItem","position":2,"name":"Projekti","item":"https:\/\/www.donausoja.org\/sr\/projekti\/"},{"@type":"ListItem","position":3,"name":"EU Uredba o deforestaciji (EUDR)"}]},{"@type":"WebSite","@id":"https:\/\/www.donausoja.org\/sr\/#website","url":"https:\/\/www.donausoja.org\/sr\/","name":"Donau Soja","description":"Together for a European Protein Supply: Regional. Sustainable. Non-GM.","potentialAction":[{"@type":"SearchAction","target":{"@type":"EntryPoint","urlTemplate":"https:\/\/www.donausoja.org\/sr\/?s={search_term_string}"},"query-input":{"@type":"PropertyValueSpecification","valueRequired":true,"valueName":"search_term_string"}}],"inLanguage":"sr-RS"}]}},"_links":{"self":[{"href":"https:\/\/www.donausoja.org\/sr\/wp-json\/wp\/v2\/pages\/33211","targetHints":{"allow":["GET"]}}],"collection":[{"href":"https:\/\/www.donausoja.org\/sr\/wp-json\/wp\/v2\/pages"}],"about":[{"href":"https:\/\/www.donausoja.org\/sr\/wp-json\/wp\/v2\/types\/page"}],"author":[{"embeddable":true,"href":"https:\/\/www.donausoja.org\/sr\/wp-json\/wp\/v2\/users\/37"}],"replies":[{"embeddable":true,"href":"https:\/\/www.donausoja.org\/sr\/wp-json\/wp\/v2\/comments?post=33211"}],"version-history":[{"count":31,"href":"https:\/\/www.donausoja.org\/sr\/wp-json\/wp\/v2\/pages\/33211\/revisions"}],"predecessor-version":[{"id":53872,"href":"https:\/\/www.donausoja.org\/sr\/wp-json\/wp\/v2\/pages\/33211\/revisions\/53872"}],"up":[{"embeddable":true,"href":"https:\/\/www.donausoja.org\/sr\/wp-json\/wp\/v2\/pages\/20296"}],"wp:attachment":[{"href":"https:\/\/www.donausoja.org\/sr\/wp-json\/wp\/v2\/media?parent=33211"}],"curies":[{"name":"wp","href":"https:\/\/api.w.org\/{rel}","templated":true}]}}