
{"id":20627,"date":"2022-02-10T09:38:38","date_gmt":"2022-02-10T09:38:38","guid":{"rendered":"https:\/\/fourth.donausoja.org\/vesti\/u-medijima\/"},"modified":"2025-01-30T16:07:26","modified_gmt":"2025-01-30T16:07:26","slug":"in-the-media","status":"publish","type":"page","link":"https:\/\/www.donausoja.org\/sr\/vesti\/in-the-media\/","title":{"rendered":"U medijima"},"content":{"rendered":"<p>[et_pb_section fb_built=&#8221;1&#8243; _builder_version=&#8221;4.16&#8243; _module_preset=&#8221;default&#8221; background_color=&#8221;RGBA(255,255,255,0)&#8221; da_disable_devices=&#8221;off|off|off&#8221; locked=&#8221;off&#8221; global_colors_info=&#8221;{}&#8221; da_is_popup=&#8221;off&#8221; da_exit_intent=&#8221;off&#8221; da_has_close=&#8221;on&#8221; da_alt_close=&#8221;off&#8221; da_dark_close=&#8221;off&#8221; da_not_modal=&#8221;on&#8221; da_is_singular=&#8221;off&#8221; da_with_loader=&#8221;off&#8221; da_has_shadow=&#8221;on&#8221;][et_pb_row _builder_version=&#8221;4.16&#8243; _module_preset=&#8221;default&#8221; custom_padding=&#8221;130px|||||&#8221; global_colors_info=&#8221;{}&#8221;][et_pb_column type=&#8221;4_4&#8243; _builder_version=&#8221;4.16&#8243; _module_preset=&#8221;default&#8221; global_colors_info=&#8221;{}&#8221;][et_pb_text admin_label=&#8221;Headline&#8221; _builder_version=&#8221;4.17.6&#8243; _module_preset=&#8221;77a7a6a5-6cba-4e24-a8d7-1992b0adbe08&#8243; header_font=&#8221;Ubuntu|700|||||||&#8221; hover_enabled=&#8221;0&#8243; global_colors_info=&#8221;{}&#8221; sticky_enabled=&#8221;0&#8243;]<\/p>\n<h1>Donau Soja u medijima<\/h1>\n<p>[\/et_pb_text][\/et_pb_column][\/et_pb_row][\/et_pb_section][et_pb_section fb_built=&#8221;1&#8243; _builder_version=&#8221;4.16&#8243; _module_preset=&#8221;default&#8221; background_color=&#8221;#F6F1E8&#8243; custom_padding=&#8221;1px||3px|||&#8221; da_disable_devices=&#8221;off|off|off&#8221; global_colors_info=&#8221;{}&#8221; da_is_popup=&#8221;off&#8221; da_exit_intent=&#8221;off&#8221; da_has_close=&#8221;on&#8221; da_alt_close=&#8221;off&#8221; da_dark_close=&#8221;off&#8221; da_not_modal=&#8221;on&#8221; da_is_singular=&#8221;off&#8221; da_with_loader=&#8221;off&#8221; da_has_shadow=&#8221;on&#8221;][et_pb_row _builder_version=&#8221;4.16&#8243; _module_preset=&#8221;default&#8221; custom_padding=&#8221;||78px|||&#8221; global_colors_info=&#8221;{}&#8221;][et_pb_column type=&#8221;4_4&#8243; _builder_version=&#8221;4.16&#8243; _module_preset=&#8221;default&#8221; global_colors_info=&#8221;{}&#8221;][et_pb_button button_url=&#8221;https:\/\/www.donausoja.org\/news\/in-the-media\/&#8221; button_text=&#8221;Link to international media&#8221; button_alignment=&#8221;left&#8221; _builder_version=&#8221;4.21.0&#8243; _module_preset=&#8221;default&#8221; custom_margin=&#8221;-1px||22px||false|false&#8221; locked=&#8221;off&#8221; global_colors_info=&#8221;{}&#8221;][\/et_pb_button][et_pb_text admin_label=&#8221;Text&#8221; _builder_version=&#8221;4.27.3&#8243; _module_preset=&#8221;97a49757-9877-47ea-b480-aa7742502928&#8243; global_colors_info=&#8221;{}&#8221;]<\/p>\n<h2>\u00a0<\/h2>\n<h2>\u00a0<\/h2>\n<h2>Objave u lokalnim i regionalnim medijima &#8211; Srbija, Hrvatska, BiH<\/h2>\n<h2>&#8211;<\/h2>\n<p><a href=\"https:\/\/www.instore.rs\/sr\/article\/98347\/donau-soja-i-eit-food-nastavljaju-da-podrzavaju-proizvodace-u-usvajanju-principa-regenerativne-poljoprivrede\">09.12.2024: Donau Soja i EIT Food nastavljaju da podr\u017eavaju proizvo\u0111a\u010de u usvajanju principa regenerativne poljoprivrede<\/a><\/p>\n<p><a href=\"https:\/\/www.agronews.rs\/nastavlja-se-saradnja-donau-soje-i-austrijske-razvojne-agencije-fokus-na-klimatske-promene-odrzivu-poljoprivredu-i-evropski-zeleni-dogovor\/\">28.11.2024: Nastavlja se saradnja Donau Soja organizacije i Austrijske razvojne agencije: Fokus na odr\u017eivoj poljoprivredi<\/a><\/p>\n<p><a href=\"https:\/\/progressivemagazin.rs\/online\/donau-soja-i-austrijska-razvojna-agencija-podrzavaju-odrzivi-razvoj-poljoprivrednog-i-prehrambenog-sektora-jugoistocne-i-istocne-evrope\/\">28.11.2024: Donau Soja organizacije i Austrijska razvojna agencija podr\u017eavaju odr\u017eivi razvoj poljoprivrednog i prehrambenog sektora Jugoisto\u010dne i Isto\u010dne Evrope<\/a><\/p>\n<p><a href=\"https:\/\/instore.rs\/sr\/article\/97893\/donau-soja-i-eit-food-podrzavaju-poljoprivredno-prehrambeni-sektor-na-putu-ka-klimatskoj-neutralnosti\">21.11.2024: Donau Soja i EIT Food podr\u017eavaju poljoprivredno-prehrambeni sektor na putu ka klimatskoj neutralnosti<\/a><\/p>\n<p><a href=\"https:\/\/www.agroklub.rs\/sajmovi-desavanja\/odrzana-regionalna-konferencija-o-regenerativnoj-poljoprivredi-sta-donose-nove-eu-regulative\/100178\/\">21.11.2024: Odr\u017eana regionalna konferencija o regenerativnoj poljoprivredi: \u0160ta donose nove EU regulative?<\/a><\/p>\n<p><a href=\"https:\/\/progressivemagazin.rs\/online\/budite-deo-prve-regionalne-konferencije-o-regenerativnoj-poljoprivredi-spremni-za-nove-eu-regulative-perspektiva-regenerativne-poljoprivrede\/\">11.10.2024: Budite deo prve regionalne konferencije o regenerativnoj poljoprivredi &#8211; &#8216;Spremni za nove EU regulative: Perspektiva regenerativne poljoprivrede&#8217;<\/a><\/p>\n<p><a href=\"https:\/\/instore.rs\/sr\/article\/96953\/prva-regionalna-konferencija-o-regenerativnoj-poljoprivredi-5-novembra-u-novom-sadu\">11.10.2024: Prva regionalna konferencija o regenerativnoj poljoprivredi 5. novembra u Novom Sadu<\/a><\/p>\n<p><a href=\"https:\/\/biznis.rs\/vesti\/srbija\/koliko-srpski-ratari-znaju-o-regenerativnoj-poljoprivredi\/\">30.05.2024: Donau Soja udru\u017eenje otpo\u010delo saradnju sa organizacijom EIT Food za unapre\u0111enje regenerativne poljoprivrede u Srbiji<\/a><\/p>\n<p><a href=\"https:\/\/poljoprivrednik.net\/newsdetails\/664da5aa9687a8de255f5cd3\/Prednosti-i-izazovi-regenerativne-poljoprivrede\/\">22.05.2024: Prednosti i izazovi regenerativne poljoprivrede<\/a><\/p>\n<p><a href=\"https:\/\/poljoprivreda.info\/tekst\/izazov-ili-sansa-za-soju-iz-naseg-regiona-nova-uredba-eu-o-deforestaciji-eudr\">21.05.2024: Izazov ili \u0161ansa za soju iz na\u0161eg regiona. Nova Uredba EU o deforestaciji (EUDR)<\/a><\/p>\n<p><a href=\"https:\/\/www.agronews.rs\/uredba-eu-o-deforestraciji-eudr-izazov-ili-sansa-za-soju-iz-naseg-regiona\/\">10.05.2024: Uredba EU o deforestaciji Izazov ili \u0161ansa za na\u0161u soju<\/a><\/p>\n<p><a href=\"https:\/\/biznis.rs\/vesti\/srbija\/koliko-srpski-ratari-znaju-o-regenerativnoj-poljoprivredi\/\">24.04.2024: Koliko srpski ratari znaju o regenerativnoj poljoprivredi?<\/a><\/p>\n<p><a href=\"https:\/\/www.agronews.rs\/poziv-na-obuku-tranzicija-ka-regenerativnoj-poljoprivredi\/\">29.03.2024: Poziv na obuku &#8216;Tranzicija ka regenerativnoj poljoprivredi&#8217;<\/a><\/p>\n<p><a href=\"https:\/\/poljoprivreda.info\/tekst\/10-donau-soja-dan-polja-odrzive-proizvodnje-soje\">02.09.2023: 10. Donau Soja Dan polja odr\u017eive proizvodnje soje<\/a><\/p>\n<p><a href=\"https:\/\/www.agroklub.rs\/ratarstvo\/ne-gmo-soja-nove-sorte-visokog-prinosa-i-otpornosti-na-srpskim-njivama\/89541\/\">01.09.2023: Ne-GMO soja: Nove sorte visokog prinosa i otpornosti na srpskim njivama<\/a><\/p>\n<p><a href=\"https:\/\/www.agroklub.rs\/ratarstvo\/razvijaju-se-nova-trzista-trazi-se-non-gmo-soja\/87602\/\">20.06.2023: Razvijaju se nova tr\u017ei\u0161ta: tra\u017ei se Non-GMO soja<\/a><\/p>\n<p><a href=\"https:\/\/www.agroklub.rs\/ratarstvo\/soja-u-svetu-proizvodice-se-vise-sa-manje\/87583\/\">19.06.2023: Soja u svetu &#8211; proizvodi\u0107e se vi\u0161e sa manje<\/a><\/p>\n<p>[\/et_pb_text][\/et_pb_column][\/et_pb_row][\/et_pb_section]<\/p>\n","protected":false},"excerpt":{"rendered":"<p>Donau Soja u medijima\u00a0 \u00a0 Objave u lokalnim i regionalnim medijima &#8211; Srbija, Hrvatska, BiH &#8211; 09.12.2024: Donau Soja i EIT Food nastavljaju da podr\u017eavaju proizvo\u0111a\u010de u usvajanju principa regenerativne poljoprivrede 28.11.2024: Nastavlja se saradnja Donau Soja organizacije i Austrijske razvojne agencije: Fokus na odr\u017eivoj poljoprivredi 28.11.2024: Donau Soja organizacije i Austrijska razvojna agencija podr\u017eavaju [&hellip;]<\/p>\n","protected":false},"author":2,"featured_media":69,"parent":20306,"menu_order":0,"comment_status":"open","ping_status":"open","template":"","meta":{"_et_pb_use_builder":"on","_et_pb_old_content":"","_et_gb_content_width":"","footnotes":""},"class_list":["post-20627","page","type-page","status-publish","has-post-thumbnail","hentry"],"yoast_head":"<!-- This site is optimized with the Yoast SEO plugin v27.4 - https:\/\/yoast.com\/product\/yoast-seo-wordpress\/ -->\n<title>U medijima - Donau Soja<\/title>\n<meta name=\"description\" content=\"Donau Soja objave u medijima\" \/>\n<meta name=\"robots\" content=\"index, follow, max-snippet:-1, max-image-preview:large, max-video-preview:-1\" \/>\n<link rel=\"canonical\" href=\"https:\/\/www.donausoja.org\/sr\/vesti\/in-the-media\/\" \/>\n<meta property=\"og:locale\" content=\"sr_RS\" \/>\n<meta property=\"og:type\" content=\"article\" \/>\n<meta property=\"og:title\" content=\"U medijima - Donau Soja\" \/>\n<meta property=\"og:description\" content=\"Donau Soja objave u medijima\" \/>\n<meta property=\"og:url\" content=\"https:\/\/www.donausoja.org\/sr\/vesti\/in-the-media\/\" \/>\n<meta property=\"og:site_name\" content=\"Donau Soja\" \/>\n<meta property=\"article:modified_time\" content=\"2025-01-30T16:07:26+00:00\" \/>\n<meta property=\"og:image\" content=\"https:\/\/www.donausoja.org\/wp-content\/uploads\/2021\/12\/cropped-donausoja_favicon2_512-1-e1645618911394.png\" \/>\n\t<meta property=\"og:image:width\" content=\"212\" \/>\n\t<meta property=\"og:image:height\" content=\"212\" \/>\n\t<meta property=\"og:image:type\" content=\"image\/png\" \/>\n<meta name=\"twitter:card\" content=\"summary_large_image\" \/>\n<meta name=\"twitter:label1\" content=\"\u041f\u0440\u043e\u0446\u0435\u045a\u0435\u043d\u043e \u0432\u0440\u0435\u043c\u0435 \u0447\u0438\u0442\u0430\u045a\u0430\" \/>\n\t<meta name=\"twitter:data1\" content=\"2 \u043c\u0438\u043d\u0443\u0442\u0430\" \/>\n<script type=\"application\/ld+json\" class=\"yoast-schema-graph\">{\"@context\":\"https:\\\/\\\/schema.org\",\"@graph\":[{\"@type\":\"WebPage\",\"@id\":\"https:\\\/\\\/www.donausoja.org\\\/sr\\\/vesti\\\/in-the-media\\\/\",\"url\":\"https:\\\/\\\/www.donausoja.org\\\/sr\\\/vesti\\\/in-the-media\\\/\",\"name\":\"U medijima - Donau Soja\",\"isPartOf\":{\"@id\":\"https:\\\/\\\/www.donausoja.org\\\/sr\\\/#website\"},\"primaryImageOfPage\":{\"@id\":\"https:\\\/\\\/www.donausoja.org\\\/sr\\\/vesti\\\/in-the-media\\\/#primaryimage\"},\"image\":{\"@id\":\"https:\\\/\\\/www.donausoja.org\\\/sr\\\/vesti\\\/in-the-media\\\/#primaryimage\"},\"thumbnailUrl\":\"https:\\\/\\\/www.donausoja.org\\\/wp-content\\\/uploads\\\/2021\\\/12\\\/cropped-donausoja_favicon2_512-1-e1645618911394.png\",\"datePublished\":\"2022-02-10T09:38:38+00:00\",\"dateModified\":\"2025-01-30T16:07:26+00:00\",\"description\":\"Donau Soja objave u medijima\",\"breadcrumb\":{\"@id\":\"https:\\\/\\\/www.donausoja.org\\\/sr\\\/vesti\\\/in-the-media\\\/#breadcrumb\"},\"inLanguage\":\"sr-RS\",\"potentialAction\":[{\"@type\":\"ReadAction\",\"target\":[\"https:\\\/\\\/www.donausoja.org\\\/sr\\\/vesti\\\/in-the-media\\\/\"]}]},{\"@type\":\"ImageObject\",\"inLanguage\":\"sr-RS\",\"@id\":\"https:\\\/\\\/www.donausoja.org\\\/sr\\\/vesti\\\/in-the-media\\\/#primaryimage\",\"url\":\"https:\\\/\\\/www.donausoja.org\\\/wp-content\\\/uploads\\\/2021\\\/12\\\/cropped-donausoja_favicon2_512-1-e1645618911394.png\",\"contentUrl\":\"https:\\\/\\\/www.donausoja.org\\\/wp-content\\\/uploads\\\/2021\\\/12\\\/cropped-donausoja_favicon2_512-1-e1645618911394.png\",\"width\":212,\"height\":212},{\"@type\":\"BreadcrumbList\",\"@id\":\"https:\\\/\\\/www.donausoja.org\\\/sr\\\/vesti\\\/in-the-media\\\/#breadcrumb\",\"itemListElement\":[{\"@type\":\"ListItem\",\"position\":1,\"name\":\"Home\",\"item\":\"https:\\\/\\\/www.donausoja.org\\\/sr\\\/\"},{\"@type\":\"ListItem\",\"position\":2,\"name\":\"Vesti\",\"item\":\"https:\\\/\\\/www.donausoja.org\\\/sr\\\/?page_id=20306\"},{\"@type\":\"ListItem\",\"position\":3,\"name\":\"U medijima\"}]},{\"@type\":\"WebSite\",\"@id\":\"https:\\\/\\\/www.donausoja.org\\\/sr\\\/#website\",\"url\":\"https:\\\/\\\/www.donausoja.org\\\/sr\\\/\",\"name\":\"Donau Soja\",\"description\":\"Together for a European Protein Supply: Regional. Sustainable. Non-GM.\",\"potentialAction\":[{\"@type\":\"SearchAction\",\"target\":{\"@type\":\"EntryPoint\",\"urlTemplate\":\"https:\\\/\\\/www.donausoja.org\\\/sr\\\/?s={search_term_string}\"},\"query-input\":{\"@type\":\"PropertyValueSpecification\",\"valueRequired\":true,\"valueName\":\"search_term_string\"}}],\"inLanguage\":\"sr-RS\"}]}<\/script>\n<!-- \/ Yoast SEO plugin. -->","yoast_head_json":{"title":"U medijima - Donau Soja","description":"Donau Soja objave u medijima","robots":{"index":"index","follow":"follow","max-snippet":"max-snippet:-1","max-image-preview":"max-image-preview:large","max-video-preview":"max-video-preview:-1"},"canonical":"https:\/\/www.donausoja.org\/sr\/vesti\/in-the-media\/","og_locale":"sr_RS","og_type":"article","og_title":"U medijima - Donau Soja","og_description":"Donau Soja objave u medijima","og_url":"https:\/\/www.donausoja.org\/sr\/vesti\/in-the-media\/","og_site_name":"Donau Soja","article_modified_time":"2025-01-30T16:07:26+00:00","og_image":[{"width":212,"height":212,"url":"https:\/\/www.donausoja.org\/wp-content\/uploads\/2021\/12\/cropped-donausoja_favicon2_512-1-e1645618911394.png","type":"image\/png"}],"twitter_card":"summary_large_image","twitter_misc":{"\u041f\u0440\u043e\u0446\u0435\u045a\u0435\u043d\u043e \u0432\u0440\u0435\u043c\u0435 \u0447\u0438\u0442\u0430\u045a\u0430":"2 \u043c\u0438\u043d\u0443\u0442\u0430"},"schema":{"@context":"https:\/\/schema.org","@graph":[{"@type":"WebPage","@id":"https:\/\/www.donausoja.org\/sr\/vesti\/in-the-media\/","url":"https:\/\/www.donausoja.org\/sr\/vesti\/in-the-media\/","name":"U medijima - Donau Soja","isPartOf":{"@id":"https:\/\/www.donausoja.org\/sr\/#website"},"primaryImageOfPage":{"@id":"https:\/\/www.donausoja.org\/sr\/vesti\/in-the-media\/#primaryimage"},"image":{"@id":"https:\/\/www.donausoja.org\/sr\/vesti\/in-the-media\/#primaryimage"},"thumbnailUrl":"https:\/\/www.donausoja.org\/wp-content\/uploads\/2021\/12\/cropped-donausoja_favicon2_512-1-e1645618911394.png","datePublished":"2022-02-10T09:38:38+00:00","dateModified":"2025-01-30T16:07:26+00:00","description":"Donau Soja objave u medijima","breadcrumb":{"@id":"https:\/\/www.donausoja.org\/sr\/vesti\/in-the-media\/#breadcrumb"},"inLanguage":"sr-RS","potentialAction":[{"@type":"ReadAction","target":["https:\/\/www.donausoja.org\/sr\/vesti\/in-the-media\/"]}]},{"@type":"ImageObject","inLanguage":"sr-RS","@id":"https:\/\/www.donausoja.org\/sr\/vesti\/in-the-media\/#primaryimage","url":"https:\/\/www.donausoja.org\/wp-content\/uploads\/2021\/12\/cropped-donausoja_favicon2_512-1-e1645618911394.png","contentUrl":"https:\/\/www.donausoja.org\/wp-content\/uploads\/2021\/12\/cropped-donausoja_favicon2_512-1-e1645618911394.png","width":212,"height":212},{"@type":"BreadcrumbList","@id":"https:\/\/www.donausoja.org\/sr\/vesti\/in-the-media\/#breadcrumb","itemListElement":[{"@type":"ListItem","position":1,"name":"Home","item":"https:\/\/www.donausoja.org\/sr\/"},{"@type":"ListItem","position":2,"name":"Vesti","item":"https:\/\/www.donausoja.org\/sr\/?page_id=20306"},{"@type":"ListItem","position":3,"name":"U medijima"}]},{"@type":"WebSite","@id":"https:\/\/www.donausoja.org\/sr\/#website","url":"https:\/\/www.donausoja.org\/sr\/","name":"Donau Soja","description":"Together for a European Protein Supply: Regional. Sustainable. Non-GM.","potentialAction":[{"@type":"SearchAction","target":{"@type":"EntryPoint","urlTemplate":"https:\/\/www.donausoja.org\/sr\/?s={search_term_string}"},"query-input":{"@type":"PropertyValueSpecification","valueRequired":true,"valueName":"search_term_string"}}],"inLanguage":"sr-RS"}]}},"_links":{"self":[{"href":"https:\/\/www.donausoja.org\/sr\/wp-json\/wp\/v2\/pages\/20627","targetHints":{"allow":["GET"]}}],"collection":[{"href":"https:\/\/www.donausoja.org\/sr\/wp-json\/wp\/v2\/pages"}],"about":[{"href":"https:\/\/www.donausoja.org\/sr\/wp-json\/wp\/v2\/types\/page"}],"author":[{"embeddable":true,"href":"https:\/\/www.donausoja.org\/sr\/wp-json\/wp\/v2\/users\/2"}],"replies":[{"embeddable":true,"href":"https:\/\/www.donausoja.org\/sr\/wp-json\/wp\/v2\/comments?post=20627"}],"version-history":[{"count":18,"href":"https:\/\/www.donausoja.org\/sr\/wp-json\/wp\/v2\/pages\/20627\/revisions"}],"predecessor-version":[{"id":53912,"href":"https:\/\/www.donausoja.org\/sr\/wp-json\/wp\/v2\/pages\/20627\/revisions\/53912"}],"up":[{"embeddable":true,"href":"https:\/\/www.donausoja.org\/sr\/wp-json\/wp\/v2\/pages\/20306"}],"wp:featuredmedia":[{"embeddable":true,"href":"https:\/\/www.donausoja.org\/sr\/wp-json\/wp\/v2\/media\/69"}],"wp:attachment":[{"href":"https:\/\/www.donausoja.org\/sr\/wp-json\/wp\/v2\/media?parent=20627"}],"curies":[{"name":"wp","href":"https:\/\/api.w.org\/{rel}","templated":true}]}}