
{"id":19885,"date":"2022-02-23T15:56:04","date_gmt":"2022-02-23T15:56:04","guid":{"rendered":"https:\/\/fourth.donausoja.org\/agricultura\/esin\/"},"modified":"2024-09-26T07:42:27","modified_gmt":"2024-09-26T07:42:27","slug":"reteaua-europeana-de-imbunatatire-a-cultivarii-a-boabelor-de-soia","status":"publish","type":"page","link":"https:\/\/www.donausoja.org\/ro\/agricultura\/reteaua-europeana-de-imbunatatire-a-cultivarii-a-boabelor-de-soia\/","title":{"rendered":"Re\u021beaua european\u0103 de \u00eembun\u0103t\u0103\u021bire a cultiv\u0103rii a boabelor de soia"},"content":{"rendered":"<p>[et_pb_section fb_built=&#8221;1&#8243; _builder_version=&#8221;4.16&#8243; _module_preset=&#8221;default&#8221; background_color=&#8221;RGBA(255,255,255,0)&#8221; locked=&#8221;off&#8221; global_colors_info=&#8221;{}&#8221; da_is_popup=&#8221;off&#8221; da_exit_intent=&#8221;off&#8221; da_has_close=&#8221;on&#8221; da_alt_close=&#8221;off&#8221; da_dark_close=&#8221;off&#8221; da_not_modal=&#8221;on&#8221; da_is_singular=&#8221;off&#8221; da_with_loader=&#8221;off&#8221; da_has_shadow=&#8221;on&#8221; da_disable_devices=&#8221;off|off|off&#8221;][et_pb_row _builder_version=&#8221;4.16&#8243; _module_preset=&#8221;default&#8221; custom_padding=&#8221;130px|||||&#8221; global_colors_info=&#8221;{}&#8221;][et_pb_column type=&#8221;4_4&#8243; _builder_version=&#8221;4.16&#8243; _module_preset=&#8221;default&#8221; global_colors_info=&#8221;{}&#8221;][et_pb_text admin_label=&#8221;Headline&#8221; _builder_version=&#8221;4.17.6&#8243; _module_preset=&#8221;77a7a6a5-6cba-4e24-a8d7-1992b0adbe08&#8243; header_font=&#8221;Ubuntu|700|||||||&#8221; global_colors_info=&#8221;{}&#8221;]<\/p>\n<h1>Re\u021beaua european\u0103 de \u00eembun\u0103t\u0103\u021bire a cultiv\u0103rii a boabelor de soia<\/h1>\n<p>[\/et_pb_text][\/et_pb_column][\/et_pb_row][\/et_pb_section][et_pb_section fb_built=&#8221;1&#8243; _builder_version=&#8221;4.16&#8243; _module_preset=&#8221;default&#8221; background_color=&#8221;#F6F1E8&#8243; global_colors_info=&#8221;{}&#8221; da_is_popup=&#8221;off&#8221; da_exit_intent=&#8221;off&#8221; da_has_close=&#8221;on&#8221; da_alt_close=&#8221;off&#8221; da_dark_close=&#8221;off&#8221; da_not_modal=&#8221;on&#8221; da_is_singular=&#8221;off&#8221; da_with_loader=&#8221;off&#8221; da_has_shadow=&#8221;on&#8221; da_disable_devices=&#8221;off|off|off&#8221;][et_pb_row column_structure=&#8221;1_2,1_2&#8243; _builder_version=&#8221;4.16&#8243; _module_preset=&#8221;default&#8221; custom_padding=&#8221;5px||3px|||&#8221; global_colors_info=&#8221;{}&#8221;][et_pb_column type=&#8221;1_2&#8243; _builder_version=&#8221;4.16&#8243; _module_preset=&#8221;default&#8221; global_colors_info=&#8221;{}&#8221;][et_pb_text _builder_version=&#8221;4.17.6&#8243; _module_preset=&#8221;77a7a6a5-6cba-4e24-a8d7-1992b0adbe08&#8243; global_colors_info=&#8221;{}&#8221;]<\/p>\n<p>Re\u021beaua european\u0103 de \u00eembun\u0103t\u0103\u021bire a soiei (ESIN) este un grup deschis de cultivatori de boabe de soia, oameni de \u0219tiin\u021b\u0103 din diverse domenii legate de produc\u021bia \u0219i utilizarea boabelor de soia \u00een Europa. Scopul general al re\u021belei ESIN este \u00eembun\u0103t\u0103\u021birea performan\u021bei agronomice, economice \u0219i de mediu a sistemelor de cultur\u0103 sus\u021binute de soia din Europa. Ca parte a tranzi\u021biei proteice \u00een Europa, performan\u021ba agronomic\u0103 a culturilor de soia \u00een compara\u021bie cu alte op\u021biuni de cultur\u0103 pe care fermierii trebuie s\u0103 fie \u00eembun\u0103t\u0103\u021bit\u0103. Re\u021beaua se concentreaz\u0103 \u00een special pe utilizarea \u00eembun\u0103t\u0103\u021birii genetice \u0219i a cre\u0219terii plantelor pentru a realiza acest scop.<\/p>\n<p>[\/et_pb_text][\/et_pb_column][et_pb_column type=&#8221;1_2&#8243; _builder_version=&#8221;4.16&#8243; _module_preset=&#8221;default&#8221; global_colors_info=&#8221;{}&#8221;][et_pb_text _builder_version=&#8221;4.17.6&#8243; _module_preset=&#8221;77a7a6a5-6cba-4e24-a8d7-1992b0adbe08&#8243; global_colors_info=&#8221;{}&#8221;]<\/p>\n<p>ESIN a fost \u00eenfiin\u021bat\u0103 la 20 mai 2019 la o \u0219edin\u021b\u0103 la Departamentul de Genetic\u0103 \u0219i Ameliorare a Plantelor, Universitatea de \u0218tiin\u021be ale Vie\u021bii din Poznan. A urmat un atelier din 6 noiembrie 2018, cu 32 de participan\u021bi, organizat de Universitatea de Resurse Naturale \u0219i \u0218tiin\u021be ale Vie\u021bii din Viena (BOKU), unde s-a convenit c\u0103 o re\u021bea ar contribui la facilitarea cercet\u0103rii colaborative, a schimbului de metode, a schimbului de germoplasm\u0103 \u0219i a interac\u021biunii cu comunitatea de politici. Scopul general al re\u021belei confirmate la Poznan este de a consolida investi\u021biile \u0219i cooperarea \u00een \u00eembun\u0103t\u0103\u021birea soiei pentru a cre\u0219te performan\u021ba agronomic\u0103 \u0219i de mediu a sistemelor de cultur\u0103 sus\u021binute de soia.\u00a0<\/p>\n<p>[\/et_pb_text][\/et_pb_column][\/et_pb_row][et_pb_row _builder_version=&#8221;4.16&#8243; _module_preset=&#8221;default&#8221; global_colors_info=&#8221;{}&#8221;][et_pb_column type=&#8221;4_4&#8243; _builder_version=&#8221;4.16&#8243; _module_preset=&#8221;default&#8221; global_colors_info=&#8221;{}&#8221;][et_pb_image src=&#8221;https:\/\/www.donausoja.org\/wp-content\/uploads\/2022\/03\/ESBN-initial-meeting-Tulln-2018.jpg&#8221; title_text=&#8221;ESBN-initial-meeting-Tulln 2018&#8243; _builder_version=&#8221;4.16&#8243; _module_preset=&#8221;default&#8221; global_colors_info=&#8221;{}&#8221;][\/et_pb_image][\/et_pb_column][\/et_pb_row][\/et_pb_section][et_pb_section fb_built=&#8221;1&#8243; _builder_version=&#8221;4.16&#8243; _module_preset=&#8221;default&#8221; global_colors_info=&#8221;{}&#8221; da_is_popup=&#8221;off&#8221; da_exit_intent=&#8221;off&#8221; da_has_close=&#8221;on&#8221; da_alt_close=&#8221;off&#8221; da_dark_close=&#8221;off&#8221; da_not_modal=&#8221;on&#8221; da_is_singular=&#8221;off&#8221; da_with_loader=&#8221;off&#8221; da_has_shadow=&#8221;on&#8221; da_disable_devices=&#8221;off|off|off&#8221;][et_pb_row _builder_version=&#8221;4.16&#8243; _module_preset=&#8221;default&#8221; custom_padding=&#8221;||3px|||&#8221; global_colors_info=&#8221;{}&#8221;][et_pb_column type=&#8221;4_4&#8243; _builder_version=&#8221;4.16&#8243; _module_preset=&#8221;default&#8221; global_colors_info=&#8221;{}&#8221;][et_pb_text admin_label=&#8221;Founding Members&#8221; _builder_version=&#8221;4.17.6&#8243; _module_preset=&#8221;77a7a6a5-6cba-4e24-a8d7-1992b0adbe08&#8243; locked=&#8221;off&#8221; global_colors_info=&#8221;{}&#8221;]<\/p>\n<h2>Membrii fondatori sunt:<\/h2>\n<h2>&#8211;<\/h2>\n<section class=\"elementor-section elementor-top-section elementor-element elementor-element-943ac3c elementor-section-stretched elementor-section-content-middle elementor-section-boxed elementor-section-height-default elementor-section-height-default\" data-id=\"943ac3c\" data-element_type=\"section\" data-settings=\"{&quot;stretch_section&quot;:&quot;section-stretched&quot;,&quot;background_background&quot;:&quot;classic&quot;}\">\n<div class=\"elementor-container elementor-column-gap-default\">\n<div class=\"elementor-row\">\n<div class=\"elementor-column elementor-col-100 elementor-top-column elementor-element elementor-element-65ac84e\" data-id=\"65ac84e\" data-element_type=\"column\">\n<div class=\"elementor-column-wrap elementor-element-populated\">\n<div class=\"elementor-widget-wrap\">\n<div class=\"elementor-element elementor-element-6ee2b46 elementor-widget elementor-widget-text-editor\" data-id=\"6ee2b46\" data-element_type=\"widget\" data-widget_type=\"text-editor.default\">\n<div class=\"elementor-widget-container\">\n<div class=\"elementor-text-editor elementor-clearfix\">\n<section class=\"elementor-section elementor-top-section elementor-element elementor-element-5b6016f elementor-section-boxed elementor-section-height-default elementor-section-height-default\" data-id=\"5b6016f\" data-element_type=\"section\" data-settings=\"{&quot;background_background&quot;:&quot;classic&quot;}\">\n<div class=\"elementor-container elementor-column-gap-default\">\n<div class=\"elementor-row\">\n<div class=\"elementor-column elementor-col-100 elementor-top-column elementor-element elementor-element-2a4be12\" data-id=\"2a4be12\" data-element_type=\"column\">\n<div class=\"elementor-column-wrap elementor-element-populated\">\n<div class=\"elementor-widget-wrap\">\n<div class=\"elementor-element elementor-element-e0a58b2 break elementor-widget elementor-widget-heading\" data-id=\"e0a58b2\" data-element_type=\"widget\" data-widget_type=\"heading.default\">\n<div class=\"elementor-widget-container\"><\/div>\n<\/div>\n<\/div>\n<\/div>\n<\/div>\n<\/div>\n<\/div>\n<\/section>\n<\/div>\n<\/div>\n<\/div>\n<\/div>\n<\/div>\n<\/div>\n<\/div>\n<\/div>\n<\/section>\n<section class=\"elementor-section elementor-top-section elementor-element elementor-element-fa3fe4f elementor-section-stretched elementor-section-content-middle elementor-section-boxed elementor-section-height-default elementor-section-height-default\" data-id=\"fa3fe4f\" data-element_type=\"section\" data-settings=\"{&quot;stretch_section&quot;:&quot;section-stretched&quot;,&quot;background_background&quot;:&quot;classic&quot;}\">\n<div class=\"elementor-container elementor-column-gap-default\">\n<div class=\"elementor-row\">\n<div class=\"elementor-column elementor-col-33 elementor-top-column elementor-element elementor-element-dd2c3d5\" data-id=\"dd2c3d5\" data-element_type=\"column\" data-settings=\"{&quot;background_background&quot;:&quot;classic&quot;}\">\n<div class=\"elementor-column-wrap elementor-element-populated\">\n<div class=\"elementor-widget-wrap\">\n<div class=\"elementor-element elementor-element-3730422 elementor-view-default elementor-position-top elementor-vertical-align-top elementor-widget elementor-widget-icon-box\" data-id=\"3730422\" data-element_type=\"widget\" data-widget_type=\"icon-box.default\">\n<div class=\"elementor-widget-container\">\n<div class=\"elementor-icon-box-wrapper\">\n<div class=\"elementor-icon-box-content\"><\/div>\n<\/div>\n<\/div>\n<\/div>\n<\/div>\n<\/div>\n<\/div>\n<\/div>\n<\/div>\n<\/section>\n<p>[\/et_pb_text][\/et_pb_column][\/et_pb_row][et_pb_row column_structure=&#8221;1_2,1_2&#8243; _builder_version=&#8221;4.16&#8243; _module_preset=&#8221;default&#8221; global_colors_info=&#8221;{}&#8221;][et_pb_column type=&#8221;1_2&#8243; _builder_version=&#8221;4.16&#8243; _module_preset=&#8221;default&#8221; global_colors_info=&#8221;{}&#8221;][et_pb_blurb title=&#8221;Sta\u021biunea de Cercetare-Dezvoltare Agricol\u0103 Turda (Rom\u00e2nia) &#8221; use_icon=&#8221;on&#8221; font_icon=&#8221;&#xf0c8;||fa||900&#8243; _builder_version=&#8221;4.17.6&#8243; _module_preset=&#8221;cab63192-e1cc-4616-9a2f-d865c99c0a13&#8243; global_colors_info=&#8221;{}&#8221;]<\/p>\n<p>reprezentat\u0103 de Raluca Dana \u0219i Urda Camelia<\/p>\n<p>[\/et_pb_blurb][et_pb_blurb title=&#8221;Centru de Zootehnic\u0103 \u0219i Aqua cultur\u0103 (Italia) &#8221; use_icon=&#8221;on&#8221; font_icon=&#8221;&#xf0c8;||fa||900&#8243; _builder_version=&#8221;4.17.6&#8243; _module_preset=&#8221;cab63192-e1cc-4616-9a2f-d865c99c0a13&#8243; global_colors_info=&#8221;{}&#8221;]<\/p>\n<p>reprezentat de Paolo Annicchiarico<\/p>\n<p>[\/et_pb_blurb][et_pb_blurb title=&#8221;Danko  (Poland) &#8221; use_icon=&#8221;on&#8221; font_icon=&#8221;&#xf0c8;||fa||900&#8243; _builder_version=&#8221;4.17.6&#8243; _module_preset=&#8221;cab63192-e1cc-4616-9a2f-d865c99c0a13&#8243; global_colors_info=&#8221;{}&#8221;]<\/p>\n<p>reprezentat\u0103 de Ma\u0142gorzata Niewinska, Kaczmarek-Agnieszka Katanska \u0219i H\u0105dzlik Danuta<\/p>\n<p>[\/et_pb_blurb][et_pb_blurb title=&#8221;Donal Murphy-Bokern (Germania) &#8221; use_icon=&#8221;on&#8221; font_icon=&#8221;&#xf0c8;||fa||900&#8243; _builder_version=&#8221;4.17.6&#8243; _module_preset=&#8221;cab63192-e1cc-4616-9a2f-d865c99c0a13&#8243; global_colors_info=&#8221;{}&#8221;]<\/p>\n<p>reprezent\u00e2nd consor\u021biul Legumes Translated<\/p>\n<p>[\/et_pb_blurb][et_pb_blurb title=&#8221;Donau Soja&#8221; use_icon=&#8221;on&#8221; font_icon=&#8221;&#xf0c8;||fa||900&#8243; _builder_version=&#8221;4.17.6&#8243; _module_preset=&#8221;cab63192-e1cc-4616-9a2f-d865c99c0a13&#8243; global_colors_info=&#8221;{}&#8221;]<\/p>\n<p>reprezentat de Leopold Rittler<\/p>\n<p>[\/et_pb_blurb][et_pb_blurb title=&#8221;Institutul culturilor de c\u00e2mp \u0219i legume (Serbia) &#8221; use_icon=&#8221;on&#8221; font_icon=&#8221;&#xf0c8;||fa||900&#8243; _builder_version=&#8221;4.17.6&#8243; _module_preset=&#8221;cab63192-e1cc-4616-9a2f-d865c99c0a13&#8243; global_colors_info=&#8221;{}&#8221;]<\/p>\n<p>reprezentat de Jegor Milandinovic, Svetlana Balesevic-Tubic, Vuk Djordjevic<\/p>\n<p>[\/et_pb_blurb][et_pb_blurb title=&#8221;Institutul de Genetic\u0103, Fiziologie \u0219i Protec\u021bie a Plantelor (Moldova) &#8221; use_icon=&#8221;on&#8221; font_icon=&#8221;&#xf0c8;||fa||900&#8243; _builder_version=&#8221;4.17.6&#8243; _module_preset=&#8221;cab63192-e1cc-4616-9a2f-d865c99c0a13&#8243; global_colors_info=&#8221;{}&#8221;]<\/p>\n<p>reprezentat de Alexandr Budac<\/p>\n<p>[\/et_pb_blurb][et_pb_blurb title=&#8221;Universit\u00e4t f\u00fcr Bodenkultur Wien (BOKU, Austria) &#8221; use_icon=&#8221;on&#8221; font_icon=&#8221;&#xf0c8;||fa||900&#8243; _builder_version=&#8221;4.17.6&#8243; _module_preset=&#8221;cab63192-e1cc-4616-9a2f-d865c99c0a13&#8243; global_colors_info=&#8221;{}&#8221;]<\/p>\n<p>reprezentat\u0103 de Johann Vollmann \u0219i Martin Pachner<\/p>\n<p>[\/et_pb_blurb][et_pb_blurb title=&#8221;Institutul de Genetic\u0103 a Plantelor, Academia Polonez\u0103 de \u0218tiin\u021be, &#8221; use_icon=&#8221;on&#8221; font_icon=&#8221;&#xf0c8;||fa||900&#8243; _builder_version=&#8221;4.17.6&#8243; _module_preset=&#8221;cab63192-e1cc-4616-9a2f-d865c99c0a13&#8243; global_colors_info=&#8221;{}&#8221;]<\/p>\n<p>reprezentat\u0103 de Sandra Rychel \u0219i Micha\u0142 Ksi\u0105\u017ckiewicz<\/p>\n<p>[\/et_pb_blurb][et_pb_blurb title=&#8221;Departamentul de Genetic\u0103 \u0219i Ameliorare a Plantelor, PULS (Polonia), &#8221; use_icon=&#8221;on&#8221; font_icon=&#8221;&#xf0c8;||fa||900&#8243; _builder_version=&#8221;4.17.6&#8243; _module_preset=&#8221;cab63192-e1cc-4616-9a2f-d865c99c0a13&#8243; global_colors_info=&#8221;{}&#8221;]<\/p>\n<p>reprezentat de Weigt Dorota, Niemann Janetta, Jerzy Nawracala<\/p>\n<p>[\/et_pb_blurb][et_pb_blurb title=&#8221;Prograin-Zia Ltd. &#8221; use_icon=&#8221;on&#8221; font_icon=&#8221;&#xf0c8;||fa||900&#8243; _builder_version=&#8221;4.17.6&#8243; _module_preset=&#8221;cab63192-e1cc-4616-9a2f-d865c99c0a13&#8243; global_colors_info=&#8221;{}&#8221;]<\/p>\n<p>reprezentat\u0103 de Koczerba Marzena<\/p>\n<p>[\/et_pb_blurb][\/et_pb_column][et_pb_column type=&#8221;1_2&#8243; _builder_version=&#8221;4.16&#8243; _module_preset=&#8221;default&#8221; global_colors_info=&#8221;{}&#8221;][et_pb_blurb title=&#8221;Institutul Transnistrean de Cercet\u0103ri \u0218tiin\u021bifice \u00een Agricultur\u0103 (Moldova) &#8221; use_icon=&#8221;on&#8221; font_icon=&#8221;&#xf0c8;||fa||900&#8243; _builder_version=&#8221;4.17.6&#8243; _module_preset=&#8221;cab63192-e1cc-4616-9a2f-d865c99c0a13&#8243; global_colors_info=&#8221;{}&#8221;]<\/p>\n<p>reprezentat de Boris Babaian<\/p>\n<p>[\/et_pb_blurb][et_pb_blurb title=&#8221;Institutul Public de Cercetare pentru Culturile de C\u00e2mp \u201eSelectia\u201d B\u0103l\u021bi (Moldova) &#8221; use_icon=&#8221;on&#8221; font_icon=&#8221;&#xf0c8;||fa||900&#8243; _builder_version=&#8221;4.17.6&#8243; _module_preset=&#8221;cab63192-e1cc-4616-9a2f-d865c99c0a13&#8243; global_colors_info=&#8221;{}&#8221;]<\/p>\n<p>reprezentat de Maria Iacobua si Victor Ungureanu<\/p>\n<p>[\/et_pb_blurb][et_pb_blurb title=&#8221;Saatzucht Donau (Austria) &#8221; use_icon=&#8221;on&#8221; font_icon=&#8221;&#xf0c8;||fa||900&#8243; _builder_version=&#8221;4.17.6&#8243; _module_preset=&#8221;cab63192-e1cc-4616-9a2f-d865c99c0a13&#8243; global_colors_info=&#8221;{}&#8221;]<\/p>\n<p>reprezentat\u0103 de Bernhard Mayr \u0219i Johann Birschitzky<\/p>\n<p>[\/et_pb_blurb][et_pb_blurb title=&#8221;Saatzucht Gleisdorf (Austria) &#8221; use_icon=&#8221;on&#8221; font_icon=&#8221;&#xf0c8;||fa||900&#8243; _builder_version=&#8221;4.17.6&#8243; _module_preset=&#8221;cab63192-e1cc-4616-9a2f-d865c99c0a13&#8243; global_colors_info=&#8221;{}&#8221;]<\/p>\n<p>reprezentat\u0103 de Maria Bernhart<\/p>\n<p>[\/et_pb_blurb][et_pb_blurb title=&#8221;University Hohenheim (Germania) &#8221; use_icon=&#8221;on&#8221; font_icon=&#8221;&#xf0c8;||fa||900&#8243; _builder_version=&#8221;4.17.6&#8243; _module_preset=&#8221;cab63192-e1cc-4616-9a2f-d865c99c0a13&#8243; global_colors_info=&#8221;{}&#8221;]<\/p>\n<p>reprezentat\u0103 de Volker Hahn<\/p>\n<p>[\/et_pb_blurb][et_pb_blurb title=&#8221;University of Zagreb (Croatia) &#8221; use_icon=&#8221;on&#8221; font_icon=&#8221;&#xf0c8;||fa||900&#8243; _builder_version=&#8221;4.17.6&#8243; _module_preset=&#8221;cab63192-e1cc-4616-9a2f-d865c99c0a13&#8243; global_colors_info=&#8221;{}&#8221;]<\/p>\n<p>reprezentat\u0103 de Ivan Pejic<\/p>\n<p>[\/et_pb_blurb][et_pb_blurb title=&#8221;Sta\u021biile de Cercetare &#038; Dezvoltare Agricol\u0103 Turda (Rom\u00e2nia) &#8221; use_icon=&#8221;on&#8221; font_icon=&#8221;&#xf0c8;||fa||900&#8243; _builder_version=&#8221;4.17.6&#8243; _module_preset=&#8221;cab63192-e1cc-4616-9a2f-d865c99c0a13&#8243; global_colors_info=&#8221;{}&#8221;]<\/p>\n<p>reprezentate de Negrea Adrian<\/p>\n<p>[\/et_pb_blurb][et_pb_blurb title=&#8221;Institutul de Agricultur\u0103 Osijek (Croa\u021bia) &#8221; use_icon=&#8221;on&#8221; font_icon=&#8221;&#xf0c8;||fa||900&#8243; _builder_version=&#8221;4.17.6&#8243; _module_preset=&#8221;cab63192-e1cc-4616-9a2f-d865c99c0a13&#8243; global_colors_info=&#8221;{}&#8221;]<\/p>\n<p>reprezentat de Maja Matosa Kucar \u0219i Tomislav Duvnjak<\/p>\n<p>[\/et_pb_blurb][et_pb_blurb title=&#8221;Agroscope (Elve\u0163ia) &#8221; use_icon=&#8221;on&#8221; font_icon=&#8221;&#xf0c8;||fa||900&#8243; _builder_version=&#8221;4.17.6&#8243; _module_preset=&#8221;cab63192-e1cc-4616-9a2f-d865c99c0a13&#8243; global_colors_info=&#8221;{}&#8221;]<\/p>\n<p>reprezentat\u0103 de Claude-Alain Betrix<\/p>\n<p>[\/et_pb_blurb][et_pb_blurb title=&#8221;Bayrische Landesanstalt f\u00fcr Landwirtschaft (Germania) &#8221; use_icon=&#8221;on&#8221; font_icon=&#8221;&#xf0c8;||fa||900&#8243; _builder_version=&#8221;4.17.6&#8243; _module_preset=&#8221;cab63192-e1cc-4616-9a2f-d865c99c0a13&#8243; global_colors_info=&#8221;{}&#8221;]<\/p>\n<p>reprezentat\u0103 de Bianca Buettner \u0219i Christine Riedel<\/p>\n<p>[\/et_pb_blurb][et_pb_blurb title=&#8221;Euralis (Fran\u0163a) &#8221; use_icon=&#8221;on&#8221; font_icon=&#8221;&#xf0c8;||fa||900&#8243; _builder_version=&#8221;4.17.6&#8243; _module_preset=&#8221;cab63192-e1cc-4616-9a2f-d865c99c0a13&#8243; global_colors_info=&#8221;{}&#8221;]<\/p>\n<p>reprezentat\u0103 de Patrice Jeanson<\/p>\n<p>[\/et_pb_blurb][et_pb_blurb title=&#8221;Gabonakuato (Ungaria) &#8221; use_icon=&#8221;on&#8221; font_icon=&#8221;&#xf0c8;||fa||900&#8243; _builder_version=&#8221;4.17.6&#8243; _module_preset=&#8221;cab63192-e1cc-4616-9a2f-d865c99c0a13&#8243; global_colors_info=&#8221;{}&#8221;]<\/p>\n<p>reprezentat\u0103 de Jakab Timea<\/p>\n<p>[\/et_pb_blurb][\/et_pb_column][\/et_pb_row][et_pb_row _builder_version=&#8221;4.16&#8243; _module_preset=&#8221;default&#8221; global_colors_info=&#8221;{}&#8221;][et_pb_column type=&#8221;4_4&#8243; _builder_version=&#8221;4.16&#8243; _module_preset=&#8221;default&#8221; global_colors_info=&#8221;{}&#8221;][et_pb_blurb title=&#8221;Desc\u0103rca\u021bi Statutul ESIN&#8221; url=&#8221;https:\/\/www.donausoja.org\/wp-content\/uploads\/2022\/03\/ESIN-Statutes-v2.pdf&#8221; url_new_window=&#8221;on&#8221; use_icon=&#8221;on&#8221; font_icon=&#8221;&#xe092;||divi||400&#8243; content_max_width=&#8221;1100px&#8221; _builder_version=&#8221;4.17.6&#8243; _module_preset=&#8221;cab63192-e1cc-4616-9a2f-d865c99c0a13&#8243; link_option_url=&#8221;https:\/\/www.donausoja.org\/wp-content\/uploads\/2022\/03\/ESIN-Statutes-v2.pdf&#8221; link_option_url_new_window=&#8221;on&#8221; custom_css_blurb_image=&#8221;padding-top:-15px;&#8221; global_colors_info=&#8221;{}&#8221;][\/et_pb_blurb][\/et_pb_column][\/et_pb_row][\/et_pb_section]<\/p>\n","protected":false},"excerpt":{"rendered":"<p>Re\u021beaua european\u0103 de \u00eembun\u0103t\u0103\u021bire a cultiv\u0103rii a boabelor de soiaRe\u021beaua european\u0103 de \u00eembun\u0103t\u0103\u021bire a soiei (ESIN) este un grup deschis de cultivatori de boabe de soia, oameni de \u0219tiin\u021b\u0103 din diverse domenii legate de produc\u021bia \u0219i utilizarea boabelor de soia \u00een Europa. Scopul general al re\u021belei ESIN este \u00eembun\u0103t\u0103\u021birea performan\u021bei agronomice, economice \u0219i de mediu [&hellip;]<\/p>\n","protected":false},"author":2,"featured_media":914,"parent":19883,"menu_order":0,"comment_status":"open","ping_status":"open","template":"","meta":{"_et_pb_use_builder":"on","_et_pb_old_content":"","_et_gb_content_width":"","footnotes":""},"class_list":["post-19885","page","type-page","status-publish","has-post-thumbnail","hentry"],"yoast_head":"<!-- This site is optimized with the Yoast SEO plugin v27.4 - https:\/\/yoast.com\/product\/yoast-seo-wordpress\/ -->\n<title>Re\u021beaua european\u0103 de \u00eembun\u0103t\u0103\u021bire a cultiv\u0103rii a boabelor de soia - Donau Soja<\/title>\n<meta name=\"description\" content=\"Re\u021beaua european\u0103 de \u00eembun\u0103t\u0103\u021bire a cultiv\u0103rii a boabelor de soia (ESIN) este un grup deschis de amelioratori de soia, oameni de \u0219tiin\u021b\u0103 din diverse domenii legate de produc\u021bia \u0219i utilizarea soiului de soia \u00een Europa.\" \/>\n<meta name=\"robots\" content=\"index, follow, max-snippet:-1, max-image-preview:large, max-video-preview:-1\" \/>\n<link rel=\"canonical\" href=\"https:\/\/www.donausoja.org\/ro\/agricultura\/reteaua-europeana-de-imbunatatire-a-cultivarii-a-boabelor-de-soia\/\" \/>\n<meta property=\"og:locale\" content=\"ro_RO\" \/>\n<meta property=\"og:type\" content=\"article\" \/>\n<meta property=\"og:title\" content=\"Re\u021beaua european\u0103 de \u00eembun\u0103t\u0103\u021bire a cultiv\u0103rii a boabelor de soia - Donau Soja\" \/>\n<meta property=\"og:description\" content=\"Re\u021beaua european\u0103 de \u00eembun\u0103t\u0103\u021bire a cultiv\u0103rii a boabelor de soia (ESIN) este un grup deschis de amelioratori de soia, oameni de \u0219tiin\u021b\u0103 din diverse domenii legate de produc\u021bia \u0219i utilizarea soiului de soia \u00een Europa.\" \/>\n<meta property=\"og:url\" content=\"https:\/\/www.donausoja.org\/ro\/agricultura\/reteaua-europeana-de-imbunatatire-a-cultivarii-a-boabelor-de-soia\/\" \/>\n<meta property=\"og:site_name\" content=\"Donau Soja\" \/>\n<meta property=\"article:modified_time\" content=\"2024-09-26T07:42:27+00:00\" \/>\n<meta property=\"og:image\" content=\"https:\/\/www.donausoja.org\/wp-content\/uploads\/2022\/02\/ESBN-initial-meeting-Tulln-2018.jpg\" \/>\n\t<meta property=\"og:image:width\" content=\"1950\" \/>\n\t<meta property=\"og:image:height\" content=\"864\" \/>\n\t<meta property=\"og:image:type\" content=\"image\/jpeg\" \/>\n<meta name=\"twitter:card\" content=\"summary_large_image\" \/>\n<meta name=\"twitter:label1\" content=\"Timp estimat pentru citire\" \/>\n\t<meta name=\"twitter:data1\" content=\"3 minute\" \/>\n<script type=\"application\/ld+json\" class=\"yoast-schema-graph\">{\"@context\":\"https:\\\/\\\/schema.org\",\"@graph\":[{\"@type\":\"WebPage\",\"@id\":\"https:\\\/\\\/www.donausoja.org\\\/ro\\\/agricultura\\\/reteaua-europeana-de-imbunatatire-a-cultivarii-a-boabelor-de-soia\\\/\",\"url\":\"https:\\\/\\\/www.donausoja.org\\\/ro\\\/agricultura\\\/reteaua-europeana-de-imbunatatire-a-cultivarii-a-boabelor-de-soia\\\/\",\"name\":\"Re\u021beaua european\u0103 de \u00eembun\u0103t\u0103\u021bire a cultiv\u0103rii a boabelor de soia - Donau Soja\",\"isPartOf\":{\"@id\":\"https:\\\/\\\/www.donausoja.org\\\/ro\\\/#website\"},\"primaryImageOfPage\":{\"@id\":\"https:\\\/\\\/www.donausoja.org\\\/ro\\\/agricultura\\\/reteaua-europeana-de-imbunatatire-a-cultivarii-a-boabelor-de-soia\\\/#primaryimage\"},\"image\":{\"@id\":\"https:\\\/\\\/www.donausoja.org\\\/ro\\\/agricultura\\\/reteaua-europeana-de-imbunatatire-a-cultivarii-a-boabelor-de-soia\\\/#primaryimage\"},\"thumbnailUrl\":\"https:\\\/\\\/www.donausoja.org\\\/wp-content\\\/uploads\\\/2022\\\/02\\\/ESBN-initial-meeting-Tulln-2018.jpg\",\"datePublished\":\"2022-02-23T15:56:04+00:00\",\"dateModified\":\"2024-09-26T07:42:27+00:00\",\"description\":\"Re\u021beaua european\u0103 de \u00eembun\u0103t\u0103\u021bire a cultiv\u0103rii a boabelor de soia (ESIN) este un grup deschis de amelioratori de soia, oameni de \u0219tiin\u021b\u0103 din diverse domenii legate de produc\u021bia \u0219i utilizarea soiului de soia \u00een Europa.\",\"breadcrumb\":{\"@id\":\"https:\\\/\\\/www.donausoja.org\\\/ro\\\/agricultura\\\/reteaua-europeana-de-imbunatatire-a-cultivarii-a-boabelor-de-soia\\\/#breadcrumb\"},\"inLanguage\":\"ro-RO\",\"potentialAction\":[{\"@type\":\"ReadAction\",\"target\":[\"https:\\\/\\\/www.donausoja.org\\\/ro\\\/agricultura\\\/reteaua-europeana-de-imbunatatire-a-cultivarii-a-boabelor-de-soia\\\/\"]}]},{\"@type\":\"ImageObject\",\"inLanguage\":\"ro-RO\",\"@id\":\"https:\\\/\\\/www.donausoja.org\\\/ro\\\/agricultura\\\/reteaua-europeana-de-imbunatatire-a-cultivarii-a-boabelor-de-soia\\\/#primaryimage\",\"url\":\"https:\\\/\\\/www.donausoja.org\\\/wp-content\\\/uploads\\\/2022\\\/02\\\/ESBN-initial-meeting-Tulln-2018.jpg\",\"contentUrl\":\"https:\\\/\\\/www.donausoja.org\\\/wp-content\\\/uploads\\\/2022\\\/02\\\/ESBN-initial-meeting-Tulln-2018.jpg\",\"width\":1950,\"height\":864},{\"@type\":\"BreadcrumbList\",\"@id\":\"https:\\\/\\\/www.donausoja.org\\\/ro\\\/agricultura\\\/reteaua-europeana-de-imbunatatire-a-cultivarii-a-boabelor-de-soia\\\/#breadcrumb\",\"itemListElement\":[{\"@type\":\"ListItem\",\"position\":1,\"name\":\"Home\",\"item\":\"https:\\\/\\\/www.donausoja.org\\\/ro\\\/\"},{\"@type\":\"ListItem\",\"position\":2,\"name\":\"Agricultur\u0103\",\"item\":\"https:\\\/\\\/www.donausoja.org\\\/ro\\\/agricultura\\\/\"},{\"@type\":\"ListItem\",\"position\":3,\"name\":\"Re\u021beaua european\u0103 de \u00eembun\u0103t\u0103\u021bire a cultiv\u0103rii a boabelor de soia\"}]},{\"@type\":\"WebSite\",\"@id\":\"https:\\\/\\\/www.donausoja.org\\\/ro\\\/#website\",\"url\":\"https:\\\/\\\/www.donausoja.org\\\/ro\\\/\",\"name\":\"Donau Soja\",\"description\":\"Together for a European Protein Supply: Regional. Sustainable. Non-GM.\",\"potentialAction\":[{\"@type\":\"SearchAction\",\"target\":{\"@type\":\"EntryPoint\",\"urlTemplate\":\"https:\\\/\\\/www.donausoja.org\\\/ro\\\/?s={search_term_string}\"},\"query-input\":{\"@type\":\"PropertyValueSpecification\",\"valueRequired\":true,\"valueName\":\"search_term_string\"}}],\"inLanguage\":\"ro-RO\"}]}<\/script>\n<!-- \/ Yoast SEO plugin. -->","yoast_head_json":{"title":"Re\u021beaua european\u0103 de \u00eembun\u0103t\u0103\u021bire a cultiv\u0103rii a boabelor de soia - Donau Soja","description":"Re\u021beaua european\u0103 de \u00eembun\u0103t\u0103\u021bire a cultiv\u0103rii a boabelor de soia (ESIN) este un grup deschis de amelioratori de soia, oameni de \u0219tiin\u021b\u0103 din diverse domenii legate de produc\u021bia \u0219i utilizarea soiului de soia \u00een Europa.","robots":{"index":"index","follow":"follow","max-snippet":"max-snippet:-1","max-image-preview":"max-image-preview:large","max-video-preview":"max-video-preview:-1"},"canonical":"https:\/\/www.donausoja.org\/ro\/agricultura\/reteaua-europeana-de-imbunatatire-a-cultivarii-a-boabelor-de-soia\/","og_locale":"ro_RO","og_type":"article","og_title":"Re\u021beaua european\u0103 de \u00eembun\u0103t\u0103\u021bire a cultiv\u0103rii a boabelor de soia - Donau Soja","og_description":"Re\u021beaua european\u0103 de \u00eembun\u0103t\u0103\u021bire a cultiv\u0103rii a boabelor de soia (ESIN) este un grup deschis de amelioratori de soia, oameni de \u0219tiin\u021b\u0103 din diverse domenii legate de produc\u021bia \u0219i utilizarea soiului de soia \u00een Europa.","og_url":"https:\/\/www.donausoja.org\/ro\/agricultura\/reteaua-europeana-de-imbunatatire-a-cultivarii-a-boabelor-de-soia\/","og_site_name":"Donau Soja","article_modified_time":"2024-09-26T07:42:27+00:00","og_image":[{"width":1950,"height":864,"url":"https:\/\/www.donausoja.org\/wp-content\/uploads\/2022\/02\/ESBN-initial-meeting-Tulln-2018.jpg","type":"image\/jpeg"}],"twitter_card":"summary_large_image","twitter_misc":{"Timp estimat pentru citire":"3 minute"},"schema":{"@context":"https:\/\/schema.org","@graph":[{"@type":"WebPage","@id":"https:\/\/www.donausoja.org\/ro\/agricultura\/reteaua-europeana-de-imbunatatire-a-cultivarii-a-boabelor-de-soia\/","url":"https:\/\/www.donausoja.org\/ro\/agricultura\/reteaua-europeana-de-imbunatatire-a-cultivarii-a-boabelor-de-soia\/","name":"Re\u021beaua european\u0103 de \u00eembun\u0103t\u0103\u021bire a cultiv\u0103rii a boabelor de soia - Donau Soja","isPartOf":{"@id":"https:\/\/www.donausoja.org\/ro\/#website"},"primaryImageOfPage":{"@id":"https:\/\/www.donausoja.org\/ro\/agricultura\/reteaua-europeana-de-imbunatatire-a-cultivarii-a-boabelor-de-soia\/#primaryimage"},"image":{"@id":"https:\/\/www.donausoja.org\/ro\/agricultura\/reteaua-europeana-de-imbunatatire-a-cultivarii-a-boabelor-de-soia\/#primaryimage"},"thumbnailUrl":"https:\/\/www.donausoja.org\/wp-content\/uploads\/2022\/02\/ESBN-initial-meeting-Tulln-2018.jpg","datePublished":"2022-02-23T15:56:04+00:00","dateModified":"2024-09-26T07:42:27+00:00","description":"Re\u021beaua european\u0103 de \u00eembun\u0103t\u0103\u021bire a cultiv\u0103rii a boabelor de soia (ESIN) este un grup deschis de amelioratori de soia, oameni de \u0219tiin\u021b\u0103 din diverse domenii legate de produc\u021bia \u0219i utilizarea soiului de soia \u00een Europa.","breadcrumb":{"@id":"https:\/\/www.donausoja.org\/ro\/agricultura\/reteaua-europeana-de-imbunatatire-a-cultivarii-a-boabelor-de-soia\/#breadcrumb"},"inLanguage":"ro-RO","potentialAction":[{"@type":"ReadAction","target":["https:\/\/www.donausoja.org\/ro\/agricultura\/reteaua-europeana-de-imbunatatire-a-cultivarii-a-boabelor-de-soia\/"]}]},{"@type":"ImageObject","inLanguage":"ro-RO","@id":"https:\/\/www.donausoja.org\/ro\/agricultura\/reteaua-europeana-de-imbunatatire-a-cultivarii-a-boabelor-de-soia\/#primaryimage","url":"https:\/\/www.donausoja.org\/wp-content\/uploads\/2022\/02\/ESBN-initial-meeting-Tulln-2018.jpg","contentUrl":"https:\/\/www.donausoja.org\/wp-content\/uploads\/2022\/02\/ESBN-initial-meeting-Tulln-2018.jpg","width":1950,"height":864},{"@type":"BreadcrumbList","@id":"https:\/\/www.donausoja.org\/ro\/agricultura\/reteaua-europeana-de-imbunatatire-a-cultivarii-a-boabelor-de-soia\/#breadcrumb","itemListElement":[{"@type":"ListItem","position":1,"name":"Home","item":"https:\/\/www.donausoja.org\/ro\/"},{"@type":"ListItem","position":2,"name":"Agricultur\u0103","item":"https:\/\/www.donausoja.org\/ro\/agricultura\/"},{"@type":"ListItem","position":3,"name":"Re\u021beaua european\u0103 de \u00eembun\u0103t\u0103\u021bire a cultiv\u0103rii a boabelor de soia"}]},{"@type":"WebSite","@id":"https:\/\/www.donausoja.org\/ro\/#website","url":"https:\/\/www.donausoja.org\/ro\/","name":"Donau Soja","description":"Together for a European Protein Supply: Regional. Sustainable. Non-GM.","potentialAction":[{"@type":"SearchAction","target":{"@type":"EntryPoint","urlTemplate":"https:\/\/www.donausoja.org\/ro\/?s={search_term_string}"},"query-input":{"@type":"PropertyValueSpecification","valueRequired":true,"valueName":"search_term_string"}}],"inLanguage":"ro-RO"}]}},"_links":{"self":[{"href":"https:\/\/www.donausoja.org\/ro\/wp-json\/wp\/v2\/pages\/19885","targetHints":{"allow":["GET"]}}],"collection":[{"href":"https:\/\/www.donausoja.org\/ro\/wp-json\/wp\/v2\/pages"}],"about":[{"href":"https:\/\/www.donausoja.org\/ro\/wp-json\/wp\/v2\/types\/page"}],"author":[{"embeddable":true,"href":"https:\/\/www.donausoja.org\/ro\/wp-json\/wp\/v2\/users\/2"}],"replies":[{"embeddable":true,"href":"https:\/\/www.donausoja.org\/ro\/wp-json\/wp\/v2\/comments?post=19885"}],"version-history":[{"count":1,"href":"https:\/\/www.donausoja.org\/ro\/wp-json\/wp\/v2\/pages\/19885\/revisions"}],"predecessor-version":[{"id":48399,"href":"https:\/\/www.donausoja.org\/ro\/wp-json\/wp\/v2\/pages\/19885\/revisions\/48399"}],"up":[{"embeddable":true,"href":"https:\/\/www.donausoja.org\/ro\/wp-json\/wp\/v2\/pages\/19883"}],"wp:featuredmedia":[{"embeddable":true,"href":"https:\/\/www.donausoja.org\/ro\/wp-json\/wp\/v2\/media\/914"}],"wp:attachment":[{"href":"https:\/\/www.donausoja.org\/ro\/wp-json\/wp\/v2\/media?parent=19885"}],"curies":[{"name":"wp","href":"https:\/\/api.w.org\/{rel}","templated":true}]}}