
{"id":19841,"date":"2022-01-20T19:34:39","date_gmt":"2022-01-20T19:34:39","guid":{"rendered":"https:\/\/fourth.donausoja.org\/organizare\/declaratiile-donau-soja-si-europe-oya\/"},"modified":"2024-10-01T07:44:46","modified_gmt":"2024-10-01T07:44:46","slug":"declaratiile-donau-soja-si-europe-oya","status":"publish","type":"page","link":"https:\/\/www.donausoja.org\/ro\/organizatia\/declaratiile-donau-soja-si-europe-oya\/","title":{"rendered":"Declara\u021biile Donau Soja \u0219i Europe Soya"},"content":{"rendered":"<p>[et_pb_section fb_built=&#8221;1&#8243; _builder_version=&#8221;4.16&#8243; _module_preset=&#8221;default&#8221; background_color=&#8221;RGBA(255,255,255,0)&#8221; locked=&#8221;off&#8221; global_colors_info=&#8221;{}&#8221; da_is_popup=&#8221;off&#8221; da_exit_intent=&#8221;off&#8221; da_has_close=&#8221;on&#8221; da_alt_close=&#8221;off&#8221; da_dark_close=&#8221;off&#8221; da_not_modal=&#8221;on&#8221; da_is_singular=&#8221;off&#8221; da_with_loader=&#8221;off&#8221; da_has_shadow=&#8221;on&#8221; da_disable_devices=&#8221;off|off|off&#8221;][et_pb_row _builder_version=&#8221;4.16&#8243; _module_preset=&#8221;default&#8221; custom_padding=&#8221;130px|||||&#8221; global_colors_info=&#8221;{}&#8221;][et_pb_column type=&#8221;4_4&#8243; _builder_version=&#8221;4.16&#8243; _module_preset=&#8221;default&#8221; global_colors_info=&#8221;{}&#8221;][et_pb_text _builder_version=&#8221;4.17.6&#8243; _module_preset=&#8221;77a7a6a5-6cba-4e24-a8d7-1992b0adbe08&#8243; header_font=&#8221;Ubuntu|700|||||||&#8221; global_colors_info=&#8221;{}&#8221;]<\/p>\n<h1>Declara\u021biile Donau Soja \u0219i Europe Soya <\/h1>\n<p>[\/et_pb_text][\/et_pb_column][\/et_pb_row][\/et_pb_section][et_pb_section fb_built=&#8221;1&#8243; _builder_version=&#8221;4.16&#8243; _module_preset=&#8221;default&#8221; background_color=&#8221;#F6F1E8&#8243; custom_padding=&#8221;||3px|||&#8221; global_colors_info=&#8221;{}&#8221; da_is_popup=&#8221;off&#8221; da_exit_intent=&#8221;off&#8221; da_has_close=&#8221;on&#8221; da_alt_close=&#8221;off&#8221; da_dark_close=&#8221;off&#8221; da_not_modal=&#8221;on&#8221; da_is_singular=&#8221;off&#8221; da_with_loader=&#8221;off&#8221; da_has_shadow=&#8221;on&#8221; da_disable_devices=&#8221;off|off|off&#8221;][et_pb_row column_structure=&#8221;1_2,1_2&#8243; _builder_version=&#8221;4.16&#8243; _module_preset=&#8221;default&#8221; global_colors_info=&#8221;{}&#8221;][et_pb_column type=&#8221;1_2&#8243; _builder_version=&#8221;4.16&#8243; _module_preset=&#8221;default&#8221; global_colors_info=&#8221;{}&#8221;][et_pb_text _builder_version=&#8221;4.17.6&#8243; _module_preset=&#8221;77a7a6a5-6cba-4e24-a8d7-1992b0adbe08&#8243; global_colors_info=&#8221;{}&#8221;]<\/p>\n<h2>O viziune comun\u0103<\/h2>\n<p>Organiza\u021bia Donau Soja are parte de un sprijin enorm din partea comunit\u0103\u021bii politice: 15 guverne europene au semnat Declara\u021bia Donau Soja \u00eentre 2013 \u0219i 2015.<\/p>\n<p>Guvernele recunosc nevoia de valoare ad\u0103ugat\u0103 \u00een regiunea Dun\u0103rii \u0219i importan\u021ba consolid\u0103rii unei aprovizion\u0103ri de proteine europene \u00een mod independent.<\/p>\n<p>Declara\u021bia Europe Soya a fost semnat\u0103 \u00een ianuarie 2018. Aceast\u0103 declara\u021bie are ca scop s\u0103 stimuleze cultura european\u0103 de soia ca un pas c\u0103tre atingerea Obiectivelor de Dezvoltare Durabil\u0103 ale ONU. Elve\u021bia s-a al\u0103turat declara\u021biei \u00een ianuarie 2019, fiind deja \u00een total 19 \u021b\u0103ri care sus\u021bin Declara\u021bia Europe Soya.<\/p>\n<p>[\/et_pb_text][\/et_pb_column][et_pb_column type=&#8221;1_2&#8243; _builder_version=&#8221;4.16&#8243; _module_preset=&#8221;default&#8221; global_colors_info=&#8221;{}&#8221;][et_pb_image src=&#8221;https:\/\/www.donausoja.org\/wp-content\/uploads\/2022\/01\/ES-DS_declaration_1-1-1-1536&#215;1021-1.jpg&#8221; title_text=&#8221;ES-DS_declaration_1-1-1-1536&#215;1021&#8243; _builder_version=&#8221;4.16&#8243; _module_preset=&#8221;default&#8221; box_shadow_style=&#8221;preset1&#8243; box_shadow_blur=&#8221;10px&#8221; global_colors_info=&#8221;{}&#8221;][\/et_pb_image][\/et_pb_column][\/et_pb_row][\/et_pb_section][et_pb_section fb_built=&#8221;1&#8243; _builder_version=&#8221;4.16&#8243; _module_preset=&#8221;default&#8221; background_color=&#8221;rgba(246,241,232,0.8)&#8221; custom_padding=&#8221;||3px|||&#8221; global_colors_info=&#8221;{}&#8221; da_is_popup=&#8221;off&#8221; da_exit_intent=&#8221;off&#8221; da_has_close=&#8221;on&#8221; da_alt_close=&#8221;off&#8221; da_dark_close=&#8221;off&#8221; da_not_modal=&#8221;on&#8221; da_is_singular=&#8221;off&#8221; da_with_loader=&#8221;off&#8221; da_has_shadow=&#8221;on&#8221; da_disable_devices=&#8221;off|off|off&#8221;][et_pb_row _builder_version=&#8221;4.16&#8243; _module_preset=&#8221;default&#8221; background_color=&#8221;#F6F1E8&#8243; custom_padding=&#8221;20px|20px|20px|20px|false|false&#8221; global_colors_info=&#8221;{}&#8221;][et_pb_column type=&#8221;4_4&#8243; _builder_version=&#8221;4.16&#8243; _module_preset=&#8221;default&#8221; global_colors_info=&#8221;{}&#8221;][et_pb_text _builder_version=&#8221;4.17.6&#8243; _module_preset=&#8221;77a7a6a5-6cba-4e24-a8d7-1992b0adbe08&#8243; global_colors_info=&#8221;{}&#8221;]<\/p>\n<h2>24 DE MINI\u0218TRI AI AGRICULTURII DIN EUROPA AU SEMNAT DECLARA\u021aIA DONAU SOIA SAU DECLARA\u021aIA EUROPE SOYA<\/h2>\n<p>&#8211;<\/p>\n<p>[\/et_pb_text][et_pb_gallery gallery_ids=&#8221;7326,7328,7330,7332,7334,7336,7338,7340,7342,7344,7346,7348,7350,7352,7354,7356,7358,7360,7362,7364,7366,7371,7374,7376&#8243; posts_number=&#8221;40&#8243; orientation=&#8221;portrait&#8221; show_pagination=&#8221;off&#8221; _builder_version=&#8221;4.17.6&#8243; _module_preset=&#8221;default&#8221; title_text_color=&#8221;#3C3C3C&#8221; caption_text_color=&#8221;#3C3C3C&#8221; global_colors_info=&#8221;{}&#8221;][\/et_pb_gallery][\/et_pb_column][\/et_pb_row][et_pb_row disabled_on=&#8221;on|on|on&#8221; _builder_version=&#8221;4.16&#8243; _module_preset=&#8221;default&#8221; background_color=&#8221;#F6F1E8&#8243; custom_padding=&#8221;20px|20px|20px|20px|false|false&#8221; disabled=&#8221;on&#8221; global_colors_info=&#8221;{}&#8221;][et_pb_column type=&#8221;4_4&#8243; _builder_version=&#8221;4.16&#8243; _module_preset=&#8221;default&#8221; global_colors_info=&#8221;{}&#8221;][et_pb_text _builder_version=&#8221;4.16.0&#8243; _module_preset=&#8221;77a7a6a5-6cba-4e24-a8d7-1992b0adbe08&#8243; global_colors_info=&#8221;{}&#8221;]<\/p>\n<h2 class=\"elementor-heading-title elementor-size-large\">24 MINISTERS OF AGRICULTURE IN EUROPE SIGNED THE DONAU SOJA DECLARATION OR THE EUROPE SOYA DECLARATION<\/h2>\n<p>&#8211;<\/p>\n<p>[\/et_pb_text][et_pb_gallery gallery_ids=&#8221;898,899,900,901,902,904,905,906,907,908,909,910,911,912,913,914,915,916,917,918,919,920,921,922&#8243; posts_number=&#8221;40&#8243; orientation=&#8221;portrait&#8221; show_pagination=&#8221;off&#8221; _builder_version=&#8221;4.16&#8243; _module_preset=&#8221;default&#8221; title_text_color=&#8221;#3C3C3C&#8221; caption_text_color=&#8221;#3C3C3C&#8221; global_colors_info=&#8221;{}&#8221;][\/et_pb_gallery][\/et_pb_column][\/et_pb_row][\/et_pb_section][et_pb_section fb_built=&#8221;1&#8243; _builder_version=&#8221;4.16&#8243; _module_preset=&#8221;default&#8221; background_color=&#8221;#C5DB9B&#8221; global_colors_info=&#8221;{}&#8221; da_is_popup=&#8221;off&#8221; da_exit_intent=&#8221;off&#8221; da_has_close=&#8221;on&#8221; da_alt_close=&#8221;off&#8221; da_dark_close=&#8221;off&#8221; da_not_modal=&#8221;on&#8221; da_is_singular=&#8221;off&#8221; da_with_loader=&#8221;off&#8221; da_has_shadow=&#8221;on&#8221; da_disable_devices=&#8221;off|off|off&#8221;][et_pb_row _builder_version=&#8221;4.16&#8243; _module_preset=&#8221;default&#8221; background_color=&#8221;#F6F1E8&#8243; global_colors_info=&#8221;{}&#8221;][et_pb_column type=&#8221;4_4&#8243; _builder_version=&#8221;4.16&#8243; _module_preset=&#8221;default&#8221; global_colors_info=&#8221;{}&#8221;][et_pb_text admin_label=&#8221;Text&#8221; _builder_version=&#8221;4.17.6&#8243; _module_preset=&#8221;77a7a6a5-6cba-4e24-a8d7-1992b0adbe08&#8243; custom_padding=&#8221;20px|20px||20px|false|false&#8221; global_colors_info=&#8221;{}&#8221;]<\/p>\n<h2>DECLARA\u021aIA DONAU SOJA <\/h2>\n<h2>&#8211;<\/h2>\n<p>[\/et_pb_text][\/et_pb_column][\/et_pb_row][et_pb_row column_structure=&#8221;1_2,1_2&#8243; _builder_version=&#8221;4.16&#8243; _module_preset=&#8221;default&#8221; background_color=&#8221;#F6F1E8&#8243; global_colors_info=&#8221;{}&#8221;][et_pb_column type=&#8221;1_2&#8243; _builder_version=&#8221;4.16&#8243; _module_preset=&#8221;default&#8221; global_colors_info=&#8221;{}&#8221;][et_pb_text admin_label=&#8221;Text&#8221; _builder_version=&#8221;4.17.6&#8243; _module_preset=&#8221;77a7a6a5-6cba-4e24-a8d7-1992b0adbe08&#8243; custom_padding=&#8221;0px|||20px|false|false&#8221; global_colors_info=&#8221;{}&#8221;]<em>Ucraina, Croa\u021bia, Serbia, Elve\u021bia, Bosnia \u0219i Her\u021begovina, Republica Srpska, Ungaria, Bulgaria, Slovenia, Slovacia, Rom\u00e2nia, Polonia, Moldova, Germania \u0219i Austria coopereaz\u0103 \u00een programul Donau Soja pentru a consolida lan\u021bul valoric \u00een regiunea Dun\u0103rii \u0219i s\u0103 creeze o aprovizionare de proteine europene \u00een mod independent. Scopul este de a promova cultivarea soiei ca parte a circula\u021biei durabile a culturilor.<\/em><\/p>\n<p><a href=\"https:\/\/www.donausoja.org\/wp-content\/uploads\/2022\/01\/DS_Declaration_DE.pdf\" target=\"_blank\" rel=\"noopener\">G\u0103si\u021bi aici Declara\u021bia Donau Soja semnat\u0103.<\/a><\/p>\n<p>&nbsp;<\/p>\n<p><strong>Signatures:<\/strong><\/p>\n<p><strong>2015<\/strong><\/p>\n<p style=\"padding-left: 40px;\">Ucraina, viceministru Vladislava Rutytska<br \/>\nSlovacia, secretar de stat Magdal\u00e9na Lacko-Barto\u0161ov\u00e1\n<\/p>\n<p><strong>2014<\/strong><\/p>\n<p style=\"padding-left: 40px;\">Moldova, ministru Vasile Bumacov<br \/>\nPolonia, ministru Stanis\u0142aw Kalemba\n<\/p>\n<p><strong>2013<\/strong><\/p>\n<p style=\"padding-left: 40px;\">Bulgaria, viceministru Byurhan Abazov<br \/>\nRom\u00e2nia, secretar de stat Achim Irimescu<br \/>\nCroa\u021bia, ministru Tihomir Jakovina<br \/>\nAustria, ministru federal Nikolaus Berlakovich<br \/>\nElve\u021bia, secretar de stat Bernard Lehmann<br \/>\nSerbia, secretar de stat Danilo Golubovi\u0107<br \/>\nSlovenia, ministru Franc Bogovi\u010d<br \/>\nUngaria, secretar de stat Gy\u00f6rgy Czerv\u00e1n<br \/>\nBosnia \u0219i Her\u021begovina, viceprim-ministru Jerko Ivankovi\u0107-Lijanovi\u0107<br \/>\nRepublica Srpska, Bosnia \u0219i Her\u021begovina, consilier ministerial Miljan Erbez<br \/>\nGermania, ministrul bavarez al agriculturii Helmut Brunner\n<\/p>\n<p>[\/et_pb_text][\/et_pb_column][et_pb_column type=&#8221;1_2&#8243; _builder_version=&#8221;4.16&#8243; _module_preset=&#8221;default&#8221; global_colors_info=&#8221;{}&#8221;][et_pb_image src=&#8221;https:\/\/www.donausoja.org\/wp-content\/uploads\/2022\/01\/ds_declaration_new-1536&#215;1022-1.jpg&#8221; title_text=&#8221;ds_declaration_new-1536&#215;1022&#8243; _builder_version=&#8221;4.16&#8243; _module_preset=&#8221;default&#8221; custom_padding=&#8221;|20px|||false|false&#8221; box_shadow_style=&#8221;preset1&#8243; box_shadow_blur=&#8221;10px&#8221; global_colors_info=&#8221;{}&#8221;][\/et_pb_image][\/et_pb_column][\/et_pb_row][\/et_pb_section][et_pb_section fb_built=&#8221;1&#8243; _builder_version=&#8221;4.16&#8243; _module_preset=&#8221;default&#8221; background_color=&#8221;rgba(246,241,232,0.8)&#8221; custom_padding=&#8221;||5px|||&#8221; global_colors_info=&#8221;{}&#8221; da_is_popup=&#8221;off&#8221; da_exit_intent=&#8221;off&#8221; da_has_close=&#8221;on&#8221; da_alt_close=&#8221;off&#8221; da_dark_close=&#8221;off&#8221; da_not_modal=&#8221;on&#8221; da_is_singular=&#8221;off&#8221; da_with_loader=&#8221;off&#8221; da_has_shadow=&#8221;on&#8221; da_disable_devices=&#8221;off|off|off&#8221;][et_pb_row _builder_version=&#8221;4.16&#8243; _module_preset=&#8221;default&#8221; background_color=&#8221;#F6F1E8&#8243; custom_padding=&#8221;|20px|0px|20px|false|false&#8221; global_colors_info=&#8221;{}&#8221;][et_pb_column type=&#8221;4_4&#8243; _builder_version=&#8221;4.16&#8243; _module_preset=&#8221;default&#8221; global_colors_info=&#8221;{}&#8221;][et_pb_text _builder_version=&#8221;4.17.6&#8243; _module_preset=&#8221;77a7a6a5-6cba-4e24-a8d7-1992b0adbe08&#8243; custom_padding=&#8221;20px|20px||0px|false|false&#8221; custom_padding_tablet=&#8221;20px|20px||0px|false|false&#8221; custom_padding_phone=&#8221;20px|20px||0px|false|false&#8221; custom_padding_last_edited=&#8221;on|tablet&#8221; global_colors_info=&#8221;{}&#8221;]<\/p>\n<h2>DECLARA\u021aIA EUROPE SOYA <\/h2>\n<h2>&#8211;<\/h2>\n<p>[\/et_pb_text][\/et_pb_column][\/et_pb_row][et_pb_row column_structure=&#8221;1_2,1_2&#8243; _builder_version=&#8221;4.16&#8243; _module_preset=&#8221;default&#8221; background_color=&#8221;#F6F1E8&#8243; custom_padding=&#8221;0px|20px||20px|false|false&#8221; global_colors_info=&#8221;{}&#8221;][et_pb_column type=&#8221;1_2&#8243; _builder_version=&#8221;4.16&#8243; _module_preset=&#8221;default&#8221; global_colors_info=&#8221;{}&#8221;][et_pb_text _builder_version=&#8221;4.17.6&#8243; _module_preset=&#8221;77a7a6a5-6cba-4e24-a8d7-1992b0adbe08&#8243; global_colors_info=&#8221;{}&#8221;]<\/p>\n<div class=\"elementor-element elementor-element-cceea69 elementor-widget elementor-widget-text-editor\" data-id=\"cceea69\" data-element_type=\"widget\" data-widget_type=\"text-editor.default\">\n<div class=\"elementor-widget-container\">\n<div class=\"elementor-text-editor elementor-clearfix\">\n<p>\u200b<\/p>\n<p><a href=\"https:\/\/www.donausoja.org\/wp-content\/uploads\/2022\/01\/joined-declaration.pdf\" target=\"_blank\" rel=\"noopener\">G\u0103si\u021bi aici Declara\u021bia Europe Soya semnat\u0103.<\/a><\/p>\n<\/div>\n<\/div>\n<\/div>\n<div class=\"elementor-element elementor-element-e6712fe elementor-widget elementor-widget-text-editor\" data-id=\"e6712fe\" data-element_type=\"widget\" data-widget_type=\"text-editor.default\">\n<div class=\"elementor-widget-container\">\n<div class=\"elementor-text-editor elementor-clearfix\">\n<p><strong>Semn\u0103tura:<\/strong><\/p>\n<p><strong>2019<\/strong><\/p>\n<p style=\"padding-left: 40px;\">Elve\u021bia, Guy Parmelin<\/p>\n<p><strong>2018<\/strong><\/p>\n<p style=\"padding-left: 40px;\">Kosovo, Nenad Rikalo<br \/>\nMoldova, Iurie Usurelu<br \/>\nMacedonia, Ljupco Nikolovski<br \/>\nMontenegro, Milutin Simovic\n<\/p>\n<p><strong>2017<\/strong><\/p>\n<p style=\"padding-left: 40px;\">Germania, Christian Schmidt<br \/>\nItalia, Maurizio Martina<br \/>\nRomania, Danut Alexandru Potor<br \/>\nLuxemburg, Fernand Etgen<br \/>\nSlovacia, Gabriel Csicsai<br \/>\nUngaria, Dr S\u00e1ndor Fazekas<br \/>\nFran\u021ba, St\u00e9phane Travert<br \/>\nFinlanda, Jari Lepp\u00e4<br \/>\nPolonia, Ryszard Zarudzki<br \/>\nSlovenia, Dejan \u017didan<br \/>\nOlanda, Aldrik Gierveld<br \/>\nAustria Andr\u00e4 Rupprechter<br \/>\nGrecia, Evangelos Apostolou<br \/>\nCroa\u021bia, Tomislav Tolu\u0161i\u0107\n<\/p>\n<\/div>\n<\/div>\n<\/div>\n<p>[\/et_pb_text][\/et_pb_column][et_pb_column type=&#8221;1_2&#8243; _builder_version=&#8221;4.16&#8243; _module_preset=&#8221;default&#8221; global_colors_info=&#8221;{}&#8221;][et_pb_image src=&#8221;https:\/\/www.donausoja.org\/wp-content\/uploads\/2022\/01\/ES-DS_declaration_1-2-1-1536&#215;1025-1.jpg&#8221; title_text=&#8221;ES-DS_declaration_1-2-1-1536&#215;1025&#8243; _builder_version=&#8221;4.16&#8243; _module_preset=&#8221;default&#8221; custom_padding=&#8221;|20px|||false|false&#8221; box_shadow_style=&#8221;preset1&#8243; box_shadow_blur=&#8221;10px&#8221; global_colors_info=&#8221;{}&#8221;][\/et_pb_image][\/et_pb_column][\/et_pb_row][et_pb_row _builder_version=&#8221;4.16&#8243; _module_preset=&#8221;default&#8221; global_colors_info=&#8221;{}&#8221;][et_pb_column type=&#8221;4_4&#8243; _builder_version=&#8221;4.16&#8243; _module_preset=&#8221;default&#8221; global_colors_info=&#8221;{}&#8221;][et_pb_text _builder_version=&#8221;4.21.0&#8243; _module_preset=&#8221;77a7a6a5-6cba-4e24-a8d7-1992b0adbe08&#8243; text_text_color=&#8221;#76B82A&#8221; custom_margin=&#8221;||0px|20px|false|false&#8221; link_option_url=&#8221;https:\/\/www.donausoja.org\/ro\/organizare\/strategia_de_proteina_donau_soja\/&#8221; locked=&#8221;off&#8221; global_colors_info=&#8221;{}&#8221;]<\/p>\n<p style=\"text-align: right;\"><a href=\"https:\/\/www.donausoja.org\/ro\/organizare\/strategia_de_proteina_donau_soja\/\"><strong>Continua\u021bi la Strategia de proteine Donau Soja \u00bb<\/strong><\/a><\/p>\n<p>[\/et_pb_text][\/et_pb_column][\/et_pb_row][\/et_pb_section]<\/p>\n","protected":false},"excerpt":{"rendered":"<p>Declara\u021biile Donau Soja \u0219i Europe Soya O viziune comun\u0103 Organiza\u021bia Donau Soja are parte de un sprijin enorm din partea comunit\u0103\u021bii politice: 15 guverne europene au semnat Declara\u021bia Donau Soja \u00eentre 2013 \u0219i 2015. Guvernele recunosc nevoia de valoare ad\u0103ugat\u0103 \u00een regiunea Dun\u0103rii \u0219i importan\u021ba consolid\u0103rii unei aprovizion\u0103ri de proteine europene \u00een mod independent. Declara\u021bia [&hellip;]<\/p>\n","protected":false},"author":2,"featured_media":239,"parent":19834,"menu_order":0,"comment_status":"open","ping_status":"open","template":"","meta":{"_et_pb_use_builder":"on","_et_pb_old_content":"","_et_gb_content_width":"","footnotes":""},"class_list":["post-19841","page","type-page","status-publish","has-post-thumbnail","hentry"],"yoast_head":"<!-- This site is optimized with the Yoast SEO plugin v27.4 - https:\/\/yoast.com\/product\/yoast-seo-wordpress\/ -->\n<title>Declara\u021biile Donau Soja \u0219i Europe Soya - Donau Soja<\/title>\n<meta name=\"description\" content=\"Donau Soja are parte de un sprijin larg din partea comunit\u0103\u021bii politice: 15 guverne europene au semnat Declara\u021bia Donau Soja \u00eentre 2013 \u0219i 2015.\" \/>\n<meta name=\"robots\" content=\"index, follow, max-snippet:-1, max-image-preview:large, max-video-preview:-1\" \/>\n<link rel=\"canonical\" href=\"https:\/\/www.donausoja.org\/ro\/organizatia\/declaratiile-donau-soja-si-europe-oya\/\" \/>\n<meta property=\"og:locale\" content=\"ro_RO\" \/>\n<meta property=\"og:type\" content=\"article\" \/>\n<meta property=\"og:title\" content=\"Declara\u021biile Donau Soja \u0219i Europe Soya - Donau Soja\" \/>\n<meta property=\"og:description\" content=\"Donau Soja are parte de un sprijin larg din partea comunit\u0103\u021bii politice: 15 guverne europene au semnat Declara\u021bia Donau Soja \u00eentre 2013 \u0219i 2015.\" \/>\n<meta property=\"og:url\" content=\"https:\/\/www.donausoja.org\/ro\/organizatia\/declaratiile-donau-soja-si-europe-oya\/\" \/>\n<meta property=\"og:site_name\" content=\"Donau Soja\" \/>\n<meta property=\"article:modified_time\" content=\"2024-10-01T07:44:46+00:00\" \/>\n<meta property=\"og:image\" content=\"https:\/\/www.donausoja.org\/wp-content\/uploads\/2022\/01\/ES-DS_declaration_1-1-1-1536x1021-1.jpg\" \/>\n\t<meta property=\"og:image:width\" content=\"1536\" \/>\n\t<meta property=\"og:image:height\" content=\"1021\" \/>\n\t<meta property=\"og:image:type\" content=\"image\/jpeg\" \/>\n<meta name=\"twitter:card\" content=\"summary_large_image\" \/>\n<meta name=\"twitter:label1\" content=\"Timp estimat pentru citire\" \/>\n\t<meta name=\"twitter:data1\" content=\"8 minute\" \/>\n<script type=\"application\/ld+json\" class=\"yoast-schema-graph\">{\"@context\":\"https:\\\/\\\/schema.org\",\"@graph\":[{\"@type\":\"WebPage\",\"@id\":\"https:\\\/\\\/www.donausoja.org\\\/ro\\\/organizatia\\\/declaratiile-donau-soja-si-europe-oya\\\/\",\"url\":\"https:\\\/\\\/www.donausoja.org\\\/ro\\\/organizatia\\\/declaratiile-donau-soja-si-europe-oya\\\/\",\"name\":\"Declara\u021biile Donau Soja \u0219i Europe Soya - Donau Soja\",\"isPartOf\":{\"@id\":\"https:\\\/\\\/www.donausoja.org\\\/ro\\\/#website\"},\"primaryImageOfPage\":{\"@id\":\"https:\\\/\\\/www.donausoja.org\\\/ro\\\/organizatia\\\/declaratiile-donau-soja-si-europe-oya\\\/#primaryimage\"},\"image\":{\"@id\":\"https:\\\/\\\/www.donausoja.org\\\/ro\\\/organizatia\\\/declaratiile-donau-soja-si-europe-oya\\\/#primaryimage\"},\"thumbnailUrl\":\"https:\\\/\\\/www.donausoja.org\\\/wp-content\\\/uploads\\\/2022\\\/01\\\/ES-DS_declaration_1-1-1-1536x1021-1.jpg\",\"datePublished\":\"2022-01-20T19:34:39+00:00\",\"dateModified\":\"2024-10-01T07:44:46+00:00\",\"description\":\"Donau Soja are parte de un sprijin larg din partea comunit\u0103\u021bii politice: 15 guverne europene au semnat Declara\u021bia Donau Soja \u00eentre 2013 \u0219i 2015.\",\"breadcrumb\":{\"@id\":\"https:\\\/\\\/www.donausoja.org\\\/ro\\\/organizatia\\\/declaratiile-donau-soja-si-europe-oya\\\/#breadcrumb\"},\"inLanguage\":\"ro-RO\",\"potentialAction\":[{\"@type\":\"ReadAction\",\"target\":[\"https:\\\/\\\/www.donausoja.org\\\/ro\\\/organizatia\\\/declaratiile-donau-soja-si-europe-oya\\\/\"]}]},{\"@type\":\"ImageObject\",\"inLanguage\":\"ro-RO\",\"@id\":\"https:\\\/\\\/www.donausoja.org\\\/ro\\\/organizatia\\\/declaratiile-donau-soja-si-europe-oya\\\/#primaryimage\",\"url\":\"https:\\\/\\\/www.donausoja.org\\\/wp-content\\\/uploads\\\/2022\\\/01\\\/ES-DS_declaration_1-1-1-1536x1021-1.jpg\",\"contentUrl\":\"https:\\\/\\\/www.donausoja.org\\\/wp-content\\\/uploads\\\/2022\\\/01\\\/ES-DS_declaration_1-1-1-1536x1021-1.jpg\",\"width\":1536,\"height\":1021},{\"@type\":\"BreadcrumbList\",\"@id\":\"https:\\\/\\\/www.donausoja.org\\\/ro\\\/organizatia\\\/declaratiile-donau-soja-si-europe-oya\\\/#breadcrumb\",\"itemListElement\":[{\"@type\":\"ListItem\",\"position\":1,\"name\":\"Home\",\"item\":\"https:\\\/\\\/www.donausoja.org\\\/ro\\\/\"},{\"@type\":\"ListItem\",\"position\":2,\"name\":\"Organiza\u021bia\",\"item\":\"https:\\\/\\\/www.donausoja.org\\\/ro\\\/organizatia\\\/\"},{\"@type\":\"ListItem\",\"position\":3,\"name\":\"Declara\u021biile Donau Soja \u0219i Europe Soya\"}]},{\"@type\":\"WebSite\",\"@id\":\"https:\\\/\\\/www.donausoja.org\\\/ro\\\/#website\",\"url\":\"https:\\\/\\\/www.donausoja.org\\\/ro\\\/\",\"name\":\"Donau Soja\",\"description\":\"Together for a European Protein Supply: Regional. Sustainable. Non-GM.\",\"potentialAction\":[{\"@type\":\"SearchAction\",\"target\":{\"@type\":\"EntryPoint\",\"urlTemplate\":\"https:\\\/\\\/www.donausoja.org\\\/ro\\\/?s={search_term_string}\"},\"query-input\":{\"@type\":\"PropertyValueSpecification\",\"valueRequired\":true,\"valueName\":\"search_term_string\"}}],\"inLanguage\":\"ro-RO\"}]}<\/script>\n<!-- \/ Yoast SEO plugin. -->","yoast_head_json":{"title":"Declara\u021biile Donau Soja \u0219i Europe Soya - Donau Soja","description":"Donau Soja are parte de un sprijin larg din partea comunit\u0103\u021bii politice: 15 guverne europene au semnat Declara\u021bia Donau Soja \u00eentre 2013 \u0219i 2015.","robots":{"index":"index","follow":"follow","max-snippet":"max-snippet:-1","max-image-preview":"max-image-preview:large","max-video-preview":"max-video-preview:-1"},"canonical":"https:\/\/www.donausoja.org\/ro\/organizatia\/declaratiile-donau-soja-si-europe-oya\/","og_locale":"ro_RO","og_type":"article","og_title":"Declara\u021biile Donau Soja \u0219i Europe Soya - Donau Soja","og_description":"Donau Soja are parte de un sprijin larg din partea comunit\u0103\u021bii politice: 15 guverne europene au semnat Declara\u021bia Donau Soja \u00eentre 2013 \u0219i 2015.","og_url":"https:\/\/www.donausoja.org\/ro\/organizatia\/declaratiile-donau-soja-si-europe-oya\/","og_site_name":"Donau Soja","article_modified_time":"2024-10-01T07:44:46+00:00","og_image":[{"width":1536,"height":1021,"url":"https:\/\/www.donausoja.org\/wp-content\/uploads\/2022\/01\/ES-DS_declaration_1-1-1-1536x1021-1.jpg","type":"image\/jpeg"}],"twitter_card":"summary_large_image","twitter_misc":{"Timp estimat pentru citire":"8 minute"},"schema":{"@context":"https:\/\/schema.org","@graph":[{"@type":"WebPage","@id":"https:\/\/www.donausoja.org\/ro\/organizatia\/declaratiile-donau-soja-si-europe-oya\/","url":"https:\/\/www.donausoja.org\/ro\/organizatia\/declaratiile-donau-soja-si-europe-oya\/","name":"Declara\u021biile Donau Soja \u0219i Europe Soya - Donau Soja","isPartOf":{"@id":"https:\/\/www.donausoja.org\/ro\/#website"},"primaryImageOfPage":{"@id":"https:\/\/www.donausoja.org\/ro\/organizatia\/declaratiile-donau-soja-si-europe-oya\/#primaryimage"},"image":{"@id":"https:\/\/www.donausoja.org\/ro\/organizatia\/declaratiile-donau-soja-si-europe-oya\/#primaryimage"},"thumbnailUrl":"https:\/\/www.donausoja.org\/wp-content\/uploads\/2022\/01\/ES-DS_declaration_1-1-1-1536x1021-1.jpg","datePublished":"2022-01-20T19:34:39+00:00","dateModified":"2024-10-01T07:44:46+00:00","description":"Donau Soja are parte de un sprijin larg din partea comunit\u0103\u021bii politice: 15 guverne europene au semnat Declara\u021bia Donau Soja \u00eentre 2013 \u0219i 2015.","breadcrumb":{"@id":"https:\/\/www.donausoja.org\/ro\/organizatia\/declaratiile-donau-soja-si-europe-oya\/#breadcrumb"},"inLanguage":"ro-RO","potentialAction":[{"@type":"ReadAction","target":["https:\/\/www.donausoja.org\/ro\/organizatia\/declaratiile-donau-soja-si-europe-oya\/"]}]},{"@type":"ImageObject","inLanguage":"ro-RO","@id":"https:\/\/www.donausoja.org\/ro\/organizatia\/declaratiile-donau-soja-si-europe-oya\/#primaryimage","url":"https:\/\/www.donausoja.org\/wp-content\/uploads\/2022\/01\/ES-DS_declaration_1-1-1-1536x1021-1.jpg","contentUrl":"https:\/\/www.donausoja.org\/wp-content\/uploads\/2022\/01\/ES-DS_declaration_1-1-1-1536x1021-1.jpg","width":1536,"height":1021},{"@type":"BreadcrumbList","@id":"https:\/\/www.donausoja.org\/ro\/organizatia\/declaratiile-donau-soja-si-europe-oya\/#breadcrumb","itemListElement":[{"@type":"ListItem","position":1,"name":"Home","item":"https:\/\/www.donausoja.org\/ro\/"},{"@type":"ListItem","position":2,"name":"Organiza\u021bia","item":"https:\/\/www.donausoja.org\/ro\/organizatia\/"},{"@type":"ListItem","position":3,"name":"Declara\u021biile Donau Soja \u0219i Europe Soya"}]},{"@type":"WebSite","@id":"https:\/\/www.donausoja.org\/ro\/#website","url":"https:\/\/www.donausoja.org\/ro\/","name":"Donau Soja","description":"Together for a European Protein Supply: Regional. Sustainable. Non-GM.","potentialAction":[{"@type":"SearchAction","target":{"@type":"EntryPoint","urlTemplate":"https:\/\/www.donausoja.org\/ro\/?s={search_term_string}"},"query-input":{"@type":"PropertyValueSpecification","valueRequired":true,"valueName":"search_term_string"}}],"inLanguage":"ro-RO"}]}},"_links":{"self":[{"href":"https:\/\/www.donausoja.org\/ro\/wp-json\/wp\/v2\/pages\/19841","targetHints":{"allow":["GET"]}}],"collection":[{"href":"https:\/\/www.donausoja.org\/ro\/wp-json\/wp\/v2\/pages"}],"about":[{"href":"https:\/\/www.donausoja.org\/ro\/wp-json\/wp\/v2\/types\/page"}],"author":[{"embeddable":true,"href":"https:\/\/www.donausoja.org\/ro\/wp-json\/wp\/v2\/users\/2"}],"replies":[{"embeddable":true,"href":"https:\/\/www.donausoja.org\/ro\/wp-json\/wp\/v2\/comments?post=19841"}],"version-history":[{"count":1,"href":"https:\/\/www.donausoja.org\/ro\/wp-json\/wp\/v2\/pages\/19841\/revisions"}],"predecessor-version":[{"id":48445,"href":"https:\/\/www.donausoja.org\/ro\/wp-json\/wp\/v2\/pages\/19841\/revisions\/48445"}],"up":[{"embeddable":true,"href":"https:\/\/www.donausoja.org\/ro\/wp-json\/wp\/v2\/pages\/19834"}],"wp:featuredmedia":[{"embeddable":true,"href":"https:\/\/www.donausoja.org\/ro\/wp-json\/wp\/v2\/media\/239"}],"wp:attachment":[{"href":"https:\/\/www.donausoja.org\/ro\/wp-json\/wp\/v2\/media?parent=19841"}],"curies":[{"name":"wp","href":"https:\/\/api.w.org\/{rel}","templated":true}]}}