
{"version":"1.0","provider_name":"Donau Soja","provider_url":"https:\/\/www.donausoja.org\/ro\/","author_name":"Georg Spreitzer","author_url":"https:\/\/www.donausoja.org\/ro\/author\/gspreitzer\/","title":"Donau Soja a s\u0103rb\u0103torit aniversarea de 10 ani cu o conferin\u021b\u0103 festiv\u0103 de dou\u0103 zile la Viena - Donau Soja","type":"rich","width":600,"height":338,"html":"<blockquote class=\"wp-embedded-content\" data-secret=\"Ji3hAsmnen\"><a href=\"https:\/\/www.donausoja.org\/ro\/donau-soja-celebreaza-aniversarea-de-10-ani\/\">Donau Soja a s\u0103rb\u0103torit aniversarea de 10 ani cu o conferin\u021b\u0103 festiv\u0103 de dou\u0103 zile la Viena<\/a><\/blockquote><iframe sandbox=\"allow-scripts\" security=\"restricted\" src=\"https:\/\/www.donausoja.org\/ro\/donau-soja-celebreaza-aniversarea-de-10-ani\/embed\/#?secret=Ji3hAsmnen\" width=\"600\" height=\"338\" title=\"&#8222;Donau Soja a s\u0103rb\u0103torit aniversarea de 10 ani cu o conferin\u021b\u0103 festiv\u0103 de dou\u0103 zile la Viena&#8221; &#8211; Donau Soja\" data-secret=\"Ji3hAsmnen\" frameborder=\"0\" marginwidth=\"0\" marginheight=\"0\" scrolling=\"no\" class=\"wp-embedded-content\"><\/iframe><script type=\"text\/javascript\">\n\/* <![CDATA[ *\/\n\/*! This file is auto-generated *\/\n!function(d,l){\"use strict\";l.querySelector&&d.addEventListener&&\"undefined\"!=typeof URL&&(d.wp=d.wp||{},d.wp.receiveEmbedMessage||(d.wp.receiveEmbedMessage=function(e){var t=e.data;if((t||t.secret||t.message||t.value)&&!\/[^a-zA-Z0-9]\/.test(t.secret)){for(var s,r,n,a=l.querySelectorAll('iframe[data-secret=\"'+t.secret+'\"]'),o=l.querySelectorAll('blockquote[data-secret=\"'+t.secret+'\"]'),c=new RegExp(\"^https?:$\",\"i\"),i=0;i<o.length;i++)o[i].style.display=\"none\";for(i=0;i<a.length;i++)s=a[i],e.source===s.contentWindow&&(s.removeAttribute(\"style\"),\"height\"===t.message?(1e3<(r=parseInt(t.value,10))?r=1e3:~~r<200&&(r=200),s.height=r):\"link\"===t.message&&(r=new URL(s.getAttribute(\"src\")),n=new URL(t.value),c.test(n.protocol))&&n.host===r.host&&l.activeElement===s&&(d.top.location.href=t.value))}},d.addEventListener(\"message\",d.wp.receiveEmbedMessage,!1),l.addEventListener(\"DOMContentLoaded\",function(){for(var e,t,s=l.querySelectorAll(\"iframe.wp-embedded-content\"),r=0;r<s.length;r++)(t=(e=s[r]).getAttribute(\"data-secret\"))||(t=Math.random().toString(36).substring(2,12),e.src+=\"#?secret=\"+t,e.setAttribute(\"data-secret\",t)),e.contentWindow.postMessage({message:\"ready\",secret:t},\"*\")},!1)))}(window,document);\n\/\/# sourceURL=https:\/\/www.donausoja.org\/wp-includes\/js\/wp-embed.min.js\n\/* ]]> *\/\n<\/script>\n","thumbnail_url":"https:\/\/www.donausoja.org\/wp-content\/uploads\/2022\/10\/DSC01281-scaled.jpg","thumbnail_width":2560,"thumbnail_height":1707,"description":"Vienna - Donau Soja conecteaz\u0103 Europa bob cu bob \u0219i face acest lucru din 2012. \"Am vrut s\u0103 \u00eenfiin\u021b\u0103m o asocia\u021bie de companii progresiste, cu implicarea societ\u0103\u021bii civile, cu scopul unei tranzi\u021bii europene a proteinelor\", \u00ee\u0219i aminte\u0219te pre\u0219edintele Donau Soja, Matthias Kr\u00f6n, despre primele zile. \u00cen urm\u0103 cu zece ani, nativul din Salzburg\/Austria a fondat organiza\u021bia Donau Soja \u00eempreun\u0103 cu persoane angajate care \u00eemp\u0103rt\u0103\u0219esc acelea\u0219i idei. Marea sarcin\u0103: tranzi\u021bia european\u0103 a proteinelor \u0219i, ca prim pas, schimbarea lan\u021bului valoric al soiei. Cu o mare conferin\u021b\u0103 festiv\u0103 la 29 \u0219i 30 septembrie 2022, Donau Soja \u0219i-a s\u0103rb\u0103torit primii zece ani \u0219i zorii unei noi etichete europene de cultur\u0103 multipl\u0103 la Hotel InterContinental din Viena."}